{"id":14,"date":"2024-07-24T11:38:31","date_gmt":"2024-07-24T09:38:31","guid":{"rendered":"https:\/\/kirkensbymisjon.no\/tilbud-aktivitetskafe\/?page_id=14"},"modified":"2024-11-13T13:31:19","modified_gmt":"2024-11-13T12:31:19","slug":"ny-start","status":"publish","type":"page","link":"https:\/\/kirkensbymisjon.no\/tilbud-aktivitetskafe\/ny-start\/","title":{"rendered":"Ny start"},"content":{"rendered":"\n<p>\u00abNy start\u00bb er et tilbud under aktivitetskafeen. Vi tror p\u00e5 et arbeidsliv for alle, uavhengig av diagnose, rusbruk eller fortid.<\/p>\n\n\n\n<p>Vi jobber hele tiden med et hovedm\u00e5l om at hver enkelt deltaker skal ut i ordin\u00e6rt arbeid. Veien dit er fleksibel og individuelt tilpasset, ofte i en kombinasjon av veiledning, arbeidspraksis eller utdannelse. Vi fokuserer p\u00e5 muligheter, ikke p\u00e5 begrensninger.<\/p>\n\n\n\n<figure class=\"wp-block-image size-full\"><img loading=\"lazy\" decoding=\"async\" width=\"1000\" height=\"500\" src=\"https:\/\/kirkensbymisjon.no\/content\/uploads\/sites\/80\/2024\/08\/tilbud_Aktivitetskafe_ny-start.jpeg\" alt=\"Unge deltakere\" class=\"wp-image-83\" srcset=\"https:\/\/kirkensbymisjon.no\/content\/uploads\/sites\/80\/2024\/08\/tilbud_Aktivitetskafe_ny-start.jpeg 1000w, https:\/\/kirkensbymisjon.no\/content\/uploads\/sites\/80\/2024\/08\/tilbud_Aktivitetskafe_ny-start-300x150.jpeg 300w, https:\/\/kirkensbymisjon.no\/content\/uploads\/sites\/80\/2024\/08\/tilbud_Aktivitetskafe_ny-start-768x384.jpeg 768w\" sizes=\"auto, (max-width: 1000px) 100vw, 1000px\" \/><\/figure>\n\n\n\n<p>Veien til ordin\u00e6rt arbeid kan for mange v\u00e6re lang grunnet eksempelvis hull i <br>CV-en, manglende referanser, ufullstendig\/manglende skolegang eller liten arbeidserfaring.<\/p>\n\n\n\t<div class=\"layout-1 wp-block-kbm-testimonials\">\n\t\t<div class=\"kbm-testimonials__inner\">\n\t\t\t<div class=\"swiper\">\n\t\t\t\t<div class=\"swiper-wrapper\">\n\t\t\t\t\t\n\t<div class=\"wp-block-kbm-testimonial-item swiper-slide\">\n\t\t\t\t\t<div class=\"kbm-testimonial-item__image\" style=\"background-position: 50% 50%; background-image: url(https:\/\/kirkensbymisjon.no\/content\/uploads\/sites\/80\/2024\/08\/tilbud_Aktivitetskafe_Kristin.jpg);\">\n\t\t\t\t<svg xmlns=\"http:\/\/www.w3.org\/2000\/svg\" viewBox=\"0 0 24 24\" height=\"48\" width=\"48\" class=\"t2-icon t2-icon-quote\" aria-hidden=\"true\" focusable=\"false\"><path d=\"M20 13.7843c0 .4445-.0894.8628-.2682 1.2549-.1651.3791-.3989.719-.7015 1.0196-.3027.2876-.6603.5164-1.0729.6863-.3989.1699-.8322.2549-1.2999.2549-.5915 0-1.1142-.1242-1.5681-.3725-.4402-.2484-.8184-.5687-1.1348-.9608-.3026-.4053-.5364-.8628-.7015-1.3726-.1513-.5229-.227-1.0523-.227-1.5882 0-.5883.0826-1.17.2476-1.7451.1651-.5752.3989-1.11113.7015-1.60786.3164-.49673.7016-.94771 1.1555-1.35294.4539-.40523.9628-.73856 1.5268-1l1.8157.92157c-.3577.33987-.6671.73202-.9285 1.17647-.2476.44444-.3714.90846-.3714 1.39216v.1765c.3989.0653.7703.1895 1.1142.3725.3439.183.6396.4118.8872.6863.2613.2745.4608.5882.5983.9412.1513.3529.227.7255.227 1.1176Zm-8.0261 0c0 .4445-.0894.8628-.2683 1.2549-.165.3791-.3989.719-.7015 1.0196-.3026.2876-.6602.5164-1.07288.6863-.3989.1699-.83218.2549-1.29986.2549-.59147 0-1.11417-.1242-1.56809-.3725-.44016-.2484-.81843-.5687-1.1348-.9608-.30261-.4053-.53645-.8628-.70151-1.3726C5.07565 13.7712 5 13.2418 5 12.7059c0-.5883.08253-1.17.24759-1.7451.16506-.5752.3989-1.11113.70152-1.60786.31636-.49673.70151-.94771 1.15543-1.35294s.96286-.73856 1.52682-1l1.81564.92157c-.3576.33987-.66708.73202-.92843 1.17647-.24759.44444-.37139.90846-.37139 1.39216v.1765c.3989.0653.77029.1895 1.11412.3725.3439.183.6397.4118.8873.6863.2613.2745.4608.5882.5983.9412.1513.3529.227.7255.227 1.1176Z\"\/><\/svg>\t\t\t<\/div>\n\t\t\t\t\n\n<blockquote class=\"wp-block-quote is-layout-flow wp-block-quote-is-layout-flow\">\n<p>Jeg anbefaler andre bedrifter \u00e5 pr\u00f8ve og se hvordan det g\u00e5r fremfor \u00e5 tenke at dette ikke er aktuelt. Ender et slikt m\u00f8te med en fast jobb, f\u00e5r man ofte en utrolig motivert og lojal medarbeider p\u00e5 laget.<\/p>\n<cite>Kristin Claudi, daglig leder i Norengros Drammen Papir Engros<\/cite><\/blockquote>\n\n\t<\/div>\n\t\n\t\t\t\t<\/div>\n\t\t\t\t\t<div class=\"swiper-navigation\">\n\t\t<div class=\"swiper-button-prev\"><svg xmlns=\"http:\/\/www.w3.org\/2000\/svg\" viewBox=\"0 0 24 24\" height=\"24\" width=\"24\" class=\"t2-icon t2-icon-arrowforward\" aria-hidden=\"true\" focusable=\"false\"><path d=\"M12.78 5.036a1.099 1.099 0 0 0-.497.287c-.208.208-.259.344-.258.684.001.264.016.33.105.465.058.087 1.079 1.14 2.27 2.341l2.165 2.182-5.913.013-5.912.012-.165.088c-.391.209-.551.469-.551.892 0 .34.054.476.282.704.3.299-.236.275 6.347.287l5.913.012-2.167 2.185c-1.191 1.202-2.213 2.255-2.27 2.341-.088.134-.103.201-.104.464-.001.34.05.475.258.684.284.284.676.383 1.038.263.198-.066.423-.281 3.655-3.503l3.444-3.433-2.58-2.585c-2.816-2.822-4.255-4.224-4.433-4.315a1.155 1.155 0 0 0-.627-.068\"\/><\/svg><\/div>\n\t\t<div class=\"swiper-pagination\"><\/div>\n\t\t<div class=\"swiper-button-next\"><svg xmlns=\"http:\/\/www.w3.org\/2000\/svg\" viewBox=\"0 0 24 24\" height=\"24\" width=\"24\" class=\"t2-icon t2-icon-arrowforward\" aria-hidden=\"true\" focusable=\"false\"><path d=\"M12.78 5.036a1.099 1.099 0 0 0-.497.287c-.208.208-.259.344-.258.684.001.264.016.33.105.465.058.087 1.079 1.14 2.27 2.341l2.165 2.182-5.913.013-5.912.012-.165.088c-.391.209-.551.469-.551.892 0 .34.054.476.282.704.3.299-.236.275 6.347.287l5.913.012-2.167 2.185c-1.191 1.202-2.213 2.255-2.27 2.341-.088.134-.103.201-.104.464-.001.34.05.475.258.684.284.284.676.383 1.038.263.198-.066.423-.281 3.655-3.503l3.444-3.433-2.58-2.585c-2.816-2.822-4.255-4.224-4.433-4.315a1.155 1.155 0 0 0-.627-.068\"\/><\/svg><\/div>\n\t<\/div>\n\t\t\t\t<\/div>\n\t\t<\/div>\n\t<\/div>\n\t\n\n<div class=\"t2-accordion wp-block-t2-accordion\" data-allow-multiple=\"1\" role=\"list\">\n<div class=\"t2-accordion-item wp-block-t2-accordion-item\" role=\"listitem\">\n\t\t\t<h2 class=\"t2-accordion-title\">\n\t\t\t\t<button type=\"button\" class=\"t2-accordion-trigger\" id=\"om-tilbudet-ny-start\" aria-controls=\"accordion-panel\" aria-expanded=\"false\">\n\t\t\t\t\tOm tilbudet Ny start\n\t\t\t\t\t<span class=\"t2-accordion-icon is-closed-icon\"><svg xmlns=\"http:\/\/www.w3.org\/2000\/svg\" viewBox=\"0 0 24 24\" height=\"24\" width=\"24\" class=\"t2-icon t2-icon-plus\" aria-hidden=\"true\" focusable=\"false\"><path d=\"M11.8 5.037a1.088 1.088 0 0 0-.722.566c-.075.148-.078.25-.078 2.772v2.619l-2.61.016c-1.867.012-2.652.03-2.756.064-.168.055-.438.301-.54.494-.049.092-.07.223-.07.432 0 .34.054.476.282.704.289.289.14.275 3.064.288l2.63.012v2.619c0 2.544.002 2.625.08 2.778.191.372.516.577.92.577s.729-.205.92-.577c.078-.153.08-.234.08-2.778v-2.619l2.63-.012c2.924-.013 2.775.001 3.064-.288.228-.228.282-.364.282-.704 0-.209-.021-.34-.07-.432-.102-.193-.372-.439-.54-.494-.104-.034-.889-.052-2.756-.064L13 10.994V8.375c0-2.522-.003-2.624-.078-2.772-.214-.418-.685-.656-1.122-.566\"\/><\/svg><\/span>\n\t\t\t\t\t<span class=\"t2-accordion-icon is-open-icon\"><svg xmlns=\"http:\/\/www.w3.org\/2000\/svg\" viewBox=\"0 0 24 24\" height=\"24\" width=\"24\" class=\"t2-icon t2-icon-chevronup\" aria-hidden=\"true\" focusable=\"false\"><path d=\"M6.7 14.7c-.2-.2-.3-.4-.3-.7s.1-.5.3-.7l4.6-4.6c.1-.1.2-.2.3-.2.1 0 .2-.1.4-.1.1 0 .3 0 .4.1.1 0 .2.1.3.2l4.6 4.6c.2.2.3.4.3.7s-.1.5-.3.7c-.2.2-.4.3-.7.3s-.5-.1-.7-.3L12 10.8l-3.9 3.9c-.2.2-.4.3-.7.3s-.5-.1-.7-.3z\" fill=\"currentColor\" \/><\/svg><\/span>\n\t\t\t\t<\/button>\n\t\t\t<\/h2>\n\t\t\t<div class=\"t2-accordion-item__inner-container is-layout-flow\" id=\"accordion-panel\" aria-labelledby=\"om-tilbudet-ny-start\" role=\"region\" hidden>\n\t\t\t\t\n\n<p>Det er 10 plasser i tiltaket, som er en del av en avtale med <strong>psykisk helse og rus<\/strong> (PHR) i Drammen kommune .<\/p>\n\n\n\n<p>For \u00e5 f\u00e5 en plass hos oss, m\u00e5 man prim\u00e6rt s\u00f8kes inn av <strong>PHR <\/strong>i kommunen. Jobbs\u00f8ker m\u00e5 ha en rushistorikk eller utfordringer knyttet til psykisk helse, forholdet til rus m\u00e5 v\u00e6re avklart, og i tillegg m\u00e5 det v\u00e6re et \u00f8nske om jobb eller utdanning.<\/p>\n\n\n\n<p>Tiltaket er fem dager i uken fra kl. 08.00\u201315.00, men det er mulig med f\u00e6rre oppm\u00f8tedager, dette avtales individuelt.<\/p>\n\n\n\t\t\t<\/div>\n\t\t<\/div>\n\n<div class=\"t2-accordion-item wp-block-t2-accordion-item\" role=\"listitem\">\n\t\t\t<h2 class=\"t2-accordion-title\">\n\t\t\t\t<button type=\"button\" class=\"t2-accordion-trigger\" id=\"dette-tilbyr-vi\" aria-controls=\"accordion-panel-1\" aria-expanded=\"false\">\n\t\t\t\t\tDette tilbyr vi\n\t\t\t\t\t<span class=\"t2-accordion-icon is-closed-icon\"><svg xmlns=\"http:\/\/www.w3.org\/2000\/svg\" viewBox=\"0 0 24 24\" height=\"24\" width=\"24\" class=\"t2-icon t2-icon-plus\" aria-hidden=\"true\" focusable=\"false\"><path d=\"M11.8 5.037a1.088 1.088 0 0 0-.722.566c-.075.148-.078.25-.078 2.772v2.619l-2.61.016c-1.867.012-2.652.03-2.756.064-.168.055-.438.301-.54.494-.049.092-.07.223-.07.432 0 .34.054.476.282.704.289.289.14.275 3.064.288l2.63.012v2.619c0 2.544.002 2.625.08 2.778.191.372.516.577.92.577s.729-.205.92-.577c.078-.153.08-.234.08-2.778v-2.619l2.63-.012c2.924-.013 2.775.001 3.064-.288.228-.228.282-.364.282-.704 0-.209-.021-.34-.07-.432-.102-.193-.372-.439-.54-.494-.104-.034-.889-.052-2.756-.064L13 10.994V8.375c0-2.522-.003-2.624-.078-2.772-.214-.418-.685-.656-1.122-.566\"\/><\/svg><\/span>\n\t\t\t\t\t<span class=\"t2-accordion-icon is-open-icon\"><svg xmlns=\"http:\/\/www.w3.org\/2000\/svg\" viewBox=\"0 0 24 24\" height=\"24\" width=\"24\" class=\"t2-icon t2-icon-chevronup\" aria-hidden=\"true\" focusable=\"false\"><path d=\"M6.7 14.7c-.2-.2-.3-.4-.3-.7s.1-.5.3-.7l4.6-4.6c.1-.1.2-.2.3-.2.1 0 .2-.1.4-.1.1 0 .3 0 .4.1.1 0 .2.1.3.2l4.6 4.6c.2.2.3.4.3.7s-.1.5-.3.7c-.2.2-.4.3-.7.3s-.5-.1-.7-.3L12 10.8l-3.9 3.9c-.2.2-.4.3-.7.3s-.5-.1-.7-.3z\" fill=\"currentColor\" \/><\/svg><\/span>\n\t\t\t\t<\/button>\n\t\t\t<\/h2>\n\t\t\t<div class=\"t2-accordion-item__inner-container is-layout-flow\" id=\"accordion-panel-1\" aria-labelledby=\"dette-tilbyr-vi\" role=\"region\" hidden>\n\t\t\t\t\n\n<ul class=\"wp-block-list\">\n<li>Kartleggingssamtale.<\/li>\n\n\n\n<li>Individuell arbeidsplan.<\/li>\n\n\n\n<li>Karriereveiledning.<\/li>\n\n\n\n<li>Arbeidstrening i Kirkens Bymisjons ulike tilbud.<\/li>\n\n\n\n<li>Praksis i ordin\u00e6r bedrift.<\/li>\n\n\n\n<li>Kontakt med arbeidsgiver.<\/li>\n\n\n\n<li>Veiledning med CV\/s\u00f8knader\/jobbintervju.<\/li>\n\n\n\n<li>Fysisk trening\/aktiviteter.<\/li>\n\n\n\n<li>Veiledning om hverdags\u00f8konomi\/skatt\/gjeld.<\/li>\n\n\n\n<li>Bistand til kontakt med offentlige instanser.<\/li>\n\n\n\n<li>Sosiale samlinger for deltakere.<\/li>\n\n\n\n<li>Tilbud om aktiviteter p\u00e5 ettermiddag\/helg\/ferie.<\/li>\n<\/ul>\n\n\n\t\t\t<\/div>\n\t\t<\/div>\n\n<div class=\"t2-accordion-item wp-block-t2-accordion-item\" role=\"listitem\">\n\t\t\t<h2 class=\"t2-accordion-title\">\n\t\t\t\t<button type=\"button\" class=\"t2-accordion-trigger\" id=\"v\u00e5re-samarbeidspartnere\" aria-controls=\"accordion-panel-2\" aria-expanded=\"false\">\n\t\t\t\t\tV\u00e5re samarbeidspartnere\n\t\t\t\t\t<span class=\"t2-accordion-icon is-closed-icon\"><svg xmlns=\"http:\/\/www.w3.org\/2000\/svg\" viewBox=\"0 0 24 24\" height=\"24\" width=\"24\" class=\"t2-icon t2-icon-plus\" aria-hidden=\"true\" focusable=\"false\"><path d=\"M11.8 5.037a1.088 1.088 0 0 0-.722.566c-.075.148-.078.25-.078 2.772v2.619l-2.61.016c-1.867.012-2.652.03-2.756.064-.168.055-.438.301-.54.494-.049.092-.07.223-.07.432 0 .34.054.476.282.704.289.289.14.275 3.064.288l2.63.012v2.619c0 2.544.002 2.625.08 2.778.191.372.516.577.92.577s.729-.205.92-.577c.078-.153.08-.234.08-2.778v-2.619l2.63-.012c2.924-.013 2.775.001 3.064-.288.228-.228.282-.364.282-.704 0-.209-.021-.34-.07-.432-.102-.193-.372-.439-.54-.494-.104-.034-.889-.052-2.756-.064L13 10.994V8.375c0-2.522-.003-2.624-.078-2.772-.214-.418-.685-.656-1.122-.566\"\/><\/svg><\/span>\n\t\t\t\t\t<span class=\"t2-accordion-icon is-open-icon\"><svg xmlns=\"http:\/\/www.w3.org\/2000\/svg\" viewBox=\"0 0 24 24\" height=\"24\" width=\"24\" class=\"t2-icon t2-icon-chevronup\" aria-hidden=\"true\" focusable=\"false\"><path d=\"M6.7 14.7c-.2-.2-.3-.4-.3-.7s.1-.5.3-.7l4.6-4.6c.1-.1.2-.2.3-.2.1 0 .2-.1.4-.1.1 0 .3 0 .4.1.1 0 .2.1.3.2l4.6 4.6c.2.2.3.4.3.7s-.1.5-.3.7c-.2.2-.4.3-.7.3s-.5-.1-.7-.3L12 10.8l-3.9 3.9c-.2.2-.4.3-.7.3s-.5-.1-.7-.3z\" fill=\"currentColor\" \/><\/svg><\/span>\n\t\t\t\t<\/button>\n\t\t\t<\/h2>\n\t\t\t<div class=\"t2-accordion-item__inner-container is-layout-flow\" id=\"accordion-panel-2\" aria-labelledby=\"v\u00e5re-samarbeidspartnere\" role=\"region\" hidden>\n\t\t\t\t\n\n<p>Vi samarbeider bl.a. med <a href=\"https:\/\/bfk.no\/drammen-vgs\/utdanningstilbud\/oppfolgingsklassen\/\">Oppf\u00f8lgingsklassen<\/a> i Drammen kommune. Jobbs\u00f8kere i \u00abNy start\u00bb kan ta opp fag fra videreg\u00e5ende skole for \u00e5 fullf\u00f8re eller forbedre karakterer. Vi har flere jobbs\u00f8kere som har benyttet seg av tilbudet, og som har avlagt eksamener med gode resultater. I tillegg samarbeider vi med flere oppl\u00e6ringskontorer.<\/p>\n\n\n\n<p>\u00abNy start\u00bb har et bredt samarbeid med ulike n\u00e6ringslivsbedrifter. Bedriftene har takket ja til \u00e5 tilby praksisplasser for \u00e5 \u00f8ke arbeidserfaringen til den enkelte. Samarbeidende bedrifter mottar tett oppf\u00f8lging i oppstartsfase og underveis i perioden. Ved inng\u00e5else av enkelte avtaler ligger det ogs\u00e5 en intensjon om ordin\u00e6r ansettelse i bunnen.<\/p>\n\n\n\t\t\t<\/div>\n\t\t<\/div>\n\n<div class=\"t2-accordion-item wp-block-t2-accordion-item\" role=\"listitem\">\n\t\t\t<h2 class=\"t2-accordion-title\">\n\t\t\t\t<button type=\"button\" class=\"t2-accordion-trigger\" id=\"hvem-er-tilbudet-for?\" aria-controls=\"accordion-panel-3\" aria-expanded=\"false\">\n\t\t\t\t\tHvem er tilbudet for?\n\t\t\t\t\t<span class=\"t2-accordion-icon is-closed-icon\"><svg xmlns=\"http:\/\/www.w3.org\/2000\/svg\" viewBox=\"0 0 24 24\" height=\"24\" width=\"24\" class=\"t2-icon t2-icon-plus\" aria-hidden=\"true\" focusable=\"false\"><path d=\"M11.8 5.037a1.088 1.088 0 0 0-.722.566c-.075.148-.078.25-.078 2.772v2.619l-2.61.016c-1.867.012-2.652.03-2.756.064-.168.055-.438.301-.54.494-.049.092-.07.223-.07.432 0 .34.054.476.282.704.289.289.14.275 3.064.288l2.63.012v2.619c0 2.544.002 2.625.08 2.778.191.372.516.577.92.577s.729-.205.92-.577c.078-.153.08-.234.08-2.778v-2.619l2.63-.012c2.924-.013 2.775.001 3.064-.288.228-.228.282-.364.282-.704 0-.209-.021-.34-.07-.432-.102-.193-.372-.439-.54-.494-.104-.034-.889-.052-2.756-.064L13 10.994V8.375c0-2.522-.003-2.624-.078-2.772-.214-.418-.685-.656-1.122-.566\"\/><\/svg><\/span>\n\t\t\t\t\t<span class=\"t2-accordion-icon is-open-icon\"><svg xmlns=\"http:\/\/www.w3.org\/2000\/svg\" viewBox=\"0 0 24 24\" height=\"24\" width=\"24\" class=\"t2-icon t2-icon-chevronup\" aria-hidden=\"true\" focusable=\"false\"><path d=\"M6.7 14.7c-.2-.2-.3-.4-.3-.7s.1-.5.3-.7l4.6-4.6c.1-.1.2-.2.3-.2.1 0 .2-.1.4-.1.1 0 .3 0 .4.1.1 0 .2.1.3.2l4.6 4.6c.2.2.3.4.3.7s-.1.5-.3.7c-.2.2-.4.3-.7.3s-.5-.1-.7-.3L12 10.8l-3.9 3.9c-.2.2-.4.3-.7.3s-.5-.1-.7-.3z\" fill=\"currentColor\" \/><\/svg><\/span>\n\t\t\t\t<\/button>\n\t\t\t<\/h2>\n\t\t\t<div class=\"t2-accordion-item__inner-container is-layout-flow\" id=\"accordion-panel-3\" aria-labelledby=\"hvem-er-tilbudet-for?\" role=\"region\" hidden>\n\t\t\t\t\n\n<ul class=\"wp-block-list\">\n<li>Du har en rushistorikk eller utfordringer knyttet til psykisk helse.<\/li>\n\n\n\n<li>Du er motivert for endring og arbeid.<\/li>\n\n\n\n<li>Du har en kontaktperson v\/psykisk helse og rus (PHR) i Drammen kommune.<\/li>\n<\/ul>\n\n\n\t\t\t<\/div>\n\t\t<\/div>\n<\/div>\n\n\n<h2 class=\"wp-block-heading\" id=\"h-ta-kontakt-for-naermere-informasjon\">Ta kontakt for n\u00e6rmere informasjon<\/h2>\n\n\n<div class=\"t2-accordion wp-block-t2-accordion\" data-allow-multiple=\"1\" role=\"list\">\n<div class=\"t2-accordion-item wp-block-t2-accordion-item\" role=\"listitem\">\n\t\t\t<h2 class=\"t2-accordion-title\">\n\t\t\t\t<button type=\"button\" class=\"t2-accordion-trigger\" id=\"kontaktpersoner\" aria-controls=\"accordion-panel-4\" aria-expanded=\"false\">\n\t\t\t\t\tKontaktpersoner\n\t\t\t\t\t<span class=\"t2-accordion-icon is-closed-icon\"><svg xmlns=\"http:\/\/www.w3.org\/2000\/svg\" viewBox=\"0 0 24 24\" height=\"24\" width=\"24\" class=\"t2-icon t2-icon-plus\" aria-hidden=\"true\" focusable=\"false\"><path d=\"M11.8 5.037a1.088 1.088 0 0 0-.722.566c-.075.148-.078.25-.078 2.772v2.619l-2.61.016c-1.867.012-2.652.03-2.756.064-.168.055-.438.301-.54.494-.049.092-.07.223-.07.432 0 .34.054.476.282.704.289.289.14.275 3.064.288l2.63.012v2.619c0 2.544.002 2.625.08 2.778.191.372.516.577.92.577s.729-.205.92-.577c.078-.153.08-.234.08-2.778v-2.619l2.63-.012c2.924-.013 2.775.001 3.064-.288.228-.228.282-.364.282-.704 0-.209-.021-.34-.07-.432-.102-.193-.372-.439-.54-.494-.104-.034-.889-.052-2.756-.064L13 10.994V8.375c0-2.522-.003-2.624-.078-2.772-.214-.418-.685-.656-1.122-.566\"\/><\/svg><\/span>\n\t\t\t\t\t<span class=\"t2-accordion-icon is-open-icon\"><svg xmlns=\"http:\/\/www.w3.org\/2000\/svg\" viewBox=\"0 0 24 24\" height=\"24\" width=\"24\" class=\"t2-icon t2-icon-chevronup\" aria-hidden=\"true\" focusable=\"false\"><path d=\"M6.7 14.7c-.2-.2-.3-.4-.3-.7s.1-.5.3-.7l4.6-4.6c.1-.1.2-.2.3-.2.1 0 .2-.1.4-.1.1 0 .3 0 .4.1.1 0 .2.1.3.2l4.6 4.6c.2.2.3.4.3.7s-.1.5-.3.7c-.2.2-.4.3-.7.3s-.5-.1-.7-.3L12 10.8l-3.9 3.9c-.2.2-.4.3-.7.3s-.5-.1-.7-.3z\" fill=\"currentColor\" \/><\/svg><\/span>\n\t\t\t\t<\/button>\n\t\t\t<\/h2>\n\t\t\t<div class=\"t2-accordion-item__inner-container is-layout-flow\" id=\"accordion-panel-4\" aria-labelledby=\"kontaktpersoner\" role=\"region\" hidden>\n\t\t\t\t\n\t<div class=\"wp-block-kbm-byline\">\n\t\t\t\t\t<p class=\"kbm-byline__role\">Jobbkonsulent<\/p>\n\t\t\t\t<p class=\"kbm-byline__name\">Gunn Toril Gr\u00f8nlund<\/p>\n\t\t\t\t\t<ul>\n\t\t\t\t\t\t\t\t\t<li><a href=\"tel:90829352\">908 29 352<\/a><\/li>\n\t\t\t\t\t\t\t\t\t<li><a href=\"mailto:g&#117;nn.t&#111;r&#105;&#108;&#046;&#103;&#114;onl&#117;&#110;&#100;&#064;&#115;k&#098;d.&#110;o\">g&#117;nn.t&#111;r&#105;&#108;&#046;&#103;&#114;onl&#117;&#110;&#100;&#064;&#115;k&#098;d.&#110;o<\/a><\/li>\n\t\t\t\t\t\t\t<\/ul>\n\t\t\t<\/div>\n\t\n\n\t<div class=\"wp-block-kbm-byline\">\n\t\t\t\t\t<p class=\"kbm-byline__role\">Avdelingsleder<\/p>\n\t\t\t\t<p class=\"kbm-byline__name\">Christina Alstad<\/p>\n\t\t\t\t\t<ul>\n\t\t\t\t\t\t\t\t\t<li><a href=\"tel:91396948\">913 96 948<\/a><\/li>\n\t\t\t\t\t\t\t\t\t<li><a href=\"mailto:ch&#114;&#105;&#115;&#116;&#105;&#110;a&#046;a&#108;&#115;&#116;&#097;d&#064;b&#121;m&#105;s&#106;&#111;n.n&#111;\">ch&#114;&#105;&#115;&#116;&#105;&#110;a&#046;a&#108;&#115;&#116;&#097;d&#064;b&#121;m&#105;s&#106;&#111;n.n&#111;<\/a><\/li>\n\t\t\t\t\t\t\t<\/ul>\n\t\t\t<\/div>\n\t\n\n\t<div class=\"wp-block-kbm-byline\">\n\t\t\t\t\t<p class=\"kbm-byline__role\">Teamleder<\/p>\n\t\t\t\t<p class=\"kbm-byline__name\">Lisbeth Bjerke<\/p>\n\t\t\t\t\t<ul>\n\t\t\t\t\t\t\t\t\t<li><a href=\"tel:48890553\">488 90 553<\/a><\/li>\n\t\t\t\t\t\t\t\t\t<li><a href=\"mailto:lisbet&#104;&#046;&#098;j&#101;&#114;k&#101;&#064;&#098;y&#109;i&#115;&#106;on&#046;&#110;o\">lisbet&#104;&#046;&#098;j&#101;&#114;k&#101;&#064;&#098;y&#109;i&#115;&#106;on&#046;&#110;o<\/a><\/li>\n\t\t\t\t\t\t\t<\/ul>\n\t\t\t<\/div>\n\t\n\n\t\t\t<\/div>\n\t\t<\/div>\n\n<div class=\"t2-accordion-item wp-block-t2-accordion-item\" role=\"listitem\">\n\t\t\t<h2 class=\"t2-accordion-title\">\n\t\t\t\t<button type=\"button\" class=\"t2-accordion-trigger\" id=\"\u00f8vrig-kontaktinformasjon\" aria-controls=\"accordion-panel-5\" aria-expanded=\"false\">\n\t\t\t\t\t\u00d8vrig kontaktinformasjon\n\t\t\t\t\t<span class=\"t2-accordion-icon is-closed-icon\"><svg xmlns=\"http:\/\/www.w3.org\/2000\/svg\" viewBox=\"0 0 24 24\" height=\"24\" width=\"24\" class=\"t2-icon t2-icon-plus\" aria-hidden=\"true\" focusable=\"false\"><path d=\"M11.8 5.037a1.088 1.088 0 0 0-.722.566c-.075.148-.078.25-.078 2.772v2.619l-2.61.016c-1.867.012-2.652.03-2.756.064-.168.055-.438.301-.54.494-.049.092-.07.223-.07.432 0 .34.054.476.282.704.289.289.14.275 3.064.288l2.63.012v2.619c0 2.544.002 2.625.08 2.778.191.372.516.577.92.577s.729-.205.92-.577c.078-.153.08-.234.08-2.778v-2.619l2.63-.012c2.924-.013 2.775.001 3.064-.288.228-.228.282-.364.282-.704 0-.209-.021-.34-.07-.432-.102-.193-.372-.439-.54-.494-.104-.034-.889-.052-2.756-.064L13 10.994V8.375c0-2.522-.003-2.624-.078-2.772-.214-.418-.685-.656-1.122-.566\"\/><\/svg><\/span>\n\t\t\t\t\t<span class=\"t2-accordion-icon is-open-icon\"><svg xmlns=\"http:\/\/www.w3.org\/2000\/svg\" viewBox=\"0 0 24 24\" height=\"24\" width=\"24\" class=\"t2-icon t2-icon-chevronup\" aria-hidden=\"true\" focusable=\"false\"><path d=\"M6.7 14.7c-.2-.2-.3-.4-.3-.7s.1-.5.3-.7l4.6-4.6c.1-.1.2-.2.3-.2.1 0 .2-.1.4-.1.1 0 .3 0 .4.1.1 0 .2.1.3.2l4.6 4.6c.2.2.3.4.3.7s-.1.5-.3.7c-.2.2-.4.3-.7.3s-.5-.1-.7-.3L12 10.8l-3.9 3.9c-.2.2-.4.3-.7.3s-.5-.1-.7-.3z\" fill=\"currentColor\" \/><\/svg><\/span>\n\t\t\t\t<\/button>\n\t\t\t<\/h2>\n\t\t\t<div class=\"t2-accordion-item__inner-container is-layout-flow\" id=\"accordion-panel-5\" aria-labelledby=\"\u00f8vrig-kontaktinformasjon\" role=\"region\" hidden>\n\t\t\t\t\n\n<p>Du kan ogs\u00e5 ringe eller komme innom oss i <a href=\"\/tilbud-aktivitetskafe\/kontaktinformasjon\">aktivitetskafeen<\/a> hvis du lurer p\u00e5 noe.<\/p>\n\n\n\t\t\t<\/div>\n\t\t<\/div>\n<\/div>","protected":false},"excerpt":{"rendered":"<p>\u00abNy start\u00bb er et tilbud under aktivitetskafeen. Vi tror p\u00e5 et arbeidsliv for alle, uavhengig&hellip;<\/p>\n","protected":false},"author":6,"featured_media":0,"parent":0,"menu_order":0,"comment_status":"closed","ping_status":"closed","template":"","meta":{"_relevanssi_hide_post":"","_relevanssi_hide_content":"","_relevanssi_pin_for_all":"","_relevanssi_pin_keywords":"","_relevanssi_unpin_keywords":"","_relevanssi_related_keywords":"","_relevanssi_related_include_ids":"","_relevanssi_related_exclude_ids":"","_relevanssi_related_no_append":"","_relevanssi_related_not_related":"","_relevanssi_related_posts":"1","_relevanssi_noindex_reason":"","editor_notices":[],"footnotes":""},"class_list":["post-14","page","type-page","status-publish","hentry"],"yoast_head":"<!-- This site is optimized with the Yoast SEO Premium plugin v27.2 (Yoast SEO v27.4) - https:\/\/yoast.com\/product\/yoast-seo-premium-wordpress\/ -->\n<title>Ny start - Aktivitetskaf\u00e9<\/title>\n<meta name=\"robots\" content=\"index, follow, max-snippet:-1, max-image-preview:large, max-video-preview:-1\" \/>\n<link rel=\"canonical\" href=\"https:\/\/kirkensbymisjon.no\/tilbud-aktivitetskafe\/ny-start\/\" \/>\n<meta property=\"og:locale\" content=\"nb_NO\" \/>\n<meta property=\"og:type\" content=\"article\" \/>\n<meta property=\"og:title\" content=\"Ny start\" \/>\n<meta property=\"og:description\" content=\"\u00abNy start\u00bb er et tilbud under aktivitetskafeen. Vi tror p\u00e5 et arbeidsliv for alle, uavhengig&hellip;\" \/>\n<meta property=\"og:url\" content=\"https:\/\/kirkensbymisjon.no\/tilbud-aktivitetskafe\/ny-start\/\" \/>\n<meta property=\"og:site_name\" content=\"Aktivitetskaf\u00e9\" \/>\n<meta property=\"article:modified_time\" content=\"2024-11-13T12:31:19+00:00\" \/>\n<meta property=\"og:image\" content=\"https:\/\/kirkensbymisjon.no\/content\/uploads\/sites\/80\/2024\/08\/tilbud_Aktivitetskafe_ny-start.jpeg\" \/>\n\t<meta property=\"og:image:width\" content=\"1000\" \/>\n\t<meta property=\"og:image:height\" content=\"500\" \/>\n\t<meta property=\"og:image:type\" content=\"image\/jpeg\" \/>\n<meta name=\"twitter:card\" content=\"summary_large_image\" \/>\n<meta name=\"twitter:label1\" content=\"Ansl. lesetid\" \/>\n\t<meta name=\"twitter:data1\" content=\"3 minutter\" \/>\n<script type=\"application\/ld+json\" class=\"yoast-schema-graph\">{\"@context\":\"https:\\\/\\\/schema.org\",\"@graph\":[{\"@type\":\"WebPage\",\"@id\":\"https:\\\/\\\/kirkensbymisjon.no\\\/tilbud-aktivitetskafe\\\/ny-start\\\/\",\"url\":\"https:\\\/\\\/kirkensbymisjon.no\\\/tilbud-aktivitetskafe\\\/ny-start\\\/\",\"name\":\"Ny start - Aktivitetskaf\u00e9\",\"isPartOf\":{\"@id\":\"https:\\\/\\\/kirkensbymisjon.no\\\/tilbud-aktivitetskafe\\\/#website\"},\"primaryImageOfPage\":{\"@id\":\"https:\\\/\\\/kirkensbymisjon.no\\\/tilbud-aktivitetskafe\\\/ny-start\\\/#primaryimage\"},\"image\":{\"@id\":\"https:\\\/\\\/kirkensbymisjon.no\\\/tilbud-aktivitetskafe\\\/ny-start\\\/#primaryimage\"},\"thumbnailUrl\":\"https:\\\/\\\/kirkensbymisjon.no\\\/content\\\/uploads\\\/sites\\\/80\\\/2024\\\/08\\\/tilbud_Aktivitetskafe_ny-start.jpeg\",\"datePublished\":\"2024-07-24T09:38:31+00:00\",\"dateModified\":\"2024-11-13T12:31:19+00:00\",\"breadcrumb\":{\"@id\":\"https:\\\/\\\/kirkensbymisjon.no\\\/tilbud-aktivitetskafe\\\/ny-start\\\/#breadcrumb\"},\"inLanguage\":\"nb-NO\",\"potentialAction\":[{\"@type\":\"ReadAction\",\"target\":[\"https:\\\/\\\/kirkensbymisjon.no\\\/tilbud-aktivitetskafe\\\/ny-start\\\/\"]}]},{\"@type\":\"ImageObject\",\"inLanguage\":\"nb-NO\",\"@id\":\"https:\\\/\\\/kirkensbymisjon.no\\\/tilbud-aktivitetskafe\\\/ny-start\\\/#primaryimage\",\"url\":\"https:\\\/\\\/kirkensbymisjon.no\\\/content\\\/uploads\\\/sites\\\/80\\\/2024\\\/08\\\/tilbud_Aktivitetskafe_ny-start.jpeg\",\"contentUrl\":\"https:\\\/\\\/kirkensbymisjon.no\\\/content\\\/uploads\\\/sites\\\/80\\\/2024\\\/08\\\/tilbud_Aktivitetskafe_ny-start.jpeg\"},{\"@type\":\"BreadcrumbList\",\"@id\":\"https:\\\/\\\/kirkensbymisjon.no\\\/tilbud-aktivitetskafe\\\/ny-start\\\/#breadcrumb\",\"itemListElement\":[{\"@type\":\"ListItem\",\"position\":1,\"name\":\"Hjem\",\"item\":\"https:\\\/\\\/kirkensbymisjon.no\\\/tilbud-aktivitetskafe\\\/\"},{\"@type\":\"ListItem\",\"position\":2,\"name\":\"Ny start\"}]},{\"@type\":\"WebSite\",\"@id\":\"https:\\\/\\\/kirkensbymisjon.no\\\/tilbud-aktivitetskafe\\\/#website\",\"url\":\"https:\\\/\\\/kirkensbymisjon.no\\\/tilbud-aktivitetskafe\\\/\",\"name\":\"Aktivitetskaf\u00e9\",\"description\":\"\",\"potentialAction\":[{\"@type\":\"SearchAction\",\"target\":{\"@type\":\"EntryPoint\",\"urlTemplate\":\"https:\\\/\\\/kirkensbymisjon.no\\\/tilbud-aktivitetskafe\\\/?s={search_term_string}\"},\"query-input\":{\"@type\":\"PropertyValueSpecification\",\"valueRequired\":true,\"valueName\":\"search_term_string\"}}],\"inLanguage\":\"nb-NO\"}]}<\/script>\n<!-- \/ Yoast SEO Premium plugin. -->","yoast_head_json":{"title":"Ny start - Aktivitetskaf\u00e9","robots":{"index":"index","follow":"follow","max-snippet":"max-snippet:-1","max-image-preview":"max-image-preview:large","max-video-preview":"max-video-preview:-1"},"canonical":"https:\/\/kirkensbymisjon.no\/tilbud-aktivitetskafe\/ny-start\/","og_locale":"nb_NO","og_type":"article","og_title":"Ny start","og_description":"\u00abNy start\u00bb er et tilbud under aktivitetskafeen. Vi tror p\u00e5 et arbeidsliv for alle, uavhengig&hellip;","og_url":"https:\/\/kirkensbymisjon.no\/tilbud-aktivitetskafe\/ny-start\/","og_site_name":"Aktivitetskaf\u00e9","article_modified_time":"2024-11-13T12:31:19+00:00","og_image":[{"width":1000,"height":500,"url":"https:\/\/kirkensbymisjon.no\/content\/uploads\/sites\/80\/2024\/08\/tilbud_Aktivitetskafe_ny-start.jpeg","type":"image\/jpeg"}],"twitter_card":"summary_large_image","twitter_misc":{"Ansl. lesetid":"3 minutter"},"schema":{"@context":"https:\/\/schema.org","@graph":[{"@type":"WebPage","@id":"https:\/\/kirkensbymisjon.no\/tilbud-aktivitetskafe\/ny-start\/","url":"https:\/\/kirkensbymisjon.no\/tilbud-aktivitetskafe\/ny-start\/","name":"Ny start - Aktivitetskaf\u00e9","isPartOf":{"@id":"https:\/\/kirkensbymisjon.no\/tilbud-aktivitetskafe\/#website"},"primaryImageOfPage":{"@id":"https:\/\/kirkensbymisjon.no\/tilbud-aktivitetskafe\/ny-start\/#primaryimage"},"image":{"@id":"https:\/\/kirkensbymisjon.no\/tilbud-aktivitetskafe\/ny-start\/#primaryimage"},"thumbnailUrl":"https:\/\/kirkensbymisjon.no\/content\/uploads\/sites\/80\/2024\/08\/tilbud_Aktivitetskafe_ny-start.jpeg","datePublished":"2024-07-24T09:38:31+00:00","dateModified":"2024-11-13T12:31:19+00:00","breadcrumb":{"@id":"https:\/\/kirkensbymisjon.no\/tilbud-aktivitetskafe\/ny-start\/#breadcrumb"},"inLanguage":"nb-NO","potentialAction":[{"@type":"ReadAction","target":["https:\/\/kirkensbymisjon.no\/tilbud-aktivitetskafe\/ny-start\/"]}]},{"@type":"ImageObject","inLanguage":"nb-NO","@id":"https:\/\/kirkensbymisjon.no\/tilbud-aktivitetskafe\/ny-start\/#primaryimage","url":"https:\/\/kirkensbymisjon.no\/content\/uploads\/sites\/80\/2024\/08\/tilbud_Aktivitetskafe_ny-start.jpeg","contentUrl":"https:\/\/kirkensbymisjon.no\/content\/uploads\/sites\/80\/2024\/08\/tilbud_Aktivitetskafe_ny-start.jpeg"},{"@type":"BreadcrumbList","@id":"https:\/\/kirkensbymisjon.no\/tilbud-aktivitetskafe\/ny-start\/#breadcrumb","itemListElement":[{"@type":"ListItem","position":1,"name":"Hjem","item":"https:\/\/kirkensbymisjon.no\/tilbud-aktivitetskafe\/"},{"@type":"ListItem","position":2,"name":"Ny start"}]},{"@type":"WebSite","@id":"https:\/\/kirkensbymisjon.no\/tilbud-aktivitetskafe\/#website","url":"https:\/\/kirkensbymisjon.no\/tilbud-aktivitetskafe\/","name":"Aktivitetskaf\u00e9","description":"","potentialAction":[{"@type":"SearchAction","target":{"@type":"EntryPoint","urlTemplate":"https:\/\/kirkensbymisjon.no\/tilbud-aktivitetskafe\/?s={search_term_string}"},"query-input":{"@type":"PropertyValueSpecification","valueRequired":true,"valueName":"search_term_string"}}],"inLanguage":"nb-NO"}]}},"_links":{"self":[{"href":"https:\/\/kirkensbymisjon.no\/tilbud-aktivitetskafe\/wp-json\/wp\/v2\/pages\/14","targetHints":{"allow":["GET"]}}],"collection":[{"href":"https:\/\/kirkensbymisjon.no\/tilbud-aktivitetskafe\/wp-json\/wp\/v2\/pages"}],"about":[{"href":"https:\/\/kirkensbymisjon.no\/tilbud-aktivitetskafe\/wp-json\/wp\/v2\/types\/page"}],"author":[{"embeddable":true,"href":"https:\/\/kirkensbymisjon.no\/tilbud-aktivitetskafe\/wp-json\/wp\/v2\/users\/6"}],"replies":[{"embeddable":true,"href":"https:\/\/kirkensbymisjon.no\/tilbud-aktivitetskafe\/wp-json\/wp\/v2\/comments?post=14"}],"version-history":[{"count":4,"href":"https:\/\/kirkensbymisjon.no\/tilbud-aktivitetskafe\/wp-json\/wp\/v2\/pages\/14\/revisions"}],"predecessor-version":[{"id":239,"href":"https:\/\/kirkensbymisjon.no\/tilbud-aktivitetskafe\/wp-json\/wp\/v2\/pages\/14\/revisions\/239"}],"wp:attachment":[{"href":"https:\/\/kirkensbymisjon.no\/tilbud-aktivitetskafe\/wp-json\/wp\/v2\/media?parent=14"}],"curies":[{"name":"wp","href":"https:\/\/api.w.org\/{rel}","templated":true}]}}