{"id":44,"date":"2024-08-16T09:22:00","date_gmt":"2024-08-16T07:22:00","guid":{"rendered":"https:\/\/kirkensbymisjon.no\/tilbud-bymisjonssenteret-porsgrunn\/?page_id=44"},"modified":"2026-01-30T09:39:18","modified_gmt":"2026-01-30T08:39:18","slug":"catering","status":"publish","type":"page","link":"https:\/\/kirkensbymisjon.no\/tilbud-bymisjonssenteret-porsgrunn\/kafe\/catering\/","title":{"rendered":"Catering"},"content":{"rendered":"\n<p>Vi tilbyr catering med nydelige kaker, bagetter og lunsjpakker p\u00e5 bestilling for b\u00e5de private og bedrifter \u2013 enten det er til en arbeidslunsj, et selskap eller en jubileumsfeiring.<\/p>\n\n\n\t<div class=\"alignfull wp-block-kbm-gallery\" data-scroll=\"1\">\n\t\t<div class=\"kbm-gallery__scroll\">\n\t\t\t<div class=\"kbm-gallery__wrapper\">\n\t\t\t\t\n\n<figure class=\"wp-block-gallery has-nested-images columns-default is-cropped wp-block-gallery-1 is-layout-flex wp-block-gallery-is-layout-flex\">\n<figure class=\"wp-block-image size-large\"><img loading=\"lazy\" decoding=\"async\" width=\"1024\" height=\"819\" data-id=\"62\" src=\"https:\/\/kirkensbymisjon.no\/content\/uploads\/sites\/138\/2024\/08\/tilbud_Bymisjonssenteret_Porsgrunn_mat1-1024x819.jpg\" alt=\"Mat fra catering-menyen\" class=\"wp-image-62\" srcset=\"https:\/\/kirkensbymisjon.no\/content\/uploads\/sites\/138\/2024\/08\/tilbud_Bymisjonssenteret_Porsgrunn_mat1-1024x819.jpg 1024w, https:\/\/kirkensbymisjon.no\/content\/uploads\/sites\/138\/2024\/08\/tilbud_Bymisjonssenteret_Porsgrunn_mat1-300x240.jpg 300w, https:\/\/kirkensbymisjon.no\/content\/uploads\/sites\/138\/2024\/08\/tilbud_Bymisjonssenteret_Porsgrunn_mat1-768x615.jpg 768w, https:\/\/kirkensbymisjon.no\/content\/uploads\/sites\/138\/2024\/08\/tilbud_Bymisjonssenteret_Porsgrunn_mat1.jpg 1536w\" sizes=\"auto, (max-width: 1024px) 100vw, 1024px\" \/><\/figure>\n\n\n\n<figure class=\"wp-block-image size-large\"><img loading=\"lazy\" decoding=\"async\" width=\"1024\" height=\"819\" data-id=\"63\" src=\"https:\/\/kirkensbymisjon.no\/content\/uploads\/sites\/138\/2024\/08\/tilbud_Bymisjonssenteret_Porsgrunn_mat6-1024x819.jpg\" alt=\"Mat fra catering-menyen\" class=\"wp-image-63\" srcset=\"https:\/\/kirkensbymisjon.no\/content\/uploads\/sites\/138\/2024\/08\/tilbud_Bymisjonssenteret_Porsgrunn_mat6-1024x819.jpg 1024w, https:\/\/kirkensbymisjon.no\/content\/uploads\/sites\/138\/2024\/08\/tilbud_Bymisjonssenteret_Porsgrunn_mat6-300x240.jpg 300w, https:\/\/kirkensbymisjon.no\/content\/uploads\/sites\/138\/2024\/08\/tilbud_Bymisjonssenteret_Porsgrunn_mat6-768x615.jpg 768w, https:\/\/kirkensbymisjon.no\/content\/uploads\/sites\/138\/2024\/08\/tilbud_Bymisjonssenteret_Porsgrunn_mat6.jpg 1536w\" sizes=\"auto, (max-width: 1024px) 100vw, 1024px\" \/><\/figure>\n\n\n\n<figure class=\"wp-block-image size-large\"><img loading=\"lazy\" decoding=\"async\" width=\"1024\" height=\"820\" data-id=\"64\" src=\"https:\/\/kirkensbymisjon.no\/content\/uploads\/sites\/138\/2024\/08\/tilbud_Bymisjonssenteret_Porsgrunn_mat5-1024x820.jpg\" alt=\"Mat fra catering-menyen\" class=\"wp-image-64\" srcset=\"https:\/\/kirkensbymisjon.no\/content\/uploads\/sites\/138\/2024\/08\/tilbud_Bymisjonssenteret_Porsgrunn_mat5-1024x820.jpg 1024w, https:\/\/kirkensbymisjon.no\/content\/uploads\/sites\/138\/2024\/08\/tilbud_Bymisjonssenteret_Porsgrunn_mat5-300x240.jpg 300w, https:\/\/kirkensbymisjon.no\/content\/uploads\/sites\/138\/2024\/08\/tilbud_Bymisjonssenteret_Porsgrunn_mat5-768x615.jpg 768w, https:\/\/kirkensbymisjon.no\/content\/uploads\/sites\/138\/2024\/08\/tilbud_Bymisjonssenteret_Porsgrunn_mat5.jpg 1126w\" sizes=\"auto, (max-width: 1024px) 100vw, 1024px\" \/><\/figure>\n\n\n\n<figure class=\"wp-block-image size-large\"><img loading=\"lazy\" decoding=\"async\" width=\"1024\" height=\"819\" data-id=\"65\" src=\"https:\/\/kirkensbymisjon.no\/content\/uploads\/sites\/138\/2024\/08\/tilbud_Bymisjonssenteret_Porsgrunn_mat4-1024x819.jpg\" alt=\"Mat fra catering-menyen\" class=\"wp-image-65\" srcset=\"https:\/\/kirkensbymisjon.no\/content\/uploads\/sites\/138\/2024\/08\/tilbud_Bymisjonssenteret_Porsgrunn_mat4-1024x819.jpg 1024w, https:\/\/kirkensbymisjon.no\/content\/uploads\/sites\/138\/2024\/08\/tilbud_Bymisjonssenteret_Porsgrunn_mat4-300x240.jpg 300w, https:\/\/kirkensbymisjon.no\/content\/uploads\/sites\/138\/2024\/08\/tilbud_Bymisjonssenteret_Porsgrunn_mat4-768x615.jpg 768w, https:\/\/kirkensbymisjon.no\/content\/uploads\/sites\/138\/2024\/08\/tilbud_Bymisjonssenteret_Porsgrunn_mat4.jpg 1536w\" sizes=\"auto, (max-width: 1024px) 100vw, 1024px\" \/><\/figure>\n\n\n\n<figure class=\"wp-block-image size-large\"><img loading=\"lazy\" decoding=\"async\" width=\"1024\" height=\"819\" data-id=\"66\" src=\"https:\/\/kirkensbymisjon.no\/content\/uploads\/sites\/138\/2024\/08\/tilbud_Bymisjonssenteret_Porsgrunn_mat3-1024x819.jpg\" alt=\"Mat fra catering-menyen\" class=\"wp-image-66\" srcset=\"https:\/\/kirkensbymisjon.no\/content\/uploads\/sites\/138\/2024\/08\/tilbud_Bymisjonssenteret_Porsgrunn_mat3-1024x819.jpg 1024w, https:\/\/kirkensbymisjon.no\/content\/uploads\/sites\/138\/2024\/08\/tilbud_Bymisjonssenteret_Porsgrunn_mat3-300x240.jpg 300w, https:\/\/kirkensbymisjon.no\/content\/uploads\/sites\/138\/2024\/08\/tilbud_Bymisjonssenteret_Porsgrunn_mat3-768x614.jpg 768w, https:\/\/kirkensbymisjon.no\/content\/uploads\/sites\/138\/2024\/08\/tilbud_Bymisjonssenteret_Porsgrunn_mat3.jpg 1480w\" sizes=\"auto, (max-width: 1024px) 100vw, 1024px\" \/><\/figure>\n\n\n\n<figure class=\"wp-block-image size-large\"><img loading=\"lazy\" decoding=\"async\" width=\"1024\" height=\"820\" data-id=\"67\" src=\"https:\/\/kirkensbymisjon.no\/content\/uploads\/sites\/138\/2024\/08\/tilbud_Bymisjonssenteret_Porsgrunn_mat2-1024x820.jpg\" alt=\"Mat fra catering-menyen\" class=\"wp-image-67\" srcset=\"https:\/\/kirkensbymisjon.no\/content\/uploads\/sites\/138\/2024\/08\/tilbud_Bymisjonssenteret_Porsgrunn_mat2-1024x820.jpg 1024w, https:\/\/kirkensbymisjon.no\/content\/uploads\/sites\/138\/2024\/08\/tilbud_Bymisjonssenteret_Porsgrunn_mat2-300x240.jpg 300w, https:\/\/kirkensbymisjon.no\/content\/uploads\/sites\/138\/2024\/08\/tilbud_Bymisjonssenteret_Porsgrunn_mat2-768x615.jpg 768w, https:\/\/kirkensbymisjon.no\/content\/uploads\/sites\/138\/2024\/08\/tilbud_Bymisjonssenteret_Porsgrunn_mat2-1536x1229.jpg 1536w, https:\/\/kirkensbymisjon.no\/content\/uploads\/sites\/138\/2024\/08\/tilbud_Bymisjonssenteret_Porsgrunn_mat2.jpg 2048w\" sizes=\"auto, (max-width: 1024px) 100vw, 1024px\" \/><\/figure>\n<\/figure>\n\n\t\t\t<\/div>\n\t\t<\/div>\n\t<\/div>\n\t\n\n\n<h2 class=\"wp-block-heading\" id=\"h-bestilling-eller-sporsmal\">Bestilling eller sp\u00f8rsm\u00e5l<\/h2>\n\n\n\n<p>Ta gjerne kontakt med v\u00e5r dyktige kokk og kaf\u00e9leder p\u00e5 <br>e-post <a href=\"mailto:solveig.bronken.karlsen@bymisjon.no\">solveig.bronken.karlsen@bymisjon.no<\/a> eller telefon 476 60 605.<\/p>\n\n\n\n<h2 class=\"wp-block-heading\" id=\"h-noe-av-det-du-kan-velge-blant\">Noe av det du kan velge blant<\/h2>\n\n\n<div class=\"t2-accordion wp-block-t2-accordion\" data-allow-multiple=\"1\" role=\"list\">\n<div class=\"t2-accordion-item wp-block-t2-accordion-item\" role=\"listitem\">\n\t\t\t<h2 class=\"t2-accordion-title\">\n\t\t\t\t<button type=\"button\" class=\"t2-accordion-trigger\" id=\"bagetter\" aria-controls=\"accordion-panel\" aria-expanded=\"false\">\n\t\t\t\t\tBagetter\n\t\t\t\t\t<span class=\"t2-accordion-icon is-closed-icon\"><svg xmlns=\"http:\/\/www.w3.org\/2000\/svg\" viewBox=\"0 0 24 24\" height=\"24\" width=\"24\" class=\"t2-icon t2-icon-plus\" aria-hidden=\"true\" focusable=\"false\"><path d=\"M11.8 5.037a1.088 1.088 0 0 0-.722.566c-.075.148-.078.25-.078 2.772v2.619l-2.61.016c-1.867.012-2.652.03-2.756.064-.168.055-.438.301-.54.494-.049.092-.07.223-.07.432 0 .34.054.476.282.704.289.289.14.275 3.064.288l2.63.012v2.619c0 2.544.002 2.625.08 2.778.191.372.516.577.92.577s.729-.205.92-.577c.078-.153.08-.234.08-2.778v-2.619l2.63-.012c2.924-.013 2.775.001 3.064-.288.228-.228.282-.364.282-.704 0-.209-.021-.34-.07-.432-.102-.193-.372-.439-.54-.494-.104-.034-.889-.052-2.756-.064L13 10.994V8.375c0-2.522-.003-2.624-.078-2.772-.214-.418-.685-.656-1.122-.566\"\/><\/svg><\/span>\n\t\t\t\t\t<span class=\"t2-accordion-icon is-open-icon\"><svg xmlns=\"http:\/\/www.w3.org\/2000\/svg\" viewBox=\"0 0 24 24\" height=\"24\" width=\"24\" class=\"t2-icon t2-icon-chevronup\" aria-hidden=\"true\" focusable=\"false\"><path d=\"M6.7 14.7c-.2-.2-.3-.4-.3-.7s.1-.5.3-.7l4.6-4.6c.1-.1.2-.2.3-.2.1 0 .2-.1.4-.1.1 0 .3 0 .4.1.1 0 .2.1.3.2l4.6 4.6c.2.2.3.4.3.7s-.1.5-.3.7c-.2.2-.4.3-.7.3s-.5-.1-.7-.3L12 10.8l-3.9 3.9c-.2.2-.4.3-.7.3s-.5-.1-.7-.3z\" fill=\"currentColor\" \/><\/svg><\/span>\n\t\t\t\t<\/button>\n\t\t\t<\/h2>\n\t\t\t<div class=\"t2-accordion-item__inner-container is-layout-flow\" id=\"accordion-panel\" aria-labelledby=\"bagetter\" role=\"region\" hidden>\n\t\t\t\t\n\n<ul class=\"wp-block-list\">\n<li>Bagett med ost og skinke, kr 55<\/li>\n\n\n\n<li>Bagett med annet p\u00e5legg, kr 65<\/li>\n<\/ul>\n\n\n\t\t\t<\/div>\n\t\t<\/div>\n\n<div class=\"t2-accordion-item wp-block-t2-accordion-item\" role=\"listitem\">\n\t\t\t<h2 class=\"t2-accordion-title\">\n\t\t\t\t<button type=\"button\" class=\"t2-accordion-trigger\" id=\"kaker\" aria-controls=\"accordion-panel-1\" aria-expanded=\"false\">\n\t\t\t\t\tKaker\n\t\t\t\t\t<span class=\"t2-accordion-icon is-closed-icon\"><svg xmlns=\"http:\/\/www.w3.org\/2000\/svg\" viewBox=\"0 0 24 24\" height=\"24\" width=\"24\" class=\"t2-icon t2-icon-plus\" aria-hidden=\"true\" focusable=\"false\"><path d=\"M11.8 5.037a1.088 1.088 0 0 0-.722.566c-.075.148-.078.25-.078 2.772v2.619l-2.61.016c-1.867.012-2.652.03-2.756.064-.168.055-.438.301-.54.494-.049.092-.07.223-.07.432 0 .34.054.476.282.704.289.289.14.275 3.064.288l2.63.012v2.619c0 2.544.002 2.625.08 2.778.191.372.516.577.92.577s.729-.205.92-.577c.078-.153.08-.234.08-2.778v-2.619l2.63-.012c2.924-.013 2.775.001 3.064-.288.228-.228.282-.364.282-.704 0-.209-.021-.34-.07-.432-.102-.193-.372-.439-.54-.494-.104-.034-.889-.052-2.756-.064L13 10.994V8.375c0-2.522-.003-2.624-.078-2.772-.214-.418-.685-.656-1.122-.566\"\/><\/svg><\/span>\n\t\t\t\t\t<span class=\"t2-accordion-icon is-open-icon\"><svg xmlns=\"http:\/\/www.w3.org\/2000\/svg\" viewBox=\"0 0 24 24\" height=\"24\" width=\"24\" class=\"t2-icon t2-icon-chevronup\" aria-hidden=\"true\" focusable=\"false\"><path d=\"M6.7 14.7c-.2-.2-.3-.4-.3-.7s.1-.5.3-.7l4.6-4.6c.1-.1.2-.2.3-.2.1 0 .2-.1.4-.1.1 0 .3 0 .4.1.1 0 .2.1.3.2l4.6 4.6c.2.2.3.4.3.7s-.1.5-.3.7c-.2.2-.4.3-.7.3s-.5-.1-.7-.3L12 10.8l-3.9 3.9c-.2.2-.4.3-.7.3s-.5-.1-.7-.3z\" fill=\"currentColor\" \/><\/svg><\/span>\n\t\t\t\t<\/button>\n\t\t\t<\/h2>\n\t\t\t<div class=\"t2-accordion-item__inner-container is-layout-flow\" id=\"accordion-panel-1\" aria-labelledby=\"kaker\" role=\"region\" hidden>\n\t\t\t\t\n\n<ul class=\"wp-block-list\">\n<li>Budapestrull, kr 295<\/li>\n\n\n\n<li>Suksessterte, kr 375<\/li>\n\n\n\n<li>Sjokoladekake, kr 540<\/li>\n\n\n\n<li>Gulrotkake, kr 540<\/li>\n\n\n\n<li>Snickerskake, kr 450<\/li>\n<\/ul>\n\n\n\t\t\t<\/div>\n\t\t<\/div>\n\n<div class=\"t2-accordion-item wp-block-t2-accordion-item\" role=\"listitem\">\n\t\t\t<h2 class=\"t2-accordion-title\">\n\t\t\t\t<button type=\"button\" class=\"t2-accordion-trigger\" id=\"supper-med-hjemmelaget-focaccia\" aria-controls=\"accordion-panel-2\" aria-expanded=\"false\">\n\t\t\t\t\tSupper med hjemmelaget focaccia\n\t\t\t\t\t<span class=\"t2-accordion-icon is-closed-icon\"><svg xmlns=\"http:\/\/www.w3.org\/2000\/svg\" viewBox=\"0 0 24 24\" height=\"24\" width=\"24\" class=\"t2-icon t2-icon-plus\" aria-hidden=\"true\" focusable=\"false\"><path d=\"M11.8 5.037a1.088 1.088 0 0 0-.722.566c-.075.148-.078.25-.078 2.772v2.619l-2.61.016c-1.867.012-2.652.03-2.756.064-.168.055-.438.301-.54.494-.049.092-.07.223-.07.432 0 .34.054.476.282.704.289.289.14.275 3.064.288l2.63.012v2.619c0 2.544.002 2.625.08 2.778.191.372.516.577.92.577s.729-.205.92-.577c.078-.153.08-.234.08-2.778v-2.619l2.63-.012c2.924-.013 2.775.001 3.064-.288.228-.228.282-.364.282-.704 0-.209-.021-.34-.07-.432-.102-.193-.372-.439-.54-.494-.104-.034-.889-.052-2.756-.064L13 10.994V8.375c0-2.522-.003-2.624-.078-2.772-.214-.418-.685-.656-1.122-.566\"\/><\/svg><\/span>\n\t\t\t\t\t<span class=\"t2-accordion-icon is-open-icon\"><svg xmlns=\"http:\/\/www.w3.org\/2000\/svg\" viewBox=\"0 0 24 24\" height=\"24\" width=\"24\" class=\"t2-icon t2-icon-chevronup\" aria-hidden=\"true\" focusable=\"false\"><path d=\"M6.7 14.7c-.2-.2-.3-.4-.3-.7s.1-.5.3-.7l4.6-4.6c.1-.1.2-.2.3-.2.1 0 .2-.1.4-.1.1 0 .3 0 .4.1.1 0 .2.1.3.2l4.6 4.6c.2.2.3.4.3.7s-.1.5-.3.7c-.2.2-.4.3-.7.3s-.5-.1-.7-.3L12 10.8l-3.9 3.9c-.2.2-.4.3-.7.3s-.5-.1-.7-.3z\" fill=\"currentColor\" \/><\/svg><\/span>\n\t\t\t\t<\/button>\n\t\t\t<\/h2>\n\t\t\t<div class=\"t2-accordion-item__inner-container is-layout-flow\" id=\"accordion-panel-2\" aria-labelledby=\"supper-med-hjemmelaget-focaccia\" role=\"region\" hidden>\n\t\t\t\t\n\n<p>Vi kan ogs\u00e5 tilby flere typer supper: <br>Blomk\u00e5lsuppe, aspargessuppe, kyllingsuppe, betasuppe, tacosuppe, s\u00f8tpotetsuppe, gr\u00f8nnsakssuppe og meksikansk tomatsuppe.<\/p>\n\n\n\n<p>Alle supper serveres med hjemmelaget focaccia.<\/p>\n\n\n\t\t\t<\/div>\n\t\t<\/div>\n\n<div class=\"t2-accordion-item wp-block-t2-accordion-item\" role=\"listitem\">\n\t\t\t<h2 class=\"t2-accordion-title\">\n\t\t\t\t<button type=\"button\" class=\"t2-accordion-trigger\" id=\"salat-og-annet\" aria-controls=\"accordion-panel-3\" aria-expanded=\"false\">\n\t\t\t\t\tSalat og annet\n\t\t\t\t\t<span class=\"t2-accordion-icon is-closed-icon\"><svg xmlns=\"http:\/\/www.w3.org\/2000\/svg\" viewBox=\"0 0 24 24\" height=\"24\" width=\"24\" class=\"t2-icon t2-icon-plus\" aria-hidden=\"true\" focusable=\"false\"><path d=\"M11.8 5.037a1.088 1.088 0 0 0-.722.566c-.075.148-.078.25-.078 2.772v2.619l-2.61.016c-1.867.012-2.652.03-2.756.064-.168.055-.438.301-.54.494-.049.092-.07.223-.07.432 0 .34.054.476.282.704.289.289.14.275 3.064.288l2.63.012v2.619c0 2.544.002 2.625.08 2.778.191.372.516.577.92.577s.729-.205.92-.577c.078-.153.08-.234.08-2.778v-2.619l2.63-.012c2.924-.013 2.775.001 3.064-.288.228-.228.282-.364.282-.704 0-.209-.021-.34-.07-.432-.102-.193-.372-.439-.54-.494-.104-.034-.889-.052-2.756-.064L13 10.994V8.375c0-2.522-.003-2.624-.078-2.772-.214-.418-.685-.656-1.122-.566\"\/><\/svg><\/span>\n\t\t\t\t\t<span class=\"t2-accordion-icon is-open-icon\"><svg xmlns=\"http:\/\/www.w3.org\/2000\/svg\" viewBox=\"0 0 24 24\" height=\"24\" width=\"24\" class=\"t2-icon t2-icon-chevronup\" aria-hidden=\"true\" focusable=\"false\"><path d=\"M6.7 14.7c-.2-.2-.3-.4-.3-.7s.1-.5.3-.7l4.6-4.6c.1-.1.2-.2.3-.2.1 0 .2-.1.4-.1.1 0 .3 0 .4.1.1 0 .2.1.3.2l4.6 4.6c.2.2.3.4.3.7s-.1.5-.3.7c-.2.2-.4.3-.7.3s-.5-.1-.7-.3L12 10.8l-3.9 3.9c-.2.2-.4.3-.7.3s-.5-.1-.7-.3z\" fill=\"currentColor\" \/><\/svg><\/span>\n\t\t\t\t<\/button>\n\t\t\t<\/h2>\n\t\t\t<div class=\"t2-accordion-item__inner-container is-layout-flow\" id=\"accordion-panel-3\" aria-labelledby=\"salat-og-annet\" role=\"region\" hidden>\n\t\t\t\t\n\n<p>Vi kan ogs\u00e5 tiby salat-lunsj, lunsjtallerken, karbonadesm\u00f8rbr\u00f8d m.m.<\/p>\n\n\n\t\t\t<\/div>\n\t\t<\/div>\n\n<div class=\"t2-accordion-item wp-block-t2-accordion-item\" role=\"listitem\">\n\t\t\t<h2 class=\"t2-accordion-title\">\n\t\t\t\t<button type=\"button\" class=\"t2-accordion-trigger\" id=\"allergener\" aria-controls=\"accordion-panel-4\" aria-expanded=\"false\">\n\t\t\t\t\tAllergener\n\t\t\t\t\t<span class=\"t2-accordion-icon is-closed-icon\"><svg xmlns=\"http:\/\/www.w3.org\/2000\/svg\" viewBox=\"0 0 24 24\" height=\"24\" width=\"24\" class=\"t2-icon t2-icon-plus\" aria-hidden=\"true\" focusable=\"false\"><path d=\"M11.8 5.037a1.088 1.088 0 0 0-.722.566c-.075.148-.078.25-.078 2.772v2.619l-2.61.016c-1.867.012-2.652.03-2.756.064-.168.055-.438.301-.54.494-.049.092-.07.223-.07.432 0 .34.054.476.282.704.289.289.14.275 3.064.288l2.63.012v2.619c0 2.544.002 2.625.08 2.778.191.372.516.577.92.577s.729-.205.92-.577c.078-.153.08-.234.08-2.778v-2.619l2.63-.012c2.924-.013 2.775.001 3.064-.288.228-.228.282-.364.282-.704 0-.209-.021-.34-.07-.432-.102-.193-.372-.439-.54-.494-.104-.034-.889-.052-2.756-.064L13 10.994V8.375c0-2.522-.003-2.624-.078-2.772-.214-.418-.685-.656-1.122-.566\"\/><\/svg><\/span>\n\t\t\t\t\t<span class=\"t2-accordion-icon is-open-icon\"><svg xmlns=\"http:\/\/www.w3.org\/2000\/svg\" viewBox=\"0 0 24 24\" height=\"24\" width=\"24\" class=\"t2-icon t2-icon-chevronup\" aria-hidden=\"true\" focusable=\"false\"><path d=\"M6.7 14.7c-.2-.2-.3-.4-.3-.7s.1-.5.3-.7l4.6-4.6c.1-.1.2-.2.3-.2.1 0 .2-.1.4-.1.1 0 .3 0 .4.1.1 0 .2.1.3.2l4.6 4.6c.2.2.3.4.3.7s-.1.5-.3.7c-.2.2-.4.3-.7.3s-.5-.1-.7-.3L12 10.8l-3.9 3.9c-.2.2-.4.3-.7.3s-.5-.1-.7-.3z\" fill=\"currentColor\" \/><\/svg><\/span>\n\t\t\t\t<\/button>\n\t\t\t<\/h2>\n\t\t\t<div class=\"t2-accordion-item__inner-container is-layout-flow\" id=\"accordion-panel-4\" aria-labelledby=\"allergener\" role=\"region\" hidden>\n\t\t\t\t\n\n<p><strong>Kaker <br><\/strong>Budapestrull: Egg, lactose.<br>Gulrotkake: Egg, lactose, gluten.<br>Sjokoladekake: Egg, lactose, gluten.<br>Snickerskake: Egg, lactose, gluten, n\u00f8tter.<br>Verdens beste: Egg, lactose, gluten, n\u00f8tter.<br>Suksessterte: Egg, lactose, n\u00f8tter.<\/p>\n\n\n\n<p><strong>Br\u00f8dmat<br><\/strong>Focaccia: Gluten.<br>Karbonadesm\u00f8rbr\u00f8d m\/l\u00f8k: Gluten i br\u00f8det og lactose i sm\u00f8ret p\u00e5 skiva.<\/p>\n\n\n\n<p><strong>Supper<br><\/strong>Gr\u00f8nsakssuppe kokt p\u00e5 svineknoke. Ingen allergener.<br>Tacosuppe: Ingen allergener.<br>S\u00f8tpotetsuppe: Ingen allergener.<br>Asparges suppe: Lactose, gluten.<br>Blomk\u00e5lsuppe: Lactose, gluten.<br>Meksikansk tomatsuppe: Lactose, gluten.<br>Betasuppe: Gluten, sellerirot.<br>Kyllingsuppe: Egg, lactose, gluten, sellerirot.<br><br><\/p>\n\n\n\n<p>Her kan du lese mer om allergener:&nbsp;<a href=\"https:\/\/www.mattilsynet.no\/mat-og-drikke\/startpakke-for-nye-matbedrifter?kapittel=6-merking-av-allergener\">Mattilsynet.n<\/a><a href=\"https:\/\/www.matportalen.no\/rad_til_spesielle_grupper\/tema\/allergikere\/14_kategorier_allergene_ingredienser_som_alltid_skal_merkes\" target=\"_blank\" rel=\"noreferrer noopener\">o<\/a><\/p>\n\n\n\t\t\t<\/div>\n\t\t<\/div>\n<\/div>","protected":false},"excerpt":{"rendered":"<p>Vi tilbyr catering med nydelige kaker, bagetter og lunsjpakker p\u00e5 bestilling for b\u00e5de private og&hellip;<\/p>\n","protected":false},"author":5,"featured_media":0,"parent":23,"menu_order":0,"comment_status":"closed","ping_status":"closed","template":"","meta":{"_relevanssi_hide_post":"","_relevanssi_hide_content":"","_relevanssi_pin_for_all":"","_relevanssi_pin_keywords":"","_relevanssi_unpin_keywords":"","_relevanssi_related_keywords":"","_relevanssi_related_include_ids":"","_relevanssi_related_exclude_ids":"","_relevanssi_related_no_append":"","_relevanssi_related_not_related":"","_relevanssi_related_posts":"1","_relevanssi_noindex_reason":"","editor_notices":[],"footnotes":""},"class_list":["post-44","page","type-page","status-publish","hentry"],"yoast_head":"<!-- This site is optimized with the Yoast SEO Premium plugin v27.2 (Yoast SEO v27.4) - https:\/\/yoast.com\/product\/yoast-seo-premium-wordpress\/ -->\n<title>Catering - Bymisjonssenteret, Porsgrunn<\/title>\n<meta name=\"robots\" content=\"index, follow, max-snippet:-1, max-image-preview:large, max-video-preview:-1\" \/>\n<link rel=\"canonical\" href=\"https:\/\/kirkensbymisjon.no\/tilbud-bymisjonssenteret-porsgrunn\/kafe\/catering\/\" \/>\n<meta property=\"og:locale\" content=\"nb_NO\" \/>\n<meta property=\"og:type\" content=\"article\" \/>\n<meta property=\"og:title\" content=\"Catering\" \/>\n<meta property=\"og:description\" content=\"Vi tilbyr catering med nydelige kaker, bagetter og lunsjpakker p\u00e5 bestilling for b\u00e5de private og&hellip;\" \/>\n<meta property=\"og:url\" content=\"https:\/\/kirkensbymisjon.no\/tilbud-bymisjonssenteret-porsgrunn\/kafe\/catering\/\" \/>\n<meta property=\"og:site_name\" content=\"Bymisjonssenteret, Porsgrunn\" \/>\n<meta property=\"article:modified_time\" content=\"2026-01-30T08:39:18+00:00\" \/>\n<meta property=\"og:image\" content=\"https:\/\/kirkensbymisjon.no\/content\/uploads\/sites\/138\/2024\/08\/tilbud_Bymisjonssenteret_Porsgrunn_mat1.jpg\" \/>\n\t<meta property=\"og:image:width\" content=\"1536\" \/>\n\t<meta property=\"og:image:height\" content=\"1229\" \/>\n\t<meta property=\"og:image:type\" content=\"image\/jpeg\" \/>\n<meta name=\"twitter:card\" content=\"summary_large_image\" \/>\n<meta name=\"twitter:label1\" content=\"Ansl. lesetid\" \/>\n\t<meta name=\"twitter:data1\" content=\"3 minutter\" \/>\n<script type=\"application\/ld+json\" class=\"yoast-schema-graph\">{\"@context\":\"https:\\\/\\\/schema.org\",\"@graph\":[{\"@type\":\"WebPage\",\"@id\":\"https:\\\/\\\/kirkensbymisjon.no\\\/tilbud-bymisjonssenteret-porsgrunn\\\/kafe\\\/catering\\\/\",\"url\":\"https:\\\/\\\/kirkensbymisjon.no\\\/tilbud-bymisjonssenteret-porsgrunn\\\/kafe\\\/catering\\\/\",\"name\":\"Catering - Bymisjonssenteret, Porsgrunn\",\"isPartOf\":{\"@id\":\"https:\\\/\\\/kirkensbymisjon.no\\\/tilbud-bymisjonssenteret-porsgrunn\\\/#website\"},\"primaryImageOfPage\":{\"@id\":\"https:\\\/\\\/kirkensbymisjon.no\\\/tilbud-bymisjonssenteret-porsgrunn\\\/kafe\\\/catering\\\/#primaryimage\"},\"image\":{\"@id\":\"https:\\\/\\\/kirkensbymisjon.no\\\/tilbud-bymisjonssenteret-porsgrunn\\\/kafe\\\/catering\\\/#primaryimage\"},\"thumbnailUrl\":\"https:\\\/\\\/kirkensbymisjon.no\\\/content\\\/uploads\\\/sites\\\/138\\\/2024\\\/08\\\/tilbud_Bymisjonssenteret_Porsgrunn_mat1-1024x819.jpg\",\"datePublished\":\"2024-08-16T07:22:00+00:00\",\"dateModified\":\"2026-01-30T08:39:18+00:00\",\"breadcrumb\":{\"@id\":\"https:\\\/\\\/kirkensbymisjon.no\\\/tilbud-bymisjonssenteret-porsgrunn\\\/kafe\\\/catering\\\/#breadcrumb\"},\"inLanguage\":\"nb-NO\",\"potentialAction\":[{\"@type\":\"ReadAction\",\"target\":[\"https:\\\/\\\/kirkensbymisjon.no\\\/tilbud-bymisjonssenteret-porsgrunn\\\/kafe\\\/catering\\\/\"]}]},{\"@type\":\"ImageObject\",\"inLanguage\":\"nb-NO\",\"@id\":\"https:\\\/\\\/kirkensbymisjon.no\\\/tilbud-bymisjonssenteret-porsgrunn\\\/kafe\\\/catering\\\/#primaryimage\",\"url\":\"https:\\\/\\\/kirkensbymisjon.no\\\/content\\\/uploads\\\/sites\\\/138\\\/2024\\\/08\\\/tilbud_Bymisjonssenteret_Porsgrunn_mat1-1024x819.jpg\",\"contentUrl\":\"https:\\\/\\\/kirkensbymisjon.no\\\/content\\\/uploads\\\/sites\\\/138\\\/2024\\\/08\\\/tilbud_Bymisjonssenteret_Porsgrunn_mat1-1024x819.jpg\"},{\"@type\":\"BreadcrumbList\",\"@id\":\"https:\\\/\\\/kirkensbymisjon.no\\\/tilbud-bymisjonssenteret-porsgrunn\\\/kafe\\\/catering\\\/#breadcrumb\",\"itemListElement\":[{\"@type\":\"ListItem\",\"position\":1,\"name\":\"Hjem\",\"item\":\"https:\\\/\\\/kirkensbymisjon.no\\\/tilbud-bymisjonssenteret-porsgrunn\\\/\"},{\"@type\":\"ListItem\",\"position\":2,\"name\":\"Kaf\u00e9\",\"item\":\"https:\\\/\\\/kirkensbymisjon.no\\\/tilbud-bymisjonssenteret-porsgrunn\\\/kafe\\\/\"},{\"@type\":\"ListItem\",\"position\":3,\"name\":\"Catering\"}]},{\"@type\":\"WebSite\",\"@id\":\"https:\\\/\\\/kirkensbymisjon.no\\\/tilbud-bymisjonssenteret-porsgrunn\\\/#website\",\"url\":\"https:\\\/\\\/kirkensbymisjon.no\\\/tilbud-bymisjonssenteret-porsgrunn\\\/\",\"name\":\"Bymisjonssenteret, Porsgrunn\",\"description\":\"\",\"potentialAction\":[{\"@type\":\"SearchAction\",\"target\":{\"@type\":\"EntryPoint\",\"urlTemplate\":\"https:\\\/\\\/kirkensbymisjon.no\\\/tilbud-bymisjonssenteret-porsgrunn\\\/?s={search_term_string}\"},\"query-input\":{\"@type\":\"PropertyValueSpecification\",\"valueRequired\":true,\"valueName\":\"search_term_string\"}}],\"inLanguage\":\"nb-NO\"}]}<\/script>\n<!-- \/ Yoast SEO Premium plugin. -->","yoast_head_json":{"title":"Catering - Bymisjonssenteret, Porsgrunn","robots":{"index":"index","follow":"follow","max-snippet":"max-snippet:-1","max-image-preview":"max-image-preview:large","max-video-preview":"max-video-preview:-1"},"canonical":"https:\/\/kirkensbymisjon.no\/tilbud-bymisjonssenteret-porsgrunn\/kafe\/catering\/","og_locale":"nb_NO","og_type":"article","og_title":"Catering","og_description":"Vi tilbyr catering med nydelige kaker, bagetter og lunsjpakker p\u00e5 bestilling for b\u00e5de private og&hellip;","og_url":"https:\/\/kirkensbymisjon.no\/tilbud-bymisjonssenteret-porsgrunn\/kafe\/catering\/","og_site_name":"Bymisjonssenteret, Porsgrunn","article_modified_time":"2026-01-30T08:39:18+00:00","og_image":[{"width":1536,"height":1229,"url":"https:\/\/kirkensbymisjon.no\/content\/uploads\/sites\/138\/2024\/08\/tilbud_Bymisjonssenteret_Porsgrunn_mat1.jpg","type":"image\/jpeg"}],"twitter_card":"summary_large_image","twitter_misc":{"Ansl. lesetid":"3 minutter"},"schema":{"@context":"https:\/\/schema.org","@graph":[{"@type":"WebPage","@id":"https:\/\/kirkensbymisjon.no\/tilbud-bymisjonssenteret-porsgrunn\/kafe\/catering\/","url":"https:\/\/kirkensbymisjon.no\/tilbud-bymisjonssenteret-porsgrunn\/kafe\/catering\/","name":"Catering - Bymisjonssenteret, Porsgrunn","isPartOf":{"@id":"https:\/\/kirkensbymisjon.no\/tilbud-bymisjonssenteret-porsgrunn\/#website"},"primaryImageOfPage":{"@id":"https:\/\/kirkensbymisjon.no\/tilbud-bymisjonssenteret-porsgrunn\/kafe\/catering\/#primaryimage"},"image":{"@id":"https:\/\/kirkensbymisjon.no\/tilbud-bymisjonssenteret-porsgrunn\/kafe\/catering\/#primaryimage"},"thumbnailUrl":"https:\/\/kirkensbymisjon.no\/content\/uploads\/sites\/138\/2024\/08\/tilbud_Bymisjonssenteret_Porsgrunn_mat1-1024x819.jpg","datePublished":"2024-08-16T07:22:00+00:00","dateModified":"2026-01-30T08:39:18+00:00","breadcrumb":{"@id":"https:\/\/kirkensbymisjon.no\/tilbud-bymisjonssenteret-porsgrunn\/kafe\/catering\/#breadcrumb"},"inLanguage":"nb-NO","potentialAction":[{"@type":"ReadAction","target":["https:\/\/kirkensbymisjon.no\/tilbud-bymisjonssenteret-porsgrunn\/kafe\/catering\/"]}]},{"@type":"ImageObject","inLanguage":"nb-NO","@id":"https:\/\/kirkensbymisjon.no\/tilbud-bymisjonssenteret-porsgrunn\/kafe\/catering\/#primaryimage","url":"https:\/\/kirkensbymisjon.no\/content\/uploads\/sites\/138\/2024\/08\/tilbud_Bymisjonssenteret_Porsgrunn_mat1-1024x819.jpg","contentUrl":"https:\/\/kirkensbymisjon.no\/content\/uploads\/sites\/138\/2024\/08\/tilbud_Bymisjonssenteret_Porsgrunn_mat1-1024x819.jpg"},{"@type":"BreadcrumbList","@id":"https:\/\/kirkensbymisjon.no\/tilbud-bymisjonssenteret-porsgrunn\/kafe\/catering\/#breadcrumb","itemListElement":[{"@type":"ListItem","position":1,"name":"Hjem","item":"https:\/\/kirkensbymisjon.no\/tilbud-bymisjonssenteret-porsgrunn\/"},{"@type":"ListItem","position":2,"name":"Kaf\u00e9","item":"https:\/\/kirkensbymisjon.no\/tilbud-bymisjonssenteret-porsgrunn\/kafe\/"},{"@type":"ListItem","position":3,"name":"Catering"}]},{"@type":"WebSite","@id":"https:\/\/kirkensbymisjon.no\/tilbud-bymisjonssenteret-porsgrunn\/#website","url":"https:\/\/kirkensbymisjon.no\/tilbud-bymisjonssenteret-porsgrunn\/","name":"Bymisjonssenteret, Porsgrunn","description":"","potentialAction":[{"@type":"SearchAction","target":{"@type":"EntryPoint","urlTemplate":"https:\/\/kirkensbymisjon.no\/tilbud-bymisjonssenteret-porsgrunn\/?s={search_term_string}"},"query-input":{"@type":"PropertyValueSpecification","valueRequired":true,"valueName":"search_term_string"}}],"inLanguage":"nb-NO"}]}},"_links":{"self":[{"href":"https:\/\/kirkensbymisjon.no\/tilbud-bymisjonssenteret-porsgrunn\/wp-json\/wp\/v2\/pages\/44","targetHints":{"allow":["GET"]}}],"collection":[{"href":"https:\/\/kirkensbymisjon.no\/tilbud-bymisjonssenteret-porsgrunn\/wp-json\/wp\/v2\/pages"}],"about":[{"href":"https:\/\/kirkensbymisjon.no\/tilbud-bymisjonssenteret-porsgrunn\/wp-json\/wp\/v2\/types\/page"}],"author":[{"embeddable":true,"href":"https:\/\/kirkensbymisjon.no\/tilbud-bymisjonssenteret-porsgrunn\/wp-json\/wp\/v2\/users\/5"}],"replies":[{"embeddable":true,"href":"https:\/\/kirkensbymisjon.no\/tilbud-bymisjonssenteret-porsgrunn\/wp-json\/wp\/v2\/comments?post=44"}],"version-history":[{"count":5,"href":"https:\/\/kirkensbymisjon.no\/tilbud-bymisjonssenteret-porsgrunn\/wp-json\/wp\/v2\/pages\/44\/revisions"}],"predecessor-version":[{"id":129,"href":"https:\/\/kirkensbymisjon.no\/tilbud-bymisjonssenteret-porsgrunn\/wp-json\/wp\/v2\/pages\/44\/revisions\/129"}],"up":[{"embeddable":true,"href":"https:\/\/kirkensbymisjon.no\/tilbud-bymisjonssenteret-porsgrunn\/wp-json\/wp\/v2\/pages\/23"}],"wp:attachment":[{"href":"https:\/\/kirkensbymisjon.no\/tilbud-bymisjonssenteret-porsgrunn\/wp-json\/wp\/v2\/media?parent=44"}],"curies":[{"name":"wp","href":"https:\/\/api.w.org\/{rel}","templated":true}]}}