{"id":37,"date":"2024-08-23T11:24:53","date_gmt":"2024-08-23T09:24:53","guid":{"rendered":"https:\/\/kirkensbymisjon.no\/tilbud-camp-killingen\/?page_id=37"},"modified":"2026-03-23T13:58:20","modified_gmt":"2026-03-23T12:58:20","slug":"feriekoloni","status":"publish","type":"page","link":"https:\/\/kirkensbymisjon.no\/tilbud-camp-killingen\/feriekoloni\/","title":{"rendered":"Feriekoloni"},"content":{"rendered":"\n<blockquote class=\"wp-block-quote is-layout-flow wp-block-quote-is-layout-flow\">\n<p>Den gode stemningen har vi her fra dag \u00e9n. Jeg tror vi voksne er med og bidrar mye til akkurat det, mange av oss har v\u00e6rt her over flere \u00e5r. S\u00e5 er det viktig for oss \u00e5 m\u00f8te ungene der de er. I tillegg har vi tid og er tilstede for dem.&nbsp;<\/p>\n<cite>Runi Wittbank, ansatt p\u00e5 feriekolonien<\/cite><\/blockquote>\n\n\n\n<figure class=\"wp-block-image size-full\"><img loading=\"lazy\" decoding=\"async\" width=\"961\" height=\"533\" src=\"https:\/\/kirkensbymisjon.no\/content\/uploads\/sites\/142\/2024\/08\/Tilbud_Camp-Killingen_05.png\" alt=\"Glade barn som l\u00f8per langs en sti\" class=\"wp-image-9\" srcset=\"https:\/\/kirkensbymisjon.no\/content\/uploads\/sites\/142\/2024\/08\/Tilbud_Camp-Killingen_05.png 961w, https:\/\/kirkensbymisjon.no\/content\/uploads\/sites\/142\/2024\/08\/Tilbud_Camp-Killingen_05-300x166.png 300w, https:\/\/kirkensbymisjon.no\/content\/uploads\/sites\/142\/2024\/08\/Tilbud_Camp-Killingen_05-768x426.png 768w\" sizes=\"auto, (max-width: 961px) 100vw, 961px\" \/><\/figure>\n\n\n\n<p>Hver sommerferie arrangerer vi feriekolonier for barn og ungdom i alderen 8 til 14 \u00e5r. Etter en uke med feriekoloni p\u00e5 Camp Killingen kommer barn og unge hjem med sekken full av b\u00e5de opplevelser og nye vennskapsb\u00e5nd. Feriekolonien gjennomf\u00f8res s\u00e5 alle kan delta. Form\u00e5let er \u00e5 skape gode sommerferieminner for alle \u2013 uansett livssituasjon.<\/p>\n\n\n\n<p>Dette er en uke uten mobil- og databruk, men med nye venner og gode opplevelser som gir barna minner for livet. Stedet er slik utformet at alle finner noe de liker \u00e5 gj\u00f8re. I tillegg til sj\u00f8liv med fisking, seiling, padling og bading er det aktiviteter som fotball, kanonball, volleyball og bordtennis. For de som trenger en pust i bakken er det mulighet til \u00e5 l\u00e6re seg \u00e5 spille gitar, lage en leirgauk, bli med p\u00e5 en yoga-time \u2013 eller kanskje slappe av i ei hengek\u00f8ye.<\/p>\n\n\n\n<p><strong><strong>Feriekoloniene for 2026 avholdes slik:<\/strong><\/strong><\/p>\n\n\n\n<ul class=\"wp-block-list\">\n<li>29.06\u201303.07: Barn f\u00f8dt 2015\u20132018.<\/li>\n\n\n\n<li>06.07\u201310.07: Barn f\u00f8dt 2015\u20132018.<\/li>\n\n\n\n<li>13.07\u201317.07: Barn f\u00f8dt 2012\u20132014.<\/li>\n<\/ul>\n\n\n\n<h2 class=\"wp-block-heading\" id=\"pamelding\">P\u00e5melding<\/h2>\n\n\n\n<p><a href=\"https:\/\/forms.office.com\/pages\/responsepage.aspx?id=gi4gAoiyy0qLCn-EBKR828Rh9eEIIntJq-MRuRANTGNUMTdQRVRBTlFIMFBUVjY5MTdYOUQxNlBGVi4u&amp;route=shorturl\">Her kan du melde deg p\u00e5 feriekoloni 2026.<\/a><\/p>\n\n\n\n<h2 class=\"wp-block-heading\" id=\"h-ofte-stilte-sporsmal\">Ofte stilte sp\u00f8rsm\u00e5l<\/h2>\n\n\n<div class=\"t2-accordion wp-block-t2-accordion\" data-allow-multiple=\"1\" role=\"list\">\n<div class=\"t2-accordion-item wp-block-t2-accordion-item\" role=\"listitem\">\n\t\t\t<h3 class=\"t2-accordion-title\">\n\t\t\t\t<button type=\"button\" class=\"t2-accordion-trigger\" id=\"hva-koster-det-\u00e5-delta?\" aria-controls=\"accordion-panel\" aria-expanded=\"false\">\n\t\t\t\t\tHva koster det \u00e5 delta?\n\t\t\t\t\t<span class=\"t2-accordion-icon is-closed-icon\"><svg xmlns=\"http:\/\/www.w3.org\/2000\/svg\" viewBox=\"0 0 24 24\" height=\"24\" width=\"24\" class=\"t2-icon t2-icon-plus\" aria-hidden=\"true\" focusable=\"false\"><path d=\"M11.8 5.037a1.088 1.088 0 0 0-.722.566c-.075.148-.078.25-.078 2.772v2.619l-2.61.016c-1.867.012-2.652.03-2.756.064-.168.055-.438.301-.54.494-.049.092-.07.223-.07.432 0 .34.054.476.282.704.289.289.14.275 3.064.288l2.63.012v2.619c0 2.544.002 2.625.08 2.778.191.372.516.577.92.577s.729-.205.92-.577c.078-.153.08-.234.08-2.778v-2.619l2.63-.012c2.924-.013 2.775.001 3.064-.288.228-.228.282-.364.282-.704 0-.209-.021-.34-.07-.432-.102-.193-.372-.439-.54-.494-.104-.034-.889-.052-2.756-.064L13 10.994V8.375c0-2.522-.003-2.624-.078-2.772-.214-.418-.685-.656-1.122-.566\"\/><\/svg><\/span>\n\t\t\t\t\t<span class=\"t2-accordion-icon is-open-icon\"><svg xmlns=\"http:\/\/www.w3.org\/2000\/svg\" viewBox=\"0 0 24 24\" height=\"24\" width=\"24\" class=\"t2-icon t2-icon-chevronup\" aria-hidden=\"true\" focusable=\"false\"><path d=\"M6.7 14.7c-.2-.2-.3-.4-.3-.7s.1-.5.3-.7l4.6-4.6c.1-.1.2-.2.3-.2.1 0 .2-.1.4-.1.1 0 .3 0 .4.1.1 0 .2.1.3.2l4.6 4.6c.2.2.3.4.3.7s-.1.5-.3.7c-.2.2-.4.3-.7.3s-.5-.1-.7-.3L12 10.8l-3.9 3.9c-.2.2-.4.3-.7.3s-.5-.1-.7-.3z\" fill=\"currentColor\" \/><\/svg><\/span>\n\t\t\t\t<\/button>\n\t\t\t<\/h3>\n\t\t\t<div class=\"t2-accordion-item__inner-container is-layout-flow\" id=\"accordion-panel\" aria-labelledby=\"hva-koster-det-\u00e5-delta?\" role=\"region\" hidden>\n\t\t\t\t\n\n<p>Kr 3 700,\u2013 pr. uke\/periode \u00e0 fem dager. <br>Det gis s\u00f8skenmoderasjon med kr 500,\u2013 pr. barn. <br>Transport t\/r Drammen og alle m\u00e5ltider er inkludert i prisen. <br><a href=\"\/tilbud-camp-killingen\/kontaktinformasjon\">Ta kontakt<\/a> ved sp\u00f8rsm\u00e5l rundt betaling.<\/p>\n\n\n\t\t\t<\/div>\n\t\t<\/div>\n\n<div class=\"t2-accordion-item wp-block-t2-accordion-item\" role=\"listitem\">\n\t\t\t<h3 class=\"t2-accordion-title\">\n\t\t\t\t<button type=\"button\" class=\"t2-accordion-trigger\" id=\"hvordan-ser-en-vanlig-dag-ut-p\u00e5-feriekolonien?\" aria-controls=\"accordion-panel-1\" aria-expanded=\"false\">\n\t\t\t\t\tHvordan ser en vanlig dag ut p\u00e5 feriekolonien?\n\t\t\t\t\t<span class=\"t2-accordion-icon is-closed-icon\"><svg xmlns=\"http:\/\/www.w3.org\/2000\/svg\" viewBox=\"0 0 24 24\" height=\"24\" width=\"24\" class=\"t2-icon t2-icon-plus\" aria-hidden=\"true\" focusable=\"false\"><path d=\"M11.8 5.037a1.088 1.088 0 0 0-.722.566c-.075.148-.078.25-.078 2.772v2.619l-2.61.016c-1.867.012-2.652.03-2.756.064-.168.055-.438.301-.54.494-.049.092-.07.223-.07.432 0 .34.054.476.282.704.289.289.14.275 3.064.288l2.63.012v2.619c0 2.544.002 2.625.08 2.778.191.372.516.577.92.577s.729-.205.92-.577c.078-.153.08-.234.08-2.778v-2.619l2.63-.012c2.924-.013 2.775.001 3.064-.288.228-.228.282-.364.282-.704 0-.209-.021-.34-.07-.432-.102-.193-.372-.439-.54-.494-.104-.034-.889-.052-2.756-.064L13 10.994V8.375c0-2.522-.003-2.624-.078-2.772-.214-.418-.685-.656-1.122-.566\"\/><\/svg><\/span>\n\t\t\t\t\t<span class=\"t2-accordion-icon is-open-icon\"><svg xmlns=\"http:\/\/www.w3.org\/2000\/svg\" viewBox=\"0 0 24 24\" height=\"24\" width=\"24\" class=\"t2-icon t2-icon-chevronup\" aria-hidden=\"true\" focusable=\"false\"><path d=\"M6.7 14.7c-.2-.2-.3-.4-.3-.7s.1-.5.3-.7l4.6-4.6c.1-.1.2-.2.3-.2.1 0 .2-.1.4-.1.1 0 .3 0 .4.1.1 0 .2.1.3.2l4.6 4.6c.2.2.3.4.3.7s-.1.5-.3.7c-.2.2-.4.3-.7.3s-.5-.1-.7-.3L12 10.8l-3.9 3.9c-.2.2-.4.3-.7.3s-.5-.1-.7-.3z\" fill=\"currentColor\" \/><\/svg><\/span>\n\t\t\t\t<\/button>\n\t\t\t<\/h3>\n\t\t\t<div class=\"t2-accordion-item__inner-container is-layout-flow\" id=\"accordion-panel-1\" aria-labelledby=\"hvordan-ser-en-vanlig-dag-ut-p\u00e5-feriekolonien?\" role=\"region\" hidden>\n\t\t\t\t\n\n<p> Halvparten av aktivitetstiden best\u00e5r av felles aktiviteter \u2013 resten er \u00abfritt\u00bb. <\/p>\n\n\n\n<ul class=\"wp-block-list\">\n<li>Kl. 08.30: Vekking.<\/li>\n\n\n\n<li>Kl. 09.00: Frokost (havregr\u00f8t og br\u00f8dmat).<\/li>\n\n\n\n<li>Kl. 09.30\u201312.30: Aktiviteter.<\/li>\n\n\n\n<li>Kl. 12.30: Lunsj.<\/li>\n\n\n\n<li>Kl. 13.30\u201316.30: Aktiviteter.<\/li>\n\n\n\n<li>Kl. 17.00: Middag <br>(bytter mellom spagetti, taco, fiskekaker, hamburger\/grillp\u00f8lser).<\/li>\n\n\n\n<li>Kl. 18.00\u201321.30: Aktiviteter.<\/li>\n\n\n\n<li>Kl. 19.30: Film p\u00e5 storskjerm.<\/li>\n\n\n\n<li>Kl. 20.30: Kveldsmat.<\/li>\n\n\n\n<li>Kl. 21.30: Tannpuss.<\/li>\n\n\n\n<li>Kl. 22.00: Leggetid.<\/li>\n<\/ul>\n\n\n\t\t\t<\/div>\n\t\t<\/div>\n\n<div class=\"t2-accordion-item wp-block-t2-accordion-item\" role=\"listitem\">\n\t\t\t<h3 class=\"t2-accordion-title\">\n\t\t\t\t<button type=\"button\" class=\"t2-accordion-trigger\" id=\"hvor-mange-deltar-vanligvis-p\u00e5-feriekolonien?\" aria-controls=\"accordion-panel-2\" aria-expanded=\"false\">\n\t\t\t\t\tHvor mange deltar vanligvis p\u00e5 feriekolonien?\n\t\t\t\t\t<span class=\"t2-accordion-icon is-closed-icon\"><svg xmlns=\"http:\/\/www.w3.org\/2000\/svg\" viewBox=\"0 0 24 24\" height=\"24\" width=\"24\" class=\"t2-icon t2-icon-plus\" aria-hidden=\"true\" focusable=\"false\"><path d=\"M11.8 5.037a1.088 1.088 0 0 0-.722.566c-.075.148-.078.25-.078 2.772v2.619l-2.61.016c-1.867.012-2.652.03-2.756.064-.168.055-.438.301-.54.494-.049.092-.07.223-.07.432 0 .34.054.476.282.704.289.289.14.275 3.064.288l2.63.012v2.619c0 2.544.002 2.625.08 2.778.191.372.516.577.92.577s.729-.205.92-.577c.078-.153.08-.234.08-2.778v-2.619l2.63-.012c2.924-.013 2.775.001 3.064-.288.228-.228.282-.364.282-.704 0-.209-.021-.34-.07-.432-.102-.193-.372-.439-.54-.494-.104-.034-.889-.052-2.756-.064L13 10.994V8.375c0-2.522-.003-2.624-.078-2.772-.214-.418-.685-.656-1.122-.566\"\/><\/svg><\/span>\n\t\t\t\t\t<span class=\"t2-accordion-icon is-open-icon\"><svg xmlns=\"http:\/\/www.w3.org\/2000\/svg\" viewBox=\"0 0 24 24\" height=\"24\" width=\"24\" class=\"t2-icon t2-icon-chevronup\" aria-hidden=\"true\" focusable=\"false\"><path d=\"M6.7 14.7c-.2-.2-.3-.4-.3-.7s.1-.5.3-.7l4.6-4.6c.1-.1.2-.2.3-.2.1 0 .2-.1.4-.1.1 0 .3 0 .4.1.1 0 .2.1.3.2l4.6 4.6c.2.2.3.4.3.7s-.1.5-.3.7c-.2.2-.4.3-.7.3s-.5-.1-.7-.3L12 10.8l-3.9 3.9c-.2.2-.4.3-.7.3s-.5-.1-.7-.3z\" fill=\"currentColor\" \/><\/svg><\/span>\n\t\t\t\t<\/button>\n\t\t\t<\/h3>\n\t\t\t<div class=\"t2-accordion-item__inner-container is-layout-flow\" id=\"accordion-panel-2\" aria-labelledby=\"hvor-mange-deltar-vanligvis-p\u00e5-feriekolonien?\" role=\"region\" hidden>\n\t\t\t\t\n\n<p>P\u00e5 en feriekoloni er det opp til 35 barn og 12 voksne.<\/p>\n\n\n\t\t\t<\/div>\n\t\t<\/div>\n<\/div>\n\n\n<p><strong><a href=\"https:\/\/kirkensbymisjon.no\/content\/uploads\/sites\/142\/2025\/03\/Camp-Killingen_Personvernerklaering.pdf\" target=\"_blank\" rel=\"noreferrer noopener\">Last ned Camp Killingens personvernerkl\u00e6ring<\/a>.<\/strong><\/p>\n","protected":false},"excerpt":{"rendered":"<p>Den gode stemningen har vi her fra dag \u00e9n. Jeg tror vi voksne er med&hellip;<\/p>\n","protected":false},"author":4,"featured_media":0,"parent":0,"menu_order":0,"comment_status":"closed","ping_status":"closed","template":"","meta":{"_relevanssi_hide_post":"","_relevanssi_hide_content":"","_relevanssi_pin_for_all":"","_relevanssi_pin_keywords":"","_relevanssi_unpin_keywords":"","_relevanssi_related_keywords":"","_relevanssi_related_include_ids":"","_relevanssi_related_exclude_ids":"","_relevanssi_related_no_append":"","_relevanssi_related_not_related":"","_relevanssi_related_posts":"1","_relevanssi_noindex_reason":"","editor_notices":[],"footnotes":""},"class_list":["post-37","page","type-page","status-publish","hentry"],"yoast_head":"<!-- This site is optimized with the Yoast SEO Premium plugin v27.2 (Yoast SEO v27.4) - https:\/\/yoast.com\/product\/yoast-seo-premium-wordpress\/ -->\n<title>Feriekoloni - Camp Killingen<\/title>\n<meta name=\"robots\" content=\"index, follow, max-snippet:-1, max-image-preview:large, max-video-preview:-1\" \/>\n<link rel=\"canonical\" href=\"https:\/\/kirkensbymisjon.no\/tilbud-camp-killingen\/feriekoloni\/\" \/>\n<meta property=\"og:locale\" content=\"nb_NO\" \/>\n<meta property=\"og:type\" content=\"article\" \/>\n<meta property=\"og:title\" content=\"Feriekoloni\" \/>\n<meta property=\"og:description\" content=\"Den gode stemningen har vi her fra dag \u00e9n. Jeg tror vi voksne er med&hellip;\" \/>\n<meta property=\"og:url\" content=\"https:\/\/kirkensbymisjon.no\/tilbud-camp-killingen\/feriekoloni\/\" \/>\n<meta property=\"og:site_name\" content=\"Camp Killingen\" \/>\n<meta property=\"article:modified_time\" content=\"2026-03-23T12:58:20+00:00\" \/>\n<meta property=\"og:image\" content=\"https:\/\/kirkensbymisjon.no\/content\/uploads\/sites\/142\/2024\/08\/Tilbud_Camp-Killingen_05.png\" \/>\n\t<meta property=\"og:image:width\" content=\"961\" \/>\n\t<meta property=\"og:image:height\" content=\"533\" \/>\n\t<meta property=\"og:image:type\" content=\"image\/png\" \/>\n<meta name=\"twitter:card\" content=\"summary_large_image\" \/>\n<meta name=\"twitter:label1\" content=\"Ansl. lesetid\" \/>\n\t<meta name=\"twitter:data1\" content=\"2 minutter\" \/>\n<script type=\"application\/ld+json\" class=\"yoast-schema-graph\">{\"@context\":\"https:\\\/\\\/schema.org\",\"@graph\":[{\"@type\":\"WebPage\",\"@id\":\"https:\\\/\\\/kirkensbymisjon.no\\\/tilbud-camp-killingen\\\/feriekoloni\\\/\",\"url\":\"https:\\\/\\\/kirkensbymisjon.no\\\/tilbud-camp-killingen\\\/feriekoloni\\\/\",\"name\":\"Feriekoloni - Camp Killingen\",\"isPartOf\":{\"@id\":\"https:\\\/\\\/kirkensbymisjon.no\\\/tilbud-camp-killingen\\\/#website\"},\"primaryImageOfPage\":{\"@id\":\"https:\\\/\\\/kirkensbymisjon.no\\\/tilbud-camp-killingen\\\/feriekoloni\\\/#primaryimage\"},\"image\":{\"@id\":\"https:\\\/\\\/kirkensbymisjon.no\\\/tilbud-camp-killingen\\\/feriekoloni\\\/#primaryimage\"},\"thumbnailUrl\":\"https:\\\/\\\/kirkensbymisjon.no\\\/content\\\/uploads\\\/sites\\\/142\\\/2024\\\/08\\\/Tilbud_Camp-Killingen_05.png\",\"datePublished\":\"2024-08-23T09:24:53+00:00\",\"dateModified\":\"2026-03-23T12:58:20+00:00\",\"breadcrumb\":{\"@id\":\"https:\\\/\\\/kirkensbymisjon.no\\\/tilbud-camp-killingen\\\/feriekoloni\\\/#breadcrumb\"},\"inLanguage\":\"nb-NO\",\"potentialAction\":[{\"@type\":\"ReadAction\",\"target\":[\"https:\\\/\\\/kirkensbymisjon.no\\\/tilbud-camp-killingen\\\/feriekoloni\\\/\"]}]},{\"@type\":\"ImageObject\",\"inLanguage\":\"nb-NO\",\"@id\":\"https:\\\/\\\/kirkensbymisjon.no\\\/tilbud-camp-killingen\\\/feriekoloni\\\/#primaryimage\",\"url\":\"https:\\\/\\\/kirkensbymisjon.no\\\/content\\\/uploads\\\/sites\\\/142\\\/2024\\\/08\\\/Tilbud_Camp-Killingen_05.png\",\"contentUrl\":\"https:\\\/\\\/kirkensbymisjon.no\\\/content\\\/uploads\\\/sites\\\/142\\\/2024\\\/08\\\/Tilbud_Camp-Killingen_05.png\"},{\"@type\":\"BreadcrumbList\",\"@id\":\"https:\\\/\\\/kirkensbymisjon.no\\\/tilbud-camp-killingen\\\/feriekoloni\\\/#breadcrumb\",\"itemListElement\":[{\"@type\":\"ListItem\",\"position\":1,\"name\":\"Hjem\",\"item\":\"https:\\\/\\\/kirkensbymisjon.no\\\/tilbud-camp-killingen\\\/\"},{\"@type\":\"ListItem\",\"position\":2,\"name\":\"Feriekoloni\"}]},{\"@type\":\"WebSite\",\"@id\":\"https:\\\/\\\/kirkensbymisjon.no\\\/tilbud-camp-killingen\\\/#website\",\"url\":\"https:\\\/\\\/kirkensbymisjon.no\\\/tilbud-camp-killingen\\\/\",\"name\":\"Camp Killingen\",\"description\":\"\",\"potentialAction\":[{\"@type\":\"SearchAction\",\"target\":{\"@type\":\"EntryPoint\",\"urlTemplate\":\"https:\\\/\\\/kirkensbymisjon.no\\\/tilbud-camp-killingen\\\/?s={search_term_string}\"},\"query-input\":{\"@type\":\"PropertyValueSpecification\",\"valueRequired\":true,\"valueName\":\"search_term_string\"}}],\"inLanguage\":\"nb-NO\"}]}<\/script>\n<!-- \/ Yoast SEO Premium plugin. -->","yoast_head_json":{"title":"Feriekoloni - Camp Killingen","robots":{"index":"index","follow":"follow","max-snippet":"max-snippet:-1","max-image-preview":"max-image-preview:large","max-video-preview":"max-video-preview:-1"},"canonical":"https:\/\/kirkensbymisjon.no\/tilbud-camp-killingen\/feriekoloni\/","og_locale":"nb_NO","og_type":"article","og_title":"Feriekoloni","og_description":"Den gode stemningen har vi her fra dag \u00e9n. Jeg tror vi voksne er med&hellip;","og_url":"https:\/\/kirkensbymisjon.no\/tilbud-camp-killingen\/feriekoloni\/","og_site_name":"Camp Killingen","article_modified_time":"2026-03-23T12:58:20+00:00","og_image":[{"width":961,"height":533,"url":"https:\/\/kirkensbymisjon.no\/content\/uploads\/sites\/142\/2024\/08\/Tilbud_Camp-Killingen_05.png","type":"image\/png"}],"twitter_card":"summary_large_image","twitter_misc":{"Ansl. lesetid":"2 minutter"},"schema":{"@context":"https:\/\/schema.org","@graph":[{"@type":"WebPage","@id":"https:\/\/kirkensbymisjon.no\/tilbud-camp-killingen\/feriekoloni\/","url":"https:\/\/kirkensbymisjon.no\/tilbud-camp-killingen\/feriekoloni\/","name":"Feriekoloni - Camp Killingen","isPartOf":{"@id":"https:\/\/kirkensbymisjon.no\/tilbud-camp-killingen\/#website"},"primaryImageOfPage":{"@id":"https:\/\/kirkensbymisjon.no\/tilbud-camp-killingen\/feriekoloni\/#primaryimage"},"image":{"@id":"https:\/\/kirkensbymisjon.no\/tilbud-camp-killingen\/feriekoloni\/#primaryimage"},"thumbnailUrl":"https:\/\/kirkensbymisjon.no\/content\/uploads\/sites\/142\/2024\/08\/Tilbud_Camp-Killingen_05.png","datePublished":"2024-08-23T09:24:53+00:00","dateModified":"2026-03-23T12:58:20+00:00","breadcrumb":{"@id":"https:\/\/kirkensbymisjon.no\/tilbud-camp-killingen\/feriekoloni\/#breadcrumb"},"inLanguage":"nb-NO","potentialAction":[{"@type":"ReadAction","target":["https:\/\/kirkensbymisjon.no\/tilbud-camp-killingen\/feriekoloni\/"]}]},{"@type":"ImageObject","inLanguage":"nb-NO","@id":"https:\/\/kirkensbymisjon.no\/tilbud-camp-killingen\/feriekoloni\/#primaryimage","url":"https:\/\/kirkensbymisjon.no\/content\/uploads\/sites\/142\/2024\/08\/Tilbud_Camp-Killingen_05.png","contentUrl":"https:\/\/kirkensbymisjon.no\/content\/uploads\/sites\/142\/2024\/08\/Tilbud_Camp-Killingen_05.png"},{"@type":"BreadcrumbList","@id":"https:\/\/kirkensbymisjon.no\/tilbud-camp-killingen\/feriekoloni\/#breadcrumb","itemListElement":[{"@type":"ListItem","position":1,"name":"Hjem","item":"https:\/\/kirkensbymisjon.no\/tilbud-camp-killingen\/"},{"@type":"ListItem","position":2,"name":"Feriekoloni"}]},{"@type":"WebSite","@id":"https:\/\/kirkensbymisjon.no\/tilbud-camp-killingen\/#website","url":"https:\/\/kirkensbymisjon.no\/tilbud-camp-killingen\/","name":"Camp Killingen","description":"","potentialAction":[{"@type":"SearchAction","target":{"@type":"EntryPoint","urlTemplate":"https:\/\/kirkensbymisjon.no\/tilbud-camp-killingen\/?s={search_term_string}"},"query-input":{"@type":"PropertyValueSpecification","valueRequired":true,"valueName":"search_term_string"}}],"inLanguage":"nb-NO"}]}},"_links":{"self":[{"href":"https:\/\/kirkensbymisjon.no\/tilbud-camp-killingen\/wp-json\/wp\/v2\/pages\/37","targetHints":{"allow":["GET"]}}],"collection":[{"href":"https:\/\/kirkensbymisjon.no\/tilbud-camp-killingen\/wp-json\/wp\/v2\/pages"}],"about":[{"href":"https:\/\/kirkensbymisjon.no\/tilbud-camp-killingen\/wp-json\/wp\/v2\/types\/page"}],"author":[{"embeddable":true,"href":"https:\/\/kirkensbymisjon.no\/tilbud-camp-killingen\/wp-json\/wp\/v2\/users\/4"}],"replies":[{"embeddable":true,"href":"https:\/\/kirkensbymisjon.no\/tilbud-camp-killingen\/wp-json\/wp\/v2\/comments?post=37"}],"version-history":[{"count":5,"href":"https:\/\/kirkensbymisjon.no\/tilbud-camp-killingen\/wp-json\/wp\/v2\/pages\/37\/revisions"}],"predecessor-version":[{"id":156,"href":"https:\/\/kirkensbymisjon.no\/tilbud-camp-killingen\/wp-json\/wp\/v2\/pages\/37\/revisions\/156"}],"wp:attachment":[{"href":"https:\/\/kirkensbymisjon.no\/tilbud-camp-killingen\/wp-json\/wp\/v2\/media?parent=37"}],"curies":[{"name":"wp","href":"https:\/\/api.w.org\/{rel}","templated":true}]}}