{"id":20,"date":"2024-08-10T09:38:18","date_gmt":"2024-08-10T07:38:18","guid":{"rendered":"https:\/\/kirkensbymisjon.no\/tilbud-fri-barn-og-familie\/?page_id=20"},"modified":"2024-09-03T09:35:11","modified_gmt":"2024-09-03T07:35:11","slug":"om-fri-barn-og-familie","status":"publish","type":"page","link":"https:\/\/kirkensbymisjon.no\/tilbud-fri-barn-og-familie\/om-fri-barn-og-familie\/","title":{"rendered":"Om Fri \u2013 barn og familie"},"content":{"rendered":"\n<p>Vi har ulike tilbud rundt i landet, og samarbeider ogs\u00e5 med andre, for \u00e5 kunne gi et helhetlig tilbud til familiene vi m\u00f8ter. Gjennom bl.a. aktiviteter, samtaler og veiledning hjelper vi b\u00e5de barn og foreldre i vanskelige situasjoner.<\/p>\n\n\n\n<h2 class=\"wp-block-heading\" id=\"h-dette-tilbyr-vi\">Dette tilbyr vi:<\/h2>\n\n\n<div class=\"t2-accordion wp-block-t2-accordion\" data-allow-multiple=\"1\" role=\"list\">\n<div class=\"t2-accordion-item wp-block-t2-accordion-item\" role=\"listitem\">\n\t\t\t<h2 class=\"t2-accordion-title\">\n\t\t\t\t<button type=\"button\" class=\"t2-accordion-trigger\" id=\"familieaktiviteter\" aria-controls=\"accordion-panel\" aria-expanded=\"false\">\n\t\t\t\t\tFamilieaktiviteter\n\t\t\t\t\t<span class=\"t2-accordion-icon is-closed-icon\"><svg xmlns=\"http:\/\/www.w3.org\/2000\/svg\" viewBox=\"0 0 24 24\" height=\"24\" width=\"24\" class=\"t2-icon t2-icon-plus\" aria-hidden=\"true\" focusable=\"false\"><path d=\"M11.8 5.037a1.088 1.088 0 0 0-.722.566c-.075.148-.078.25-.078 2.772v2.619l-2.61.016c-1.867.012-2.652.03-2.756.064-.168.055-.438.301-.54.494-.049.092-.07.223-.07.432 0 .34.054.476.282.704.289.289.14.275 3.064.288l2.63.012v2.619c0 2.544.002 2.625.08 2.778.191.372.516.577.92.577s.729-.205.92-.577c.078-.153.08-.234.08-2.778v-2.619l2.63-.012c2.924-.013 2.775.001 3.064-.288.228-.228.282-.364.282-.704 0-.209-.021-.34-.07-.432-.102-.193-.372-.439-.54-.494-.104-.034-.889-.052-2.756-.064L13 10.994V8.375c0-2.522-.003-2.624-.078-2.772-.214-.418-.685-.656-1.122-.566\"\/><\/svg><\/span>\n\t\t\t\t\t<span class=\"t2-accordion-icon is-open-icon\"><svg xmlns=\"http:\/\/www.w3.org\/2000\/svg\" viewBox=\"0 0 24 24\" height=\"24\" width=\"24\" class=\"t2-icon t2-icon-chevronup\" aria-hidden=\"true\" focusable=\"false\"><path d=\"M6.7 14.7c-.2-.2-.3-.4-.3-.7s.1-.5.3-.7l4.6-4.6c.1-.1.2-.2.3-.2.1 0 .2-.1.4-.1.1 0 .3 0 .4.1.1 0 .2.1.3.2l4.6 4.6c.2.2.3.4.3.7s-.1.5-.3.7c-.2.2-.4.3-.7.3s-.5-.1-.7-.3L12 10.8l-3.9 3.9c-.2.2-.4.3-.7.3s-.5-.1-.7-.3z\" fill=\"currentColor\" \/><\/svg><\/span>\n\t\t\t\t<\/button>\n\t\t\t<\/h2>\n\t\t\t<div class=\"t2-accordion-item__inner-container is-layout-flow\" id=\"accordion-panel\" aria-labelledby=\"familieaktiviteter\" role=\"region\" hidden>\n\t\t\t\t\n\n<p>Annenhver uke arrangerer vi aktiviteter for hele familien. All deltakelse er gratis, men det krever at du er p\u00e5meldt og har gjennomf\u00f8rt en samtale med en av v\u00e5re milj\u00f8terapeuter i forkant.<\/p>\n\n\n\n<p><strong>Eksempler p\u00e5 aktivitetene vi tilbyr:<\/strong><\/p>\n\n\n\n<ul class=\"wp-block-list\">\n<li>Turer i n\u00e6rmilj\u00f8et.<\/li>\n\n\n\n<li>G\u00e5rdsbes\u00f8k.<\/li>\n\n\n\n<li>Bowling.<\/li>\n\n\n\n<li>Overnattingsturer i enkelte av skolens sommerferier.<\/li>\n\n\n\n<li>Teater og kino.<\/li>\n\n\n\n<li>Sportsaktiviteter, som bl.a. klatrepark, skatepark etc.<\/li>\n<\/ul>\n\n\n\n<p>Aktivitet i fellesskap er en god anledning, og mulighet for en gradvis gjenopptakelse av kontakt i etterkant av soning\/behandling. Det kan ogs\u00e5 v\u00e6re en mulighet for fellesskap og kontakt sammen med den andre voksne p\u00e5r\u00f8rende. Noen gang f\u00e5r ogs\u00e5 forelderen (innsatt) v\u00e6re med p\u00e5 dette under permisjon eller som en del av sin samfunnsstraff, da for \u00e5 bygge opp om trygge familierelasjoner.<\/p>\n\n\n\n<p>Felles aktiviteter er en god arena for \u00e5 m\u00f8te andre i samme situasjon, som en selv \u2013 mange ganger kan man kjenne seg ensom i situasjonen.<\/p>\n\n\n\t\t\t<\/div>\n\t\t<\/div>\n\n<div class=\"t2-accordion-item wp-block-t2-accordion-item\" role=\"listitem\">\n\t\t\t<h2 class=\"t2-accordion-title\">\n\t\t\t\t<button type=\"button\" class=\"t2-accordion-trigger\" id=\"f\u00f8lgetjenesten\" aria-controls=\"accordion-panel-1\" aria-expanded=\"false\">\n\t\t\t\t\tF\u00f8lgetjenesten\n\t\t\t\t\t<span class=\"t2-accordion-icon is-closed-icon\"><svg xmlns=\"http:\/\/www.w3.org\/2000\/svg\" viewBox=\"0 0 24 24\" height=\"24\" width=\"24\" class=\"t2-icon t2-icon-plus\" aria-hidden=\"true\" focusable=\"false\"><path d=\"M11.8 5.037a1.088 1.088 0 0 0-.722.566c-.075.148-.078.25-.078 2.772v2.619l-2.61.016c-1.867.012-2.652.03-2.756.064-.168.055-.438.301-.54.494-.049.092-.07.223-.07.432 0 .34.054.476.282.704.289.289.14.275 3.064.288l2.63.012v2.619c0 2.544.002 2.625.08 2.778.191.372.516.577.92.577s.729-.205.92-.577c.078-.153.08-.234.08-2.778v-2.619l2.63-.012c2.924-.013 2.775.001 3.064-.288.228-.228.282-.364.282-.704 0-.209-.021-.34-.07-.432-.102-.193-.372-.439-.54-.494-.104-.034-.889-.052-2.756-.064L13 10.994V8.375c0-2.522-.003-2.624-.078-2.772-.214-.418-.685-.656-1.122-.566\"\/><\/svg><\/span>\n\t\t\t\t\t<span class=\"t2-accordion-icon is-open-icon\"><svg xmlns=\"http:\/\/www.w3.org\/2000\/svg\" viewBox=\"0 0 24 24\" height=\"24\" width=\"24\" class=\"t2-icon t2-icon-chevronup\" aria-hidden=\"true\" focusable=\"false\"><path d=\"M6.7 14.7c-.2-.2-.3-.4-.3-.7s.1-.5.3-.7l4.6-4.6c.1-.1.2-.2.3-.2.1 0 .2-.1.4-.1.1 0 .3 0 .4.1.1 0 .2.1.3.2l4.6 4.6c.2.2.3.4.3.7s-.1.5-.3.7c-.2.2-.4.3-.7.3s-.5-.1-.7-.3L12 10.8l-3.9 3.9c-.2.2-.4.3-.7.3s-.5-.1-.7-.3z\" fill=\"currentColor\" \/><\/svg><\/span>\n\t\t\t\t<\/button>\n\t\t\t<\/h2>\n\t\t\t<div class=\"t2-accordion-item__inner-container is-layout-flow\" id=\"accordion-panel-1\" aria-labelledby=\"f\u00f8lgetjenesten\" role=\"region\" hidden>\n\t\t\t\t\n\n<p>F\u00f8lgetjenesten er en gratis tjeneste som tilbyr hjelp med kj\u00f8ring for barn og ungdom som har en forelder i fengsel, og som av ulike \u00e5rsaker ikke f\u00e5r reist p\u00e5 bes\u00f8k.<\/p>\n\n\n\n<p>Det kan v\u00e6re ulike \u00e5rsaker til barn trenger f\u00f8lge for \u00e5 kunne bes\u00f8ke en forelder i fengsel. Det kan v\u00e6re foreldrekonflikt, \u00f8konomiske \u00e5rsaker eller at fengselet ligger langt unna barnets bosted. For en del familier kan b\u00e5de \u00f8konomi og reisevei gj\u00f8re det vanskelig \u00e5 opprettholde kontakt. I slike tilfeller kan det v\u00e6re at f\u00f8lgetjenesten kan bidra.<\/p>\n\n\n\n<p>For at f\u00f8lgetjenesten skal kunne kj\u00f8re\/f\u00f8lge til og i fengsel, s\u00e5 krever det at vi m\u00e5 ha \u00e9n eller flere samtaler med begge foreldrene og barn(a). Dette for \u00e5 skape b\u00e5de trygghet og forutsigbarhet for alle parter. F\u00f8lgetjenesten gjennomf\u00f8rer kun bes\u00f8k der det er til barnets beste.<\/p>\n\n\n\n<p>I f\u00f8rste omgang kommer en ansatt fra f\u00f8lgetjenesten p\u00e5 bes\u00f8k til forelder og barn(a) i hjemmet. Dette for at vi skal bli kjent med hverandre, i tillegg bidrar det til at barn(a) blir trygge p\u00e5 oss og kan stille sp\u00f8rsm\u00e5l om det de m\u00e5tte lure p\u00e5. Den ansatte reiser ogs\u00e5 p\u00e5 bes\u00f8k til den innsatte, for \u00e5 bli bedre kjent med innsatt og for \u00e5 gi informasjon om f\u00f8lgetjenesten. P\u00e5 bakgrunn av dette vurderer vi om f\u00f8lgetjenesten kan v\u00e6re til nytte for barn(a) og dere, og om dere \u00f8nsker \u00e5 benytte v\u00e5rt tilbud.<\/p>\n\n\n\n<p>F\u00f8lgetjenesten henter barn(a) og eventuelt omsorgsperson\/annen voksen hjemme eller et avtalt sted og kj\u00f8rer til fengselet. Ansatt fra f\u00f8lgetjenesten kan ogs\u00e5 v\u00e6re med barnet eller alle inn i fengselet \u2013 dette avtales etter \u00f8nske. Etter bes\u00f8ket kj\u00f8rer vi hjem eller til avtalt sted. I etterkant vil alle bli fulgt opp og kj\u00f8rt av samme person ved senere bes\u00f8k \u2013 for \u00e5 skape forutsigbarhet og trygghet hos barn(a).<\/p>\n\n\n\n<p>F\u00f8lgetjenesten kj\u00f8rer til f\u00f8lgende fengsler: Drammen, Ringerike, Sem, Skien, Bast\u00f8y, Hof, Horten og Sandefjord. Ved barnets bosted i lokale omr\u00e5der rundt H\u00f8nefoss og Drammen, men forelderen soner i et fengsel i region \u00f8st, vil vi ogs\u00e5 kunne ha mulighet for f\u00f8lgetjeneste. Henting tilbys p\u00e5 store geografiske omr\u00e5der innen \u00d8stlandet.<\/p>\n\n\n\n<p>F\u00f8lgetjenesten har fagpersoner og frivillige med god kompetanse p\u00e5 fagomr\u00e5det.<\/p>\n\n\n\t\t\t<\/div>\n\t\t<\/div>\n\n<div class=\"t2-accordion-item wp-block-t2-accordion-item\" role=\"listitem\">\n\t\t\t<h2 class=\"t2-accordion-title\">\n\t\t\t\t<button type=\"button\" class=\"t2-accordion-trigger\" id=\"foreldreveiledning-og-samtaler\" aria-controls=\"accordion-panel-2\" aria-expanded=\"false\">\n\t\t\t\t\tForeldreveiledning og samtaler\n\t\t\t\t\t<span class=\"t2-accordion-icon is-closed-icon\"><svg xmlns=\"http:\/\/www.w3.org\/2000\/svg\" viewBox=\"0 0 24 24\" height=\"24\" width=\"24\" class=\"t2-icon t2-icon-plus\" aria-hidden=\"true\" focusable=\"false\"><path d=\"M11.8 5.037a1.088 1.088 0 0 0-.722.566c-.075.148-.078.25-.078 2.772v2.619l-2.61.016c-1.867.012-2.652.03-2.756.064-.168.055-.438.301-.54.494-.049.092-.07.223-.07.432 0 .34.054.476.282.704.289.289.14.275 3.064.288l2.63.012v2.619c0 2.544.002 2.625.08 2.778.191.372.516.577.92.577s.729-.205.92-.577c.078-.153.08-.234.08-2.778v-2.619l2.63-.012c2.924-.013 2.775.001 3.064-.288.228-.228.282-.364.282-.704 0-.209-.021-.34-.07-.432-.102-.193-.372-.439-.54-.494-.104-.034-.889-.052-2.756-.064L13 10.994V8.375c0-2.522-.003-2.624-.078-2.772-.214-.418-.685-.656-1.122-.566\"\/><\/svg><\/span>\n\t\t\t\t\t<span class=\"t2-accordion-icon is-open-icon\"><svg xmlns=\"http:\/\/www.w3.org\/2000\/svg\" viewBox=\"0 0 24 24\" height=\"24\" width=\"24\" class=\"t2-icon t2-icon-chevronup\" aria-hidden=\"true\" focusable=\"false\"><path d=\"M6.7 14.7c-.2-.2-.3-.4-.3-.7s.1-.5.3-.7l4.6-4.6c.1-.1.2-.2.3-.2.1 0 .2-.1.4-.1.1 0 .3 0 .4.1.1 0 .2.1.3.2l4.6 4.6c.2.2.3.4.3.7s-.1.5-.3.7c-.2.2-.4.3-.7.3s-.5-.1-.7-.3L12 10.8l-3.9 3.9c-.2.2-.4.3-.7.3s-.5-.1-.7-.3z\" fill=\"currentColor\" \/><\/svg><\/span>\n\t\t\t\t<\/button>\n\t\t\t<\/h2>\n\t\t\t<div class=\"t2-accordion-item__inner-container is-layout-flow\" id=\"accordion-panel-2\" aria-labelledby=\"foreldreveiledning-og-samtaler\" role=\"region\" hidden>\n\t\t\t\t\n\n<p>Det er ikke lett \u00e5 ha en forelder eller en p\u00e5r\u00f8rende i fengsel eller i rusbehandling. De aller fleste opplever at livssituasjonen endres drastisk n\u00e5r en forelder fengsles. For andre barn kan det v\u00e6re gjentakende og normalt i deres hverdag. Det er vanlig \u00e5 ha vondt p\u00e5 ulike steder i kroppen og slite med mange vanskelige f\u00f8lelser, og sp\u00f8rsm\u00e5l.<\/p>\n\n\n\n<p>En forelder i fengsel kan i mange tilfeller gi barn og unge en f\u00f8lelse av skyld og skam. Det kan p\u00e5virke trygghetsf\u00f8lelsen, gi manglende forutsigbarhet og en opplevelse av manglende beskyttelse. Mange opplever det som en krise, og det er ofte vanskelig \u00e5 vite hvordan den best kan h\u00e5ndteres. Ofte bekymrer barn og unge seg for den forelderen som ikke er til stede i hverdagen. \u00c5 prate med, st\u00f8tte og gi barn og unge kunnskap p\u00e5 en sk\u00e5nsom m\u00e5te, kan i mange tilfeller dempe bekymringer, uro og eventuelle fantasier.<\/p>\n\n\n\n<p><strong>Hva kan vi tilby deg og din familie?<br><\/strong>For mange foreldre vil det v\u00e6re godt og n\u00f8dvendig \u00e5 ha noen \u00e5 prate med om det \u00e5 v\u00e6re forelder i en utfordrende situasjon. \u00c5penhet og sannhet skaper trygghet hos barn og ungdom. Allikevel er det ikke n\u00f8dvendig \u00e5 fortelle alt som skjer i voksnes liv.<\/p>\n\n\n\n<ul class=\"wp-block-list\">\n<li>Dersom det oppleves vanskelig \u00e5 snakke med barna om fengslingen eller rusutfordringer kan en av milj\u00f8terapeutene bidra med st\u00f8tte og veiledning. En av de ansatte kan ogs\u00e5 bli med i samtalen.<\/li>\n\n\n\n<li>Vi har tilgang p\u00e5 gode lokaliteter som kan benyttes til b\u00e5de samtaler og samv\u00e6r.<\/li>\n\n\n\n<li>Vi kan v\u00e6re til hjelp og st\u00f8tte inn mot skole og\/eller barnehage.<\/li>\n\n\n\n<li>Vi tilbyr samtaler med barn og unge f\u00f8r og etter bes\u00f8k i fengsel eller behandlingsinstitusjon.<\/li>\n\n\n\n<li><a href=\"\/tilbud-i-fengsel\">I fengse<\/a>l, er et tilbud for barn og unge. Her finnes en chat-tjeneste med mulighet til \u00e5 kunne snakke om hva du vil \u2013 helt anonymt. Chatten er alltid \u00e5pen p\u00e5 onsdag og fredag fra kl. 15.00\u201322.00 \u2013 ogs\u00e5 andre dager ved behov. <\/li>\n<\/ul>\n\n\n\t\t\t<\/div>\n\t\t<\/div>\n\n<div class=\"t2-accordion-item wp-block-t2-accordion-item\" role=\"listitem\">\n\t\t\t<h2 class=\"t2-accordion-title\">\n\t\t\t\t<button type=\"button\" class=\"t2-accordion-trigger\" id=\"tilrettelagt-samv\u00e6r\" aria-controls=\"accordion-panel-3\" aria-expanded=\"false\">\n\t\t\t\t\tTilrettelagt samv\u00e6r\n\t\t\t\t\t<span class=\"t2-accordion-icon is-closed-icon\"><svg xmlns=\"http:\/\/www.w3.org\/2000\/svg\" viewBox=\"0 0 24 24\" height=\"24\" width=\"24\" class=\"t2-icon t2-icon-plus\" aria-hidden=\"true\" focusable=\"false\"><path d=\"M11.8 5.037a1.088 1.088 0 0 0-.722.566c-.075.148-.078.25-.078 2.772v2.619l-2.61.016c-1.867.012-2.652.03-2.756.064-.168.055-.438.301-.54.494-.049.092-.07.223-.07.432 0 .34.054.476.282.704.289.289.14.275 3.064.288l2.63.012v2.619c0 2.544.002 2.625.08 2.778.191.372.516.577.92.577s.729-.205.92-.577c.078-.153.08-.234.08-2.778v-2.619l2.63-.012c2.924-.013 2.775.001 3.064-.288.228-.228.282-.364.282-.704 0-.209-.021-.34-.07-.432-.102-.193-.372-.439-.54-.494-.104-.034-.889-.052-2.756-.064L13 10.994V8.375c0-2.522-.003-2.624-.078-2.772-.214-.418-.685-.656-1.122-.566\"\/><\/svg><\/span>\n\t\t\t\t\t<span class=\"t2-accordion-icon is-open-icon\"><svg xmlns=\"http:\/\/www.w3.org\/2000\/svg\" viewBox=\"0 0 24 24\" height=\"24\" width=\"24\" class=\"t2-icon t2-icon-chevronup\" aria-hidden=\"true\" focusable=\"false\"><path d=\"M6.7 14.7c-.2-.2-.3-.4-.3-.7s.1-.5.3-.7l4.6-4.6c.1-.1.2-.2.3-.2.1 0 .2-.1.4-.1.1 0 .3 0 .4.1.1 0 .2.1.3.2l4.6 4.6c.2.2.3.4.3.7s-.1.5-.3.7c-.2.2-.4.3-.7.3s-.5-.1-.7-.3L12 10.8l-3.9 3.9c-.2.2-.4.3-.7.3s-.5-.1-.7-.3z\" fill=\"currentColor\" \/><\/svg><\/span>\n\t\t\t\t<\/button>\n\t\t\t<\/h2>\n\t\t\t<div class=\"t2-accordion-item__inner-container is-layout-flow\" id=\"accordion-panel-3\" aria-labelledby=\"tilrettelagt-samv\u00e6r\" role=\"region\" hidden>\n\t\t\t\t\n\n<p>Vi kan bidra med tilrettelegging for og av samv\u00e6r \u2013 der foreldre og barn har rett til det. Les mer v\u00e5re samv\u00e6rssteder under tilbudet <a href=\"\/tilbud-myrsnipa-samvaerssted\/\">Myrsnipa Samv\u00e6rssted<\/a>.<\/p>\n\n\n\t\t\t<\/div>\n\t\t<\/div>\n\n<div class=\"t2-accordion-item wp-block-t2-accordion-item\" role=\"listitem\">\n\t\t\t<h2 class=\"t2-accordion-title\">\n\t\t\t\t<button type=\"button\" class=\"t2-accordion-trigger\" id=\"oppf\u00f8lging-rundt-samv\u00e6r\" aria-controls=\"accordion-panel-4\" aria-expanded=\"false\">\n\t\t\t\t\tOppf\u00f8lging rundt samv\u00e6r\n\t\t\t\t\t<span class=\"t2-accordion-icon is-closed-icon\"><svg xmlns=\"http:\/\/www.w3.org\/2000\/svg\" viewBox=\"0 0 24 24\" height=\"24\" width=\"24\" class=\"t2-icon t2-icon-plus\" aria-hidden=\"true\" focusable=\"false\"><path d=\"M11.8 5.037a1.088 1.088 0 0 0-.722.566c-.075.148-.078.25-.078 2.772v2.619l-2.61.016c-1.867.012-2.652.03-2.756.064-.168.055-.438.301-.54.494-.049.092-.07.223-.07.432 0 .34.054.476.282.704.289.289.14.275 3.064.288l2.63.012v2.619c0 2.544.002 2.625.08 2.778.191.372.516.577.92.577s.729-.205.92-.577c.078-.153.08-.234.08-2.778v-2.619l2.63-.012c2.924-.013 2.775.001 3.064-.288.228-.228.282-.364.282-.704 0-.209-.021-.34-.07-.432-.102-.193-.372-.439-.54-.494-.104-.034-.889-.052-2.756-.064L13 10.994V8.375c0-2.522-.003-2.624-.078-2.772-.214-.418-.685-.656-1.122-.566\"\/><\/svg><\/span>\n\t\t\t\t\t<span class=\"t2-accordion-icon is-open-icon\"><svg xmlns=\"http:\/\/www.w3.org\/2000\/svg\" viewBox=\"0 0 24 24\" height=\"24\" width=\"24\" class=\"t2-icon t2-icon-chevronup\" aria-hidden=\"true\" focusable=\"false\"><path d=\"M6.7 14.7c-.2-.2-.3-.4-.3-.7s.1-.5.3-.7l4.6-4.6c.1-.1.2-.2.3-.2.1 0 .2-.1.4-.1.1 0 .3 0 .4.1.1 0 .2.1.3.2l4.6 4.6c.2.2.3.4.3.7s-.1.5-.3.7c-.2.2-.4.3-.7.3s-.5-.1-.7-.3L12 10.8l-3.9 3.9c-.2.2-.4.3-.7.3s-.5-.1-.7-.3z\" fill=\"currentColor\" \/><\/svg><\/span>\n\t\t\t\t<\/button>\n\t\t\t<\/h2>\n\t\t\t<div class=\"t2-accordion-item__inner-container is-layout-flow\" id=\"accordion-panel-4\" aria-labelledby=\"oppf\u00f8lging-rundt-samv\u00e6r\" role=\"region\" hidden>\n\t\t\t\t\n\n<p>Mange er usikre om det er riktig at barn skal bes\u00f8ke den innsatte i fengselet. I tillegg til fysiske bes\u00f8k, kan man ha kontakt gjennom telefon, brev, videosamtaler. Det er godt \u00e5 kunne dr\u00f8fte ulike muligheter og problemstillinger f\u00f8r avgj\u00f8relser blir tatt.<\/p>\n\n\n\n<p>Det er ikke alltid foreldrene er enige om hvordan slike situasjoner skal h\u00e5ndteres. V\u00e5re ansatte har kompetanse og erfaring, og kan bidra som en n\u00f8ytral tredjepart i situasjoner der foreldrene er uenige. Barn har sterke rettigheter til kontakt med sine foreldre, s\u00e5 lenge kontakten ikke er i strid med barnets beste (jf. FNs barnekonvensjon artikkel 9).<\/p>\n\n\n\n<p>Det er alltid hensyn til barnets beste som skal vektlegges i saker som har med samv\u00e6r \u00e5 gj\u00f8re. Alle barn har rett til \u00e5 bli h\u00f8rt om hva det selv \u00f8nsker. Ved konflikt, eller uenighet mellom de voksne, er det ekstra krevende \u00e5 f\u00e5 tak i hva barnet\/ungdommen tenker, f\u00f8ler og mener. Her kan det v\u00e6re godt for alle parter \u00e5 f\u00e5 hjelp slik at alles synspunkter f\u00e5r komme frem f\u00f8r avgj\u00f8relser blir tatt.<\/p>\n\n\n\n<p>Vi kan b\u00e5de bidra med tilrettelegging for og av samv\u00e6r \u2013 der foreldre og barn har rett til det, og f\u00f8lgetjeneste til\/fra fengsel.<\/p>\n\n\n\n<p>Det er en tjeneste som tilbyr hjelp med kj\u00f8ring for barn og ungdom som har en forelder i fengsel, og som av ulike \u00e5rsaker ikke f\u00e5r reist p\u00e5 bes\u00f8k.<\/p>\n\n\n\n<p>Det kan v\u00e6re ulike \u00e5rsaker til barn trenger f\u00f8lge for \u00e5 kunne bes\u00f8ke en forelder i fengsel. Det kan v\u00e6re foreldrekonflikt, \u00f8konomiske \u00e5rsaker eller at fengselet ligger langt unna barnets bosted.<\/p>\n\n\n\n<p>For at f\u00f8lgetjenesten skal kunne kj\u00f8re\/f\u00f8lge til og i fengsel, s\u00e5 krever det at vi m\u00e5 ha \u00e9n eller flere samtaler med begge foreldrene og barn(a). Dette for \u00e5 skape b\u00e5de trygghet og forutsigbarhet for alle parter. F\u00f8lgetjenesten gjennomf\u00f8rer kun bes\u00f8k der det er til barnets beste.<\/p>\n\n\n\t\t\t<\/div>\n\t\t<\/div>\n<\/div>\n\n\n<div class=\"wp-block-media-text alignwide is-stacked-on-mobile is-style-filled\"><figure class=\"wp-block-media-text__media\"><img loading=\"lazy\" decoding=\"async\" width=\"973\" height=\"649\" src=\"https:\/\/kirkensbymisjon.no\/content\/uploads\/sites\/88\/2024\/08\/Tilbud_Ifengsel_01.jpg\" alt=\"Ung jente med mobil\" class=\"wp-image-64 size-full\" srcset=\"https:\/\/kirkensbymisjon.no\/content\/uploads\/sites\/88\/2024\/08\/Tilbud_Ifengsel_01.jpg 973w, https:\/\/kirkensbymisjon.no\/content\/uploads\/sites\/88\/2024\/08\/Tilbud_Ifengsel_01-300x200.jpg 300w, https:\/\/kirkensbymisjon.no\/content\/uploads\/sites\/88\/2024\/08\/Tilbud_Ifengsel_01-768x512.jpg 768w\" sizes=\"auto, (max-width: 973px) 100vw, 973px\" \/><\/figure><div class=\"wp-block-media-text__content\">\n<h3 class=\"wp-block-heading\" id=\"h-i-fengsel-en-chat-for-barn-og-unge\"><strong>I fengsel \u2013 en chat for barn og unge<\/strong><\/h3>\n\n\n\n<p>Er du en av mange tusen barn og unge som har en mamma eller pappa i fengsel? Da er dette chatten for deg. Her kan du snakke om hva du vil \u2013 og v\u00e6re helt anonym.<\/p>\n\n\n\n<p><a href=\"\/tilbud-i-fengsel\">Les mer om chatten<\/a><\/p>\n<\/div><\/div>\n","protected":false},"excerpt":{"rendered":"<p>Vi har ulike tilbud rundt i landet, og samarbeider ogs\u00e5 med andre, for \u00e5 kunne&hellip;<\/p>\n","protected":false},"author":5,"featured_media":0,"parent":0,"menu_order":0,"comment_status":"closed","ping_status":"closed","template":"","meta":{"_relevanssi_hide_post":"","_relevanssi_hide_content":"","_relevanssi_pin_for_all":"","_relevanssi_pin_keywords":"","_relevanssi_unpin_keywords":"","_relevanssi_related_keywords":"","_relevanssi_related_include_ids":"","_relevanssi_related_exclude_ids":"","_relevanssi_related_no_append":"","_relevanssi_related_not_related":"","_relevanssi_related_posts":"1","_relevanssi_noindex_reason":"","editor_notices":[],"footnotes":""},"class_list":["post-20","page","type-page","status-publish","hentry"],"yoast_head":"<!-- This site is optimized with the Yoast SEO Premium plugin v27.2 (Yoast SEO v27.4) - https:\/\/yoast.com\/product\/yoast-seo-premium-wordpress\/ -->\n<title>Om Fri \u2013 barn og familie - Fri \u2013 barn og familie<\/title>\n<meta name=\"robots\" content=\"index, follow, max-snippet:-1, max-image-preview:large, max-video-preview:-1\" \/>\n<link rel=\"canonical\" href=\"https:\/\/kirkensbymisjon.no\/tilbud-fri-barn-og-familie\/om-fri-barn-og-familie\/\" \/>\n<meta property=\"og:locale\" content=\"nb_NO\" \/>\n<meta property=\"og:type\" content=\"article\" \/>\n<meta property=\"og:title\" content=\"Om Fri \u2013 barn og familie\" \/>\n<meta property=\"og:description\" content=\"Vi har ulike tilbud rundt i landet, og samarbeider ogs\u00e5 med andre, for \u00e5 kunne&hellip;\" \/>\n<meta property=\"og:url\" content=\"https:\/\/kirkensbymisjon.no\/tilbud-fri-barn-og-familie\/om-fri-barn-og-familie\/\" \/>\n<meta property=\"og:site_name\" content=\"Fri \u2013 barn og familie\" \/>\n<meta property=\"article:modified_time\" content=\"2024-09-03T07:35:11+00:00\" \/>\n<meta property=\"og:image\" content=\"https:\/\/kirkensbymisjon.no\/content\/uploads\/sites\/88\/2024\/08\/Tilbud_Ifengsel_01.jpg\" \/>\n<meta name=\"twitter:card\" content=\"summary_large_image\" \/>\n<meta name=\"twitter:label1\" content=\"Ansl. lesetid\" \/>\n\t<meta name=\"twitter:data1\" content=\"7 minutter\" \/>\n<script type=\"application\/ld+json\" class=\"yoast-schema-graph\">{\"@context\":\"https:\\\/\\\/schema.org\",\"@graph\":[{\"@type\":\"WebPage\",\"@id\":\"https:\\\/\\\/kirkensbymisjon.no\\\/tilbud-fri-barn-og-familie\\\/om-fri-barn-og-familie\\\/\",\"url\":\"https:\\\/\\\/kirkensbymisjon.no\\\/tilbud-fri-barn-og-familie\\\/om-fri-barn-og-familie\\\/\",\"name\":\"Om Fri \u2013 barn og familie - Fri \u2013 barn og familie\",\"isPartOf\":{\"@id\":\"https:\\\/\\\/kirkensbymisjon.no\\\/tilbud-fri-barn-og-familie\\\/#website\"},\"primaryImageOfPage\":{\"@id\":\"https:\\\/\\\/kirkensbymisjon.no\\\/tilbud-fri-barn-og-familie\\\/om-fri-barn-og-familie\\\/#primaryimage\"},\"image\":{\"@id\":\"https:\\\/\\\/kirkensbymisjon.no\\\/tilbud-fri-barn-og-familie\\\/om-fri-barn-og-familie\\\/#primaryimage\"},\"thumbnailUrl\":\"https:\\\/\\\/kirkensbymisjon.no\\\/content\\\/uploads\\\/sites\\\/88\\\/2024\\\/08\\\/Tilbud_Ifengsel_01.jpg\",\"datePublished\":\"2024-08-10T07:38:18+00:00\",\"dateModified\":\"2024-09-03T07:35:11+00:00\",\"breadcrumb\":{\"@id\":\"https:\\\/\\\/kirkensbymisjon.no\\\/tilbud-fri-barn-og-familie\\\/om-fri-barn-og-familie\\\/#breadcrumb\"},\"inLanguage\":\"nb-NO\",\"potentialAction\":[{\"@type\":\"ReadAction\",\"target\":[\"https:\\\/\\\/kirkensbymisjon.no\\\/tilbud-fri-barn-og-familie\\\/om-fri-barn-og-familie\\\/\"]}]},{\"@type\":\"ImageObject\",\"inLanguage\":\"nb-NO\",\"@id\":\"https:\\\/\\\/kirkensbymisjon.no\\\/tilbud-fri-barn-og-familie\\\/om-fri-barn-og-familie\\\/#primaryimage\",\"url\":\"https:\\\/\\\/kirkensbymisjon.no\\\/content\\\/uploads\\\/sites\\\/88\\\/2024\\\/08\\\/Tilbud_Ifengsel_01.jpg\",\"contentUrl\":\"https:\\\/\\\/kirkensbymisjon.no\\\/content\\\/uploads\\\/sites\\\/88\\\/2024\\\/08\\\/Tilbud_Ifengsel_01.jpg\"},{\"@type\":\"BreadcrumbList\",\"@id\":\"https:\\\/\\\/kirkensbymisjon.no\\\/tilbud-fri-barn-og-familie\\\/om-fri-barn-og-familie\\\/#breadcrumb\",\"itemListElement\":[{\"@type\":\"ListItem\",\"position\":1,\"name\":\"Hjem\",\"item\":\"https:\\\/\\\/kirkensbymisjon.no\\\/tilbud-fri-barn-og-familie\\\/\"},{\"@type\":\"ListItem\",\"position\":2,\"name\":\"Om Fri \u2013 barn og familie\"}]},{\"@type\":\"WebSite\",\"@id\":\"https:\\\/\\\/kirkensbymisjon.no\\\/tilbud-fri-barn-og-familie\\\/#website\",\"url\":\"https:\\\/\\\/kirkensbymisjon.no\\\/tilbud-fri-barn-og-familie\\\/\",\"name\":\"Fri \u2013 barn og familie\",\"description\":\"\",\"potentialAction\":[{\"@type\":\"SearchAction\",\"target\":{\"@type\":\"EntryPoint\",\"urlTemplate\":\"https:\\\/\\\/kirkensbymisjon.no\\\/tilbud-fri-barn-og-familie\\\/?s={search_term_string}\"},\"query-input\":{\"@type\":\"PropertyValueSpecification\",\"valueRequired\":true,\"valueName\":\"search_term_string\"}}],\"inLanguage\":\"nb-NO\"}]}<\/script>\n<!-- \/ Yoast SEO Premium plugin. -->","yoast_head_json":{"title":"Om Fri \u2013 barn og familie - Fri \u2013 barn og familie","robots":{"index":"index","follow":"follow","max-snippet":"max-snippet:-1","max-image-preview":"max-image-preview:large","max-video-preview":"max-video-preview:-1"},"canonical":"https:\/\/kirkensbymisjon.no\/tilbud-fri-barn-og-familie\/om-fri-barn-og-familie\/","og_locale":"nb_NO","og_type":"article","og_title":"Om Fri \u2013 barn og familie","og_description":"Vi har ulike tilbud rundt i landet, og samarbeider ogs\u00e5 med andre, for \u00e5 kunne&hellip;","og_url":"https:\/\/kirkensbymisjon.no\/tilbud-fri-barn-og-familie\/om-fri-barn-og-familie\/","og_site_name":"Fri \u2013 barn og familie","article_modified_time":"2024-09-03T07:35:11+00:00","og_image":[{"url":"https:\/\/kirkensbymisjon.no\/content\/uploads\/sites\/88\/2024\/08\/Tilbud_Ifengsel_01.jpg","type":"","width":"","height":""}],"twitter_card":"summary_large_image","twitter_misc":{"Ansl. lesetid":"7 minutter"},"schema":{"@context":"https:\/\/schema.org","@graph":[{"@type":"WebPage","@id":"https:\/\/kirkensbymisjon.no\/tilbud-fri-barn-og-familie\/om-fri-barn-og-familie\/","url":"https:\/\/kirkensbymisjon.no\/tilbud-fri-barn-og-familie\/om-fri-barn-og-familie\/","name":"Om Fri \u2013 barn og familie - Fri \u2013 barn og familie","isPartOf":{"@id":"https:\/\/kirkensbymisjon.no\/tilbud-fri-barn-og-familie\/#website"},"primaryImageOfPage":{"@id":"https:\/\/kirkensbymisjon.no\/tilbud-fri-barn-og-familie\/om-fri-barn-og-familie\/#primaryimage"},"image":{"@id":"https:\/\/kirkensbymisjon.no\/tilbud-fri-barn-og-familie\/om-fri-barn-og-familie\/#primaryimage"},"thumbnailUrl":"https:\/\/kirkensbymisjon.no\/content\/uploads\/sites\/88\/2024\/08\/Tilbud_Ifengsel_01.jpg","datePublished":"2024-08-10T07:38:18+00:00","dateModified":"2024-09-03T07:35:11+00:00","breadcrumb":{"@id":"https:\/\/kirkensbymisjon.no\/tilbud-fri-barn-og-familie\/om-fri-barn-og-familie\/#breadcrumb"},"inLanguage":"nb-NO","potentialAction":[{"@type":"ReadAction","target":["https:\/\/kirkensbymisjon.no\/tilbud-fri-barn-og-familie\/om-fri-barn-og-familie\/"]}]},{"@type":"ImageObject","inLanguage":"nb-NO","@id":"https:\/\/kirkensbymisjon.no\/tilbud-fri-barn-og-familie\/om-fri-barn-og-familie\/#primaryimage","url":"https:\/\/kirkensbymisjon.no\/content\/uploads\/sites\/88\/2024\/08\/Tilbud_Ifengsel_01.jpg","contentUrl":"https:\/\/kirkensbymisjon.no\/content\/uploads\/sites\/88\/2024\/08\/Tilbud_Ifengsel_01.jpg"},{"@type":"BreadcrumbList","@id":"https:\/\/kirkensbymisjon.no\/tilbud-fri-barn-og-familie\/om-fri-barn-og-familie\/#breadcrumb","itemListElement":[{"@type":"ListItem","position":1,"name":"Hjem","item":"https:\/\/kirkensbymisjon.no\/tilbud-fri-barn-og-familie\/"},{"@type":"ListItem","position":2,"name":"Om Fri \u2013 barn og familie"}]},{"@type":"WebSite","@id":"https:\/\/kirkensbymisjon.no\/tilbud-fri-barn-og-familie\/#website","url":"https:\/\/kirkensbymisjon.no\/tilbud-fri-barn-og-familie\/","name":"Fri \u2013 barn og familie","description":"","potentialAction":[{"@type":"SearchAction","target":{"@type":"EntryPoint","urlTemplate":"https:\/\/kirkensbymisjon.no\/tilbud-fri-barn-og-familie\/?s={search_term_string}"},"query-input":{"@type":"PropertyValueSpecification","valueRequired":true,"valueName":"search_term_string"}}],"inLanguage":"nb-NO"}]}},"_links":{"self":[{"href":"https:\/\/kirkensbymisjon.no\/tilbud-fri-barn-og-familie\/wp-json\/wp\/v2\/pages\/20","targetHints":{"allow":["GET"]}}],"collection":[{"href":"https:\/\/kirkensbymisjon.no\/tilbud-fri-barn-og-familie\/wp-json\/wp\/v2\/pages"}],"about":[{"href":"https:\/\/kirkensbymisjon.no\/tilbud-fri-barn-og-familie\/wp-json\/wp\/v2\/types\/page"}],"author":[{"embeddable":true,"href":"https:\/\/kirkensbymisjon.no\/tilbud-fri-barn-og-familie\/wp-json\/wp\/v2\/users\/5"}],"replies":[{"embeddable":true,"href":"https:\/\/kirkensbymisjon.no\/tilbud-fri-barn-og-familie\/wp-json\/wp\/v2\/comments?post=20"}],"version-history":[{"count":4,"href":"https:\/\/kirkensbymisjon.no\/tilbud-fri-barn-og-familie\/wp-json\/wp\/v2\/pages\/20\/revisions"}],"predecessor-version":[{"id":106,"href":"https:\/\/kirkensbymisjon.no\/tilbud-fri-barn-og-familie\/wp-json\/wp\/v2\/pages\/20\/revisions\/106"}],"wp:attachment":[{"href":"https:\/\/kirkensbymisjon.no\/tilbud-fri-barn-og-familie\/wp-json\/wp\/v2\/media?parent=20"}],"curies":[{"name":"wp","href":"https:\/\/api.w.org\/{rel}","templated":true}]}}