{"id":13,"date":"2024-08-08T13:46:10","date_gmt":"2024-08-08T11:46:10","guid":{"rendered":"https:\/\/kirkensbymisjon.no\/tilbud-innsattes-barn\/?page_id=13"},"modified":"2026-02-06T13:32:24","modified_gmt":"2026-02-06T12:32:24","slug":"var-kompetanse","status":"publish","type":"page","link":"https:\/\/kirkensbymisjon.no\/tilbud-innsattes-barn\/var-kompetanse\/","title":{"rendered":"V\u00e5r kompetanse"},"content":{"rendered":"\n<p>V\u00e5re ansatte bruker sin lange erfaring og faglige kompetanse i m\u00f8te med barna og familiene vi bist\u00e5r.<\/p>\n\n\n\n<h2 class=\"wp-block-heading\" id=\"h-vare-ansatte\">V\u00e5re ansatte<\/h2>\n\n\n<div class=\"t2-accordion wp-block-t2-accordion\" data-allow-multiple=\"1\" role=\"list\">\n<div class=\"t2-accordion-item wp-block-t2-accordion-item\" role=\"listitem\">\n\t\t\t<h2 class=\"t2-accordion-title\">\n\t\t\t\t<button type=\"button\" class=\"t2-accordion-trigger\" id=\"&lt;strong&gt;hilde-jahnsen-aune,-avdelingsleder&lt;\/strong&gt;\" aria-controls=\"accordion-panel\" aria-expanded=\"false\">\n\t\t\t\t\tHilde Jahnsen Aune, avdelingsleder\n\t\t\t\t\t<span class=\"t2-accordion-icon is-closed-icon\"><svg xmlns=\"http:\/\/www.w3.org\/2000\/svg\" viewBox=\"0 0 24 24\" height=\"24\" width=\"24\" class=\"t2-icon t2-icon-plus\" aria-hidden=\"true\" focusable=\"false\"><path d=\"M11.8 5.037a1.088 1.088 0 0 0-.722.566c-.075.148-.078.25-.078 2.772v2.619l-2.61.016c-1.867.012-2.652.03-2.756.064-.168.055-.438.301-.54.494-.049.092-.07.223-.07.432 0 .34.054.476.282.704.289.289.14.275 3.064.288l2.63.012v2.619c0 2.544.002 2.625.08 2.778.191.372.516.577.92.577s.729-.205.92-.577c.078-.153.08-.234.08-2.778v-2.619l2.63-.012c2.924-.013 2.775.001 3.064-.288.228-.228.282-.364.282-.704 0-.209-.021-.34-.07-.432-.102-.193-.372-.439-.54-.494-.104-.034-.889-.052-2.756-.064L13 10.994V8.375c0-2.522-.003-2.624-.078-2.772-.214-.418-.685-.656-1.122-.566\"\/><\/svg><\/span>\n\t\t\t\t\t<span class=\"t2-accordion-icon is-open-icon\"><svg xmlns=\"http:\/\/www.w3.org\/2000\/svg\" viewBox=\"0 0 24 24\" height=\"24\" width=\"24\" class=\"t2-icon t2-icon-chevronup\" aria-hidden=\"true\" focusable=\"false\"><path d=\"M6.7 14.7c-.2-.2-.3-.4-.3-.7s.1-.5.3-.7l4.6-4.6c.1-.1.2-.2.3-.2.1 0 .2-.1.4-.1.1 0 .3 0 .4.1.1 0 .2.1.3.2l4.6 4.6c.2.2.3.4.3.7s-.1.5-.3.7c-.2.2-.4.3-.7.3s-.5-.1-.7-.3L12 10.8l-3.9 3.9c-.2.2-.4.3-.7.3s-.5-.1-.7-.3z\" fill=\"currentColor\" \/><\/svg><\/span>\n\t\t\t\t<\/button>\n\t\t\t<\/h2>\n\t\t\t<div class=\"t2-accordion-item__inner-container is-layout-flow\" id=\"accordion-panel\" aria-labelledby=\"&lt;strong&gt;hilde-jahnsen-aune,-avdelingsleder&lt;\/strong&gt;\" role=\"region\" hidden>\n\t\t\t\t\n\n<ul class=\"wp-block-list\">\n<li><strong>Utdannet&nbsp;<\/strong>sosionom med internasjonal og interkulturell fordypning (2010).&nbsp;<strong>Videreutdanning&nbsp;<\/strong>i par- og familieterapi og systemisk praksis, Vurdering av barnets beste og Tiltak mot seksuelle overgrep mot barn.<\/li>\n\n\n\n<li><strong>Sertifisert <\/strong>i COS-P, Barnesamtalen (DCM), Pappaprogram og \u00abMamma fra innsiden\u00bb. Har gjennomf\u00f8rt 40-timers <strong>kurs <\/strong>i veiledningsteori og metode, VIVAT-kurs samt flere kurs innenfor traumebevisst omsorg og arbeid med barn og unge.<\/li>\n\n\n\n<li>Har mange \u00e5rs <strong>erfaring <\/strong>fra 1. linjetjenesten og har erfaring som milj\u00f8terapeut for barn og unge, b\u00e5de fra bolig og i tiltak.<\/li>\n<\/ul>\n\n\n\t\t\t<\/div>\n\t\t<\/div>\n\n<div class=\"t2-accordion-item wp-block-t2-accordion-item\" role=\"listitem\">\n\t\t\t<h2 class=\"t2-accordion-title\">\n\t\t\t\t<button type=\"button\" class=\"t2-accordion-trigger\" id=\"&lt;strong&gt;anette-de-montigny,-sosialkonsulent&lt;\/strong&gt;\" aria-controls=\"accordion-panel-1\" aria-expanded=\"false\">\n\t\t\t\t\tAnette de Montigny, sosialkonsulent\n\t\t\t\t\t<span class=\"t2-accordion-icon is-closed-icon\"><svg xmlns=\"http:\/\/www.w3.org\/2000\/svg\" viewBox=\"0 0 24 24\" height=\"24\" width=\"24\" class=\"t2-icon t2-icon-plus\" aria-hidden=\"true\" focusable=\"false\"><path d=\"M11.8 5.037a1.088 1.088 0 0 0-.722.566c-.075.148-.078.25-.078 2.772v2.619l-2.61.016c-1.867.012-2.652.03-2.756.064-.168.055-.438.301-.54.494-.049.092-.07.223-.07.432 0 .34.054.476.282.704.289.289.14.275 3.064.288l2.63.012v2.619c0 2.544.002 2.625.08 2.778.191.372.516.577.92.577s.729-.205.92-.577c.078-.153.08-.234.08-2.778v-2.619l2.63-.012c2.924-.013 2.775.001 3.064-.288.228-.228.282-.364.282-.704 0-.209-.021-.34-.07-.432-.102-.193-.372-.439-.54-.494-.104-.034-.889-.052-2.756-.064L13 10.994V8.375c0-2.522-.003-2.624-.078-2.772-.214-.418-.685-.656-1.122-.566\"\/><\/svg><\/span>\n\t\t\t\t\t<span class=\"t2-accordion-icon is-open-icon\"><svg xmlns=\"http:\/\/www.w3.org\/2000\/svg\" viewBox=\"0 0 24 24\" height=\"24\" width=\"24\" class=\"t2-icon t2-icon-chevronup\" aria-hidden=\"true\" focusable=\"false\"><path d=\"M6.7 14.7c-.2-.2-.3-.4-.3-.7s.1-.5.3-.7l4.6-4.6c.1-.1.2-.2.3-.2.1 0 .2-.1.4-.1.1 0 .3 0 .4.1.1 0 .2.1.3.2l4.6 4.6c.2.2.3.4.3.7s-.1.5-.3.7c-.2.2-.4.3-.7.3s-.5-.1-.7-.3L12 10.8l-3.9 3.9c-.2.2-.4.3-.7.3s-.5-.1-.7-.3z\" fill=\"currentColor\" \/><\/svg><\/span>\n\t\t\t\t<\/button>\n\t\t\t<\/h2>\n\t\t\t<div class=\"t2-accordion-item__inner-container is-layout-flow\" id=\"accordion-panel-1\" aria-labelledby=\"&lt;strong&gt;anette-de-montigny,-sosialkonsulent&lt;\/strong&gt;\" role=\"region\" hidden>\n\t\t\t\t\n\n<ul class=\"wp-block-list\">\n<li><strong>Utdannet <\/strong>barnevernspedagog (2006). <br><strong>Videreutdanning <\/strong>i psykososialt arbeid med barn og unge.<\/li>\n\n\n\n<li><strong>Sertifisert <\/strong>i COS-P, Barnesamtalen og EuroADAD. Har fullf\u00f8rt <strong>programlederkurs <\/strong>i Pappaprogram, \u00abMamma fra innsiden\u00bb og flere <strong>kurs <\/strong>innenfor veiledning og traumebasert omsorg. <br>Har v\u00e6rt <strong>ressursperson <\/strong>over flere \u00e5r i verge- h\u00e5ndtering av atferd som utfordrer.<\/li>\n\n\n\n<li>Har mange \u00e5rs <strong>erfaring <\/strong>fra 1. linjetjenesten og fra barneverninstitusjon.<\/li>\n<\/ul>\n\n\n\t\t\t<\/div>\n\t\t<\/div>\n\n<div class=\"t2-accordion-item wp-block-t2-accordion-item\" role=\"listitem\">\n\t\t\t<h2 class=\"t2-accordion-title\">\n\t\t\t\t<button type=\"button\" class=\"t2-accordion-trigger\" id=\"&lt;strong&gt;marianne-r\u00f8ssland,-sosialkonsulent&lt;\/strong&gt;\" aria-controls=\"accordion-panel-2\" aria-expanded=\"false\">\n\t\t\t\t\tMarianne R\u00f8ssland, sosialkonsulent\n\t\t\t\t\t<span class=\"t2-accordion-icon is-closed-icon\"><svg xmlns=\"http:\/\/www.w3.org\/2000\/svg\" viewBox=\"0 0 24 24\" height=\"24\" width=\"24\" class=\"t2-icon t2-icon-plus\" aria-hidden=\"true\" focusable=\"false\"><path d=\"M11.8 5.037a1.088 1.088 0 0 0-.722.566c-.075.148-.078.25-.078 2.772v2.619l-2.61.016c-1.867.012-2.652.03-2.756.064-.168.055-.438.301-.54.494-.049.092-.07.223-.07.432 0 .34.054.476.282.704.289.289.14.275 3.064.288l2.63.012v2.619c0 2.544.002 2.625.08 2.778.191.372.516.577.92.577s.729-.205.92-.577c.078-.153.08-.234.08-2.778v-2.619l2.63-.012c2.924-.013 2.775.001 3.064-.288.228-.228.282-.364.282-.704 0-.209-.021-.34-.07-.432-.102-.193-.372-.439-.54-.494-.104-.034-.889-.052-2.756-.064L13 10.994V8.375c0-2.522-.003-2.624-.078-2.772-.214-.418-.685-.656-1.122-.566\"\/><\/svg><\/span>\n\t\t\t\t\t<span class=\"t2-accordion-icon is-open-icon\"><svg xmlns=\"http:\/\/www.w3.org\/2000\/svg\" viewBox=\"0 0 24 24\" height=\"24\" width=\"24\" class=\"t2-icon t2-icon-chevronup\" aria-hidden=\"true\" focusable=\"false\"><path d=\"M6.7 14.7c-.2-.2-.3-.4-.3-.7s.1-.5.3-.7l4.6-4.6c.1-.1.2-.2.3-.2.1 0 .2-.1.4-.1.1 0 .3 0 .4.1.1 0 .2.1.3.2l4.6 4.6c.2.2.3.4.3.7s-.1.5-.3.7c-.2.2-.4.3-.7.3s-.5-.1-.7-.3L12 10.8l-3.9 3.9c-.2.2-.4.3-.7.3s-.5-.1-.7-.3z\" fill=\"currentColor\" \/><\/svg><\/span>\n\t\t\t\t<\/button>\n\t\t\t<\/h2>\n\t\t\t<div class=\"t2-accordion-item__inner-container is-layout-flow\" id=\"accordion-panel-2\" aria-labelledby=\"&lt;strong&gt;marianne-r\u00f8ssland,-sosialkonsulent&lt;\/strong&gt;\" role=\"region\" hidden>\n\t\t\t\t\n\n<ul class=\"wp-block-list\">\n<li><strong>Utdannet <\/strong>barnevernspedagog (2000).<br><strong>Videreutdanning <\/strong>i systemisk grunnlagsforst\u00e5else og familieterapi.<\/li>\n\n\n\n<li><strong>Sertifisert <\/strong>i COS-P, CARE-Index, \u00abMamma fra innsiden\u00bb og har <br><strong>kurs <\/strong>i veiledning. Flere kurs innenfor traumebevisst omsorg og arbeid med barn og unge.<\/li>\n\n\n\n<li>Har mange \u00e5rs <strong>erfaring <\/strong>fra arbeid i institusjon med barn og ungdom, samt familiesenter. Jobbet i 1. linjetjenesten og som barnevernspedagog i barnehage og skole.<\/li>\n<\/ul>\n\n\n\t\t\t<\/div>\n\t\t<\/div>\n\n<div class=\"t2-accordion-item wp-block-t2-accordion-item\" role=\"listitem\">\n\t\t\t<h2 class=\"t2-accordion-title\">\n\t\t\t\t<button type=\"button\" class=\"t2-accordion-trigger\" id=\"&lt;strong&gt;cecilie-chiem,-sosialkonsulent&lt;\/strong&gt;\" aria-controls=\"accordion-panel-3\" aria-expanded=\"false\">\n\t\t\t\t\tCecilie Chiem, sosialkonsulent\n\t\t\t\t\t<span class=\"t2-accordion-icon is-closed-icon\"><svg xmlns=\"http:\/\/www.w3.org\/2000\/svg\" viewBox=\"0 0 24 24\" height=\"24\" width=\"24\" class=\"t2-icon t2-icon-plus\" aria-hidden=\"true\" focusable=\"false\"><path d=\"M11.8 5.037a1.088 1.088 0 0 0-.722.566c-.075.148-.078.25-.078 2.772v2.619l-2.61.016c-1.867.012-2.652.03-2.756.064-.168.055-.438.301-.54.494-.049.092-.07.223-.07.432 0 .34.054.476.282.704.289.289.14.275 3.064.288l2.63.012v2.619c0 2.544.002 2.625.08 2.778.191.372.516.577.92.577s.729-.205.92-.577c.078-.153.08-.234.08-2.778v-2.619l2.63-.012c2.924-.013 2.775.001 3.064-.288.228-.228.282-.364.282-.704 0-.209-.021-.34-.07-.432-.102-.193-.372-.439-.54-.494-.104-.034-.889-.052-2.756-.064L13 10.994V8.375c0-2.522-.003-2.624-.078-2.772-.214-.418-.685-.656-1.122-.566\"\/><\/svg><\/span>\n\t\t\t\t\t<span class=\"t2-accordion-icon is-open-icon\"><svg xmlns=\"http:\/\/www.w3.org\/2000\/svg\" viewBox=\"0 0 24 24\" height=\"24\" width=\"24\" class=\"t2-icon t2-icon-chevronup\" aria-hidden=\"true\" focusable=\"false\"><path d=\"M6.7 14.7c-.2-.2-.3-.4-.3-.7s.1-.5.3-.7l4.6-4.6c.1-.1.2-.2.3-.2.1 0 .2-.1.4-.1.1 0 .3 0 .4.1.1 0 .2.1.3.2l4.6 4.6c.2.2.3.4.3.7s-.1.5-.3.7c-.2.2-.4.3-.7.3s-.5-.1-.7-.3L12 10.8l-3.9 3.9c-.2.2-.4.3-.7.3s-.5-.1-.7-.3z\" fill=\"currentColor\" \/><\/svg><\/span>\n\t\t\t\t<\/button>\n\t\t\t<\/h2>\n\t\t\t<div class=\"t2-accordion-item__inner-container is-layout-flow\" id=\"accordion-panel-3\" aria-labelledby=\"&lt;strong&gt;cecilie-chiem,-sosialkonsulent&lt;\/strong&gt;\" role=\"region\" hidden>\n\t\t\t\t\n\n<ul class=\"wp-block-list\">\n<li><strong>Utdannet <\/strong>master i utviklingspsykologi (2016).<\/li>\n\n\n\n<li><strong>Sertifisert <\/strong>i COS-P og AART. <br>Har gjennomf\u00f8rt <strong>kurs <\/strong>i psykologisk f\u00f8rstehjelp og flere kurs innenfor traumebevisst omsorg. <br>Har <strong>kjennskap <\/strong>til foreldreveiledningsverkt\u00f8y som emosjonsfokusert foreldreveiledning, PMTO og ICDP.<\/li>\n\n\n\n<li>Har mange \u00e5rs <strong>erfaring <\/strong>fra 1. linjetjenesten, og har erfaring som sosialpedagogisk r\u00e5dgiver i skolen og milj\u00f8terapeut i voksenpsykiatrien.<\/li>\n<\/ul>\n\n\n\t\t\t<\/div>\n\t\t<\/div>\n<\/div>\n\n\n<div class=\"wp-block-media-text alignwide is-stacked-on-mobile is-style-filled\"><figure class=\"wp-block-media-text__media\"><img loading=\"lazy\" decoding=\"async\" width=\"1000\" height=\"500\" src=\"https:\/\/kirkensbymisjon.no\/content\/uploads\/sites\/95\/2024\/08\/Tilbud_Fri-barn-og-familie_01.jpeg\" alt=\"Far og datter\" class=\"wp-image-88 size-full\" srcset=\"https:\/\/kirkensbymisjon.no\/content\/uploads\/sites\/95\/2024\/08\/Tilbud_Fri-barn-og-familie_01.jpeg 1000w, https:\/\/kirkensbymisjon.no\/content\/uploads\/sites\/95\/2024\/08\/Tilbud_Fri-barn-og-familie_01-300x150.jpeg 300w, https:\/\/kirkensbymisjon.no\/content\/uploads\/sites\/95\/2024\/08\/Tilbud_Fri-barn-og-familie_01-768x384.jpeg 768w\" sizes=\"auto, (max-width: 1000px) 100vw, 1000px\" \/><\/figure><div class=\"wp-block-media-text__content\">\n<h3 class=\"wp-block-heading\" id=\"h-fri-barn-og-familie\"><strong>Fri \u2013 barn og familie<\/strong><\/h3>\n\n\n\n<p>Vi har flere tilbud rundt i landet som tilbyr hjelp med samv\u00e6r, veiledning, og har en rekke aktiviteter \u2013 for hele familien.<\/p>\n\n\n\n<p><a href=\"\/tilbud-fri-barn-og-familie\/\">Les mer tilbudet<\/a><\/p>\n<\/div><\/div>\n","protected":false},"excerpt":{"rendered":"<p>V\u00e5re ansatte bruker sin lange erfaring og faglige kompetanse i m\u00f8te med barna og familiene&hellip;<\/p>\n","protected":false},"author":5,"featured_media":0,"parent":0,"menu_order":0,"comment_status":"closed","ping_status":"closed","template":"","meta":{"_relevanssi_hide_post":"","_relevanssi_hide_content":"","_relevanssi_pin_for_all":"","_relevanssi_pin_keywords":"","_relevanssi_unpin_keywords":"","_relevanssi_related_keywords":"","_relevanssi_related_include_ids":"","_relevanssi_related_exclude_ids":"","_relevanssi_related_no_append":"","_relevanssi_related_not_related":"","_relevanssi_related_posts":"1","_relevanssi_noindex_reason":"","editor_notices":[],"footnotes":""},"class_list":["post-13","page","type-page","status-publish","hentry"],"yoast_head":"<!-- This site is optimized with the Yoast SEO Premium plugin v27.2 (Yoast SEO v27.4) - https:\/\/yoast.com\/product\/yoast-seo-premium-wordpress\/ -->\n<title>V\u00e5r kompetanse - Innsattes barn<\/title>\n<meta name=\"robots\" content=\"index, follow, max-snippet:-1, max-image-preview:large, max-video-preview:-1\" \/>\n<link rel=\"canonical\" href=\"https:\/\/kirkensbymisjon.no\/tilbud-innsattes-barn\/var-kompetanse\/\" \/>\n<meta property=\"og:locale\" content=\"nb_NO\" \/>\n<meta property=\"og:type\" content=\"article\" \/>\n<meta property=\"og:title\" content=\"V\u00e5r kompetanse\" \/>\n<meta property=\"og:description\" content=\"V\u00e5re ansatte bruker sin lange erfaring og faglige kompetanse i m\u00f8te med barna og familiene&hellip;\" \/>\n<meta property=\"og:url\" content=\"https:\/\/kirkensbymisjon.no\/tilbud-innsattes-barn\/var-kompetanse\/\" \/>\n<meta property=\"og:site_name\" content=\"Innsattes barn\" \/>\n<meta property=\"article:modified_time\" content=\"2026-02-06T12:32:24+00:00\" \/>\n<meta property=\"og:image\" content=\"https:\/\/kirkensbymisjon.no\/content\/uploads\/sites\/95\/2024\/08\/Tilbud_Fri-barn-og-familie_01.jpeg\" \/>\n\t<meta property=\"og:image:width\" content=\"1000\" \/>\n\t<meta property=\"og:image:height\" content=\"500\" \/>\n\t<meta property=\"og:image:type\" content=\"image\/jpeg\" \/>\n<meta name=\"twitter:card\" content=\"summary_large_image\" \/>\n<meta name=\"twitter:label1\" content=\"Ansl. lesetid\" \/>\n\t<meta name=\"twitter:data1\" content=\"2 minutter\" \/>\n<script type=\"application\/ld+json\" class=\"yoast-schema-graph\">{\"@context\":\"https:\\\/\\\/schema.org\",\"@graph\":[{\"@type\":\"WebPage\",\"@id\":\"https:\\\/\\\/kirkensbymisjon.no\\\/tilbud-innsattes-barn\\\/var-kompetanse\\\/\",\"url\":\"https:\\\/\\\/kirkensbymisjon.no\\\/tilbud-innsattes-barn\\\/var-kompetanse\\\/\",\"name\":\"V\u00e5r kompetanse - Innsattes barn\",\"isPartOf\":{\"@id\":\"https:\\\/\\\/kirkensbymisjon.no\\\/tilbud-innsattes-barn\\\/#website\"},\"primaryImageOfPage\":{\"@id\":\"https:\\\/\\\/kirkensbymisjon.no\\\/tilbud-innsattes-barn\\\/var-kompetanse\\\/#primaryimage\"},\"image\":{\"@id\":\"https:\\\/\\\/kirkensbymisjon.no\\\/tilbud-innsattes-barn\\\/var-kompetanse\\\/#primaryimage\"},\"thumbnailUrl\":\"https:\\\/\\\/kirkensbymisjon.no\\\/content\\\/uploads\\\/sites\\\/95\\\/2024\\\/08\\\/Tilbud_Fri-barn-og-familie_01.jpeg\",\"datePublished\":\"2024-08-08T11:46:10+00:00\",\"dateModified\":\"2026-02-06T12:32:24+00:00\",\"breadcrumb\":{\"@id\":\"https:\\\/\\\/kirkensbymisjon.no\\\/tilbud-innsattes-barn\\\/var-kompetanse\\\/#breadcrumb\"},\"inLanguage\":\"nb-NO\",\"potentialAction\":[{\"@type\":\"ReadAction\",\"target\":[\"https:\\\/\\\/kirkensbymisjon.no\\\/tilbud-innsattes-barn\\\/var-kompetanse\\\/\"]}]},{\"@type\":\"ImageObject\",\"inLanguage\":\"nb-NO\",\"@id\":\"https:\\\/\\\/kirkensbymisjon.no\\\/tilbud-innsattes-barn\\\/var-kompetanse\\\/#primaryimage\",\"url\":\"https:\\\/\\\/kirkensbymisjon.no\\\/content\\\/uploads\\\/sites\\\/95\\\/2024\\\/08\\\/Tilbud_Fri-barn-og-familie_01.jpeg\",\"contentUrl\":\"https:\\\/\\\/kirkensbymisjon.no\\\/content\\\/uploads\\\/sites\\\/95\\\/2024\\\/08\\\/Tilbud_Fri-barn-og-familie_01.jpeg\"},{\"@type\":\"BreadcrumbList\",\"@id\":\"https:\\\/\\\/kirkensbymisjon.no\\\/tilbud-innsattes-barn\\\/var-kompetanse\\\/#breadcrumb\",\"itemListElement\":[{\"@type\":\"ListItem\",\"position\":1,\"name\":\"Hjem\",\"item\":\"https:\\\/\\\/kirkensbymisjon.no\\\/tilbud-innsattes-barn\\\/\"},{\"@type\":\"ListItem\",\"position\":2,\"name\":\"V\u00e5r kompetanse\"}]},{\"@type\":\"WebSite\",\"@id\":\"https:\\\/\\\/kirkensbymisjon.no\\\/tilbud-innsattes-barn\\\/#website\",\"url\":\"https:\\\/\\\/kirkensbymisjon.no\\\/tilbud-innsattes-barn\\\/\",\"name\":\"Innsattes barn\",\"description\":\"\",\"potentialAction\":[{\"@type\":\"SearchAction\",\"target\":{\"@type\":\"EntryPoint\",\"urlTemplate\":\"https:\\\/\\\/kirkensbymisjon.no\\\/tilbud-innsattes-barn\\\/?s={search_term_string}\"},\"query-input\":{\"@type\":\"PropertyValueSpecification\",\"valueRequired\":true,\"valueName\":\"search_term_string\"}}],\"inLanguage\":\"nb-NO\"}]}<\/script>\n<!-- \/ Yoast SEO Premium plugin. -->","yoast_head_json":{"title":"V\u00e5r kompetanse - Innsattes barn","robots":{"index":"index","follow":"follow","max-snippet":"max-snippet:-1","max-image-preview":"max-image-preview:large","max-video-preview":"max-video-preview:-1"},"canonical":"https:\/\/kirkensbymisjon.no\/tilbud-innsattes-barn\/var-kompetanse\/","og_locale":"nb_NO","og_type":"article","og_title":"V\u00e5r kompetanse","og_description":"V\u00e5re ansatte bruker sin lange erfaring og faglige kompetanse i m\u00f8te med barna og familiene&hellip;","og_url":"https:\/\/kirkensbymisjon.no\/tilbud-innsattes-barn\/var-kompetanse\/","og_site_name":"Innsattes barn","article_modified_time":"2026-02-06T12:32:24+00:00","og_image":[{"width":1000,"height":500,"url":"https:\/\/kirkensbymisjon.no\/content\/uploads\/sites\/95\/2024\/08\/Tilbud_Fri-barn-og-familie_01.jpeg","type":"image\/jpeg"}],"twitter_card":"summary_large_image","twitter_misc":{"Ansl. lesetid":"2 minutter"},"schema":{"@context":"https:\/\/schema.org","@graph":[{"@type":"WebPage","@id":"https:\/\/kirkensbymisjon.no\/tilbud-innsattes-barn\/var-kompetanse\/","url":"https:\/\/kirkensbymisjon.no\/tilbud-innsattes-barn\/var-kompetanse\/","name":"V\u00e5r kompetanse - Innsattes barn","isPartOf":{"@id":"https:\/\/kirkensbymisjon.no\/tilbud-innsattes-barn\/#website"},"primaryImageOfPage":{"@id":"https:\/\/kirkensbymisjon.no\/tilbud-innsattes-barn\/var-kompetanse\/#primaryimage"},"image":{"@id":"https:\/\/kirkensbymisjon.no\/tilbud-innsattes-barn\/var-kompetanse\/#primaryimage"},"thumbnailUrl":"https:\/\/kirkensbymisjon.no\/content\/uploads\/sites\/95\/2024\/08\/Tilbud_Fri-barn-og-familie_01.jpeg","datePublished":"2024-08-08T11:46:10+00:00","dateModified":"2026-02-06T12:32:24+00:00","breadcrumb":{"@id":"https:\/\/kirkensbymisjon.no\/tilbud-innsattes-barn\/var-kompetanse\/#breadcrumb"},"inLanguage":"nb-NO","potentialAction":[{"@type":"ReadAction","target":["https:\/\/kirkensbymisjon.no\/tilbud-innsattes-barn\/var-kompetanse\/"]}]},{"@type":"ImageObject","inLanguage":"nb-NO","@id":"https:\/\/kirkensbymisjon.no\/tilbud-innsattes-barn\/var-kompetanse\/#primaryimage","url":"https:\/\/kirkensbymisjon.no\/content\/uploads\/sites\/95\/2024\/08\/Tilbud_Fri-barn-og-familie_01.jpeg","contentUrl":"https:\/\/kirkensbymisjon.no\/content\/uploads\/sites\/95\/2024\/08\/Tilbud_Fri-barn-og-familie_01.jpeg"},{"@type":"BreadcrumbList","@id":"https:\/\/kirkensbymisjon.no\/tilbud-innsattes-barn\/var-kompetanse\/#breadcrumb","itemListElement":[{"@type":"ListItem","position":1,"name":"Hjem","item":"https:\/\/kirkensbymisjon.no\/tilbud-innsattes-barn\/"},{"@type":"ListItem","position":2,"name":"V\u00e5r kompetanse"}]},{"@type":"WebSite","@id":"https:\/\/kirkensbymisjon.no\/tilbud-innsattes-barn\/#website","url":"https:\/\/kirkensbymisjon.no\/tilbud-innsattes-barn\/","name":"Innsattes barn","description":"","potentialAction":[{"@type":"SearchAction","target":{"@type":"EntryPoint","urlTemplate":"https:\/\/kirkensbymisjon.no\/tilbud-innsattes-barn\/?s={search_term_string}"},"query-input":{"@type":"PropertyValueSpecification","valueRequired":true,"valueName":"search_term_string"}}],"inLanguage":"nb-NO"}]}},"_links":{"self":[{"href":"https:\/\/kirkensbymisjon.no\/tilbud-innsattes-barn\/wp-json\/wp\/v2\/pages\/13","targetHints":{"allow":["GET"]}}],"collection":[{"href":"https:\/\/kirkensbymisjon.no\/tilbud-innsattes-barn\/wp-json\/wp\/v2\/pages"}],"about":[{"href":"https:\/\/kirkensbymisjon.no\/tilbud-innsattes-barn\/wp-json\/wp\/v2\/types\/page"}],"author":[{"embeddable":true,"href":"https:\/\/kirkensbymisjon.no\/tilbud-innsattes-barn\/wp-json\/wp\/v2\/users\/5"}],"replies":[{"embeddable":true,"href":"https:\/\/kirkensbymisjon.no\/tilbud-innsattes-barn\/wp-json\/wp\/v2\/comments?post=13"}],"version-history":[{"count":5,"href":"https:\/\/kirkensbymisjon.no\/tilbud-innsattes-barn\/wp-json\/wp\/v2\/pages\/13\/revisions"}],"predecessor-version":[{"id":178,"href":"https:\/\/kirkensbymisjon.no\/tilbud-innsattes-barn\/wp-json\/wp\/v2\/pages\/13\/revisions\/178"}],"wp:attachment":[{"href":"https:\/\/kirkensbymisjon.no\/tilbud-innsattes-barn\/wp-json\/wp\/v2\/media?parent=13"}],"curies":[{"name":"wp","href":"https:\/\/api.w.org\/{rel}","templated":true}]}}