{"id":3,"date":"2025-01-14T10:44:37","date_gmt":"2025-01-14T09:44:37","guid":{"rendered":"https:\/\/kirkensbymisjon.no\/tilbud-kafe-kirkenes\/forside\/"},"modified":"2026-03-27T14:56:48","modified_gmt":"2026-03-27T13:56:48","slug":"forside","status":"publish","type":"page","link":"https:\/\/kirkensbymisjon.no\/tilbud-kafe-kirkenes\/","title":{"rendered":"Forside"},"content":{"rendered":"\n<p>Vi tilbyr mange ulike faste <a href=\"https:\/\/kirkensbymisjon.no\/tilbud-kafe-kirkenes\/#h-vare-aktiviteter-og-tilbud\">aktiviteter og arrangementer<\/a> p\u00e5 tvers av kommuner i \u00d8st-Finnmark. Du kan ogs\u00e5 lese mer om\u00a0<a href=\"https:\/\/kirkensbymisjon.no\/tilbud-frivilligsentralen-pasvik\/\">frivilligsentralen i Pasvik<\/a>\u00a0eller\u00a0<a href=\"https:\/\/kirkensbymisjon.no\/tilbud-frivilligsentralen-sor-varanger\/\">frivilligsentralen i S\u00f8r-Varanger<\/a> for \u00e5 bli kjent med v\u00e5re lokale tilbud.<\/p>\n\n\n\n<p>Innimellom tilbyr vi ogs\u00e5 aktiviteter andre steder enn de som er nevnt over. <br><a href=\"https:\/\/kirkensbymisjon.no\/tilbud-kafe-kirkenes\/finn-oss\">Ta gjerne kontakt med oss<\/a> dersom du lurer p\u00e5 hva som skjer i n\u00e6rheten av deg, og f\u00f8lg oss p\u00e5 <a href=\"https:\/\/www.facebook.com\/kirkensbymisjonsorvaranger\" target=\"_blank\" rel=\"noreferrer noopener\">Facebook<\/a> for oppdatert informasjon.<\/p>\n\n\n\n<h2 class=\"wp-block-heading\" id=\"h-vare-aktiviteter-og-tilbud\"><strong>V\u00e5re aktiviteter og tilbud<\/strong><\/h2>\n\n\n\n<p><em>I listen under kan du se v\u00e5re aktiviteter og tilbud i \u00d8st-Finnmark. <\/em><\/p>\n\n\n<div class=\"t2-accordion wp-block-t2-accordion\" data-allow-multiple=\"1\" role=\"list\">\n<div class=\"t2-accordion-item wp-block-t2-accordion-item\" role=\"listitem\">\n\t\t\t<h2 class=\"t2-accordion-title\">\n\t\t\t\t<button type=\"button\" class=\"t2-accordion-trigger\" id=\"frivilligsentraler-og-frivillighet\" aria-controls=\"accordion-panel\" aria-expanded=\"false\">\n\t\t\t\t\tFrivilligsentraler og frivillighet\n\t\t\t\t\t<span class=\"t2-accordion-icon is-closed-icon\"><svg xmlns=\"http:\/\/www.w3.org\/2000\/svg\" viewBox=\"0 0 24 24\" height=\"24\" width=\"24\" class=\"t2-icon t2-icon-plus\" aria-hidden=\"true\" focusable=\"false\"><path d=\"M11.8 5.037a1.088 1.088 0 0 0-.722.566c-.075.148-.078.25-.078 2.772v2.619l-2.61.016c-1.867.012-2.652.03-2.756.064-.168.055-.438.301-.54.494-.049.092-.07.223-.07.432 0 .34.054.476.282.704.289.289.14.275 3.064.288l2.63.012v2.619c0 2.544.002 2.625.08 2.778.191.372.516.577.92.577s.729-.205.92-.577c.078-.153.08-.234.08-2.778v-2.619l2.63-.012c2.924-.013 2.775.001 3.064-.288.228-.228.282-.364.282-.704 0-.209-.021-.34-.07-.432-.102-.193-.372-.439-.54-.494-.104-.034-.889-.052-2.756-.064L13 10.994V8.375c0-2.522-.003-2.624-.078-2.772-.214-.418-.685-.656-1.122-.566\"\/><\/svg><\/span>\n\t\t\t\t\t<span class=\"t2-accordion-icon is-open-icon\"><svg xmlns=\"http:\/\/www.w3.org\/2000\/svg\" viewBox=\"0 0 24 24\" height=\"24\" width=\"24\" class=\"t2-icon t2-icon-chevronup\" aria-hidden=\"true\" focusable=\"false\"><path d=\"M6.7 14.7c-.2-.2-.3-.4-.3-.7s.1-.5.3-.7l4.6-4.6c.1-.1.2-.2.3-.2.1 0 .2-.1.4-.1.1 0 .3 0 .4.1.1 0 .2.1.3.2l4.6 4.6c.2.2.3.4.3.7s-.1.5-.3.7c-.2.2-.4.3-.7.3s-.5-.1-.7-.3L12 10.8l-3.9 3.9c-.2.2-.4.3-.7.3s-.5-.1-.7-.3z\" fill=\"currentColor\" \/><\/svg><\/span>\n\t\t\t\t<\/button>\n\t\t\t<\/h2>\n\t\t\t<div class=\"t2-accordion-item__inner-container is-layout-flow\" id=\"accordion-panel\" aria-labelledby=\"frivilligsentraler-og-frivillighet\" role=\"region\" hidden>\n\t\t\t\t\n\n<p>Vi har flere frivillige som gj\u00f8r en viktig innsats hos oss med sm\u00e5 og store oppdrag. Vi h\u00f8rer gjerne fra deg om du vil v\u00e6re frivillig hos oss! <\/p>\n\n\n\n<p><a href=\"https:\/\/kirkensbymisjon1.mobilise.no\/www2\/Forms\/ClerkForm\/Clerk.aspx?arr=9094389&amp;lang=NO\">Her kan du registrere deg som frivillig.<\/a><\/p>\n\n\n\n<p>Dersom du \u00f8nsker mer informasjon om v\u00e5re tilbud, les mer om <a href=\"https:\/\/kirkensbymisjon.no\/tilbud-frivilligsentralen-pasvik\/\">frivilligsentralen i Pasvik<\/a> eller <a href=\"https:\/\/kirkensbymisjon.no\/tilbud-frivilligsentralen-sor-varanger\/\">frivilligsentralen i S\u00f8r-Varanger<\/a>.<\/p>\n\n\n\t\t\t<\/div>\n\t\t<\/div>\n\n<div class=\"t2-accordion-item wp-block-t2-accordion-item\" role=\"listitem\">\n\t\t\t<h2 class=\"t2-accordion-title\">\n\t\t\t\t<button type=\"button\" class=\"t2-accordion-trigger\" id=\"seniortilbud\" aria-controls=\"accordion-panel-1\" aria-expanded=\"false\">\n\t\t\t\t\tSeniortilbud\n\t\t\t\t\t<span class=\"t2-accordion-icon is-closed-icon\"><svg xmlns=\"http:\/\/www.w3.org\/2000\/svg\" viewBox=\"0 0 24 24\" height=\"24\" width=\"24\" class=\"t2-icon t2-icon-plus\" aria-hidden=\"true\" focusable=\"false\"><path d=\"M11.8 5.037a1.088 1.088 0 0 0-.722.566c-.075.148-.078.25-.078 2.772v2.619l-2.61.016c-1.867.012-2.652.03-2.756.064-.168.055-.438.301-.54.494-.049.092-.07.223-.07.432 0 .34.054.476.282.704.289.289.14.275 3.064.288l2.63.012v2.619c0 2.544.002 2.625.08 2.778.191.372.516.577.92.577s.729-.205.92-.577c.078-.153.08-.234.08-2.778v-2.619l2.63-.012c2.924-.013 2.775.001 3.064-.288.228-.228.282-.364.282-.704 0-.209-.021-.34-.07-.432-.102-.193-.372-.439-.54-.494-.104-.034-.889-.052-2.756-.064L13 10.994V8.375c0-2.522-.003-2.624-.078-2.772-.214-.418-.685-.656-1.122-.566\"\/><\/svg><\/span>\n\t\t\t\t\t<span class=\"t2-accordion-icon is-open-icon\"><svg xmlns=\"http:\/\/www.w3.org\/2000\/svg\" viewBox=\"0 0 24 24\" height=\"24\" width=\"24\" class=\"t2-icon t2-icon-chevronup\" aria-hidden=\"true\" focusable=\"false\"><path d=\"M6.7 14.7c-.2-.2-.3-.4-.3-.7s.1-.5.3-.7l4.6-4.6c.1-.1.2-.2.3-.2.1 0 .2-.1.4-.1.1 0 .3 0 .4.1.1 0 .2.1.3.2l4.6 4.6c.2.2.3.4.3.7s-.1.5-.3.7c-.2.2-.4.3-.7.3s-.5-.1-.7-.3L12 10.8l-3.9 3.9c-.2.2-.4.3-.7.3s-.5-.1-.7-.3z\" fill=\"currentColor\" \/><\/svg><\/span>\n\t\t\t\t<\/button>\n\t\t\t<\/h2>\n\t\t\t<div class=\"t2-accordion-item__inner-container is-layout-flow\" id=\"accordion-panel-1\" aria-labelledby=\"seniortilbud\" role=\"region\" hidden>\n\t\t\t\t\n\n<p>Er du senior og glad i sang? Vi har kor\u00f8velser hver tirsdag. Vi har ogs\u00e5 ukentlig middagstilbud i Pasvik. <a href=\"https:\/\/kirkensbymisjon.no\/tilbud-kafe-kirkenes\/finn-oss\">Ta kontakt med oss<\/a> om du vil vite mer!<\/p>\n\n\n\t\t\t<\/div>\n\t\t<\/div>\n\n<div class=\"t2-accordion-item wp-block-t2-accordion-item\" role=\"listitem\">\n\t\t\t<h2 class=\"t2-accordion-title\">\n\t\t\t\t<button type=\"button\" class=\"t2-accordion-trigger\" id=\"tilbud-for-barn,-ungdom-og-familier\" aria-controls=\"accordion-panel-2\" aria-expanded=\"false\">\n\t\t\t\t\tTilbud for barn, ungdom og familier\n\t\t\t\t\t<span class=\"t2-accordion-icon is-closed-icon\"><svg xmlns=\"http:\/\/www.w3.org\/2000\/svg\" viewBox=\"0 0 24 24\" height=\"24\" width=\"24\" class=\"t2-icon t2-icon-plus\" aria-hidden=\"true\" focusable=\"false\"><path d=\"M11.8 5.037a1.088 1.088 0 0 0-.722.566c-.075.148-.078.25-.078 2.772v2.619l-2.61.016c-1.867.012-2.652.03-2.756.064-.168.055-.438.301-.54.494-.049.092-.07.223-.07.432 0 .34.054.476.282.704.289.289.14.275 3.064.288l2.63.012v2.619c0 2.544.002 2.625.08 2.778.191.372.516.577.92.577s.729-.205.92-.577c.078-.153.08-.234.08-2.778v-2.619l2.63-.012c2.924-.013 2.775.001 3.064-.288.228-.228.282-.364.282-.704 0-.209-.021-.34-.07-.432-.102-.193-.372-.439-.54-.494-.104-.034-.889-.052-2.756-.064L13 10.994V8.375c0-2.522-.003-2.624-.078-2.772-.214-.418-.685-.656-1.122-.566\"\/><\/svg><\/span>\n\t\t\t\t\t<span class=\"t2-accordion-icon is-open-icon\"><svg xmlns=\"http:\/\/www.w3.org\/2000\/svg\" viewBox=\"0 0 24 24\" height=\"24\" width=\"24\" class=\"t2-icon t2-icon-chevronup\" aria-hidden=\"true\" focusable=\"false\"><path d=\"M6.7 14.7c-.2-.2-.3-.4-.3-.7s.1-.5.3-.7l4.6-4.6c.1-.1.2-.2.3-.2.1 0 .2-.1.4-.1.1 0 .3 0 .4.1.1 0 .2.1.3.2l4.6 4.6c.2.2.3.4.3.7s-.1.5-.3.7c-.2.2-.4.3-.7.3s-.5-.1-.7-.3L12 10.8l-3.9 3.9c-.2.2-.4.3-.7.3s-.5-.1-.7-.3z\" fill=\"currentColor\" \/><\/svg><\/span>\n\t\t\t\t<\/button>\n\t\t\t<\/h2>\n\t\t\t<div class=\"t2-accordion-item__inner-container is-layout-flow\" id=\"accordion-panel-2\" aria-labelledby=\"tilbud-for-barn,-ungdom-og-familier\" role=\"region\" hidden>\n\t\t\t\t\n\n<p>Vi har flere aktiviteter og sosiale arrangementer for barn, ungdom og familier.<\/p>\n\n\n\n<p>I Pasvik har vi for eksempel <a href=\"https:\/\/kirkensbymisjon.no\/tilbud-frivilligsentralen-pasvik\/#h-vare-aktiviteter\">aktiviteter<\/a>&nbsp;som babytreff og ungdomsklubb, mens vi i S\u00f8r-Varanger har <a href=\"https:\/\/kirkensbymisjon.no\/tilbud-frivilligsentralen-sor-varanger\/#h-vare-aktiviteter\">aktiviteter<\/a>&nbsp;som familie- og babytreff og \u00e5pen m\u00f8teplass for mental helse. <\/p>\n\n\n\n<p><a href=\"https:\/\/kirkensbymisjon.no\/tilbud-kafe-kirkenes\/finn-oss\">Ta kontakt med oss<\/a> for mer informasjon.<\/p>\n\n\n\t\t\t<\/div>\n\t\t<\/div>\n\n<div class=\"t2-accordion-item wp-block-t2-accordion-item\" role=\"listitem\">\n\t\t\t<h2 class=\"t2-accordion-title\">\n\t\t\t\t<button type=\"button\" class=\"t2-accordion-trigger\" id=\"lavterskel-samtaletilbud\" aria-controls=\"accordion-panel-3\" aria-expanded=\"false\">\n\t\t\t\t\tLavterskel samtaletilbud\n\t\t\t\t\t<span class=\"t2-accordion-icon is-closed-icon\"><svg xmlns=\"http:\/\/www.w3.org\/2000\/svg\" viewBox=\"0 0 24 24\" height=\"24\" width=\"24\" class=\"t2-icon t2-icon-plus\" aria-hidden=\"true\" focusable=\"false\"><path d=\"M11.8 5.037a1.088 1.088 0 0 0-.722.566c-.075.148-.078.25-.078 2.772v2.619l-2.61.016c-1.867.012-2.652.03-2.756.064-.168.055-.438.301-.54.494-.049.092-.07.223-.07.432 0 .34.054.476.282.704.289.289.14.275 3.064.288l2.63.012v2.619c0 2.544.002 2.625.08 2.778.191.372.516.577.92.577s.729-.205.92-.577c.078-.153.08-.234.08-2.778v-2.619l2.63-.012c2.924-.013 2.775.001 3.064-.288.228-.228.282-.364.282-.704 0-.209-.021-.34-.07-.432-.102-.193-.372-.439-.54-.494-.104-.034-.889-.052-2.756-.064L13 10.994V8.375c0-2.522-.003-2.624-.078-2.772-.214-.418-.685-.656-1.122-.566\"\/><\/svg><\/span>\n\t\t\t\t\t<span class=\"t2-accordion-icon is-open-icon\"><svg xmlns=\"http:\/\/www.w3.org\/2000\/svg\" viewBox=\"0 0 24 24\" height=\"24\" width=\"24\" class=\"t2-icon t2-icon-chevronup\" aria-hidden=\"true\" focusable=\"false\"><path d=\"M6.7 14.7c-.2-.2-.3-.4-.3-.7s.1-.5.3-.7l4.6-4.6c.1-.1.2-.2.3-.2.1 0 .2-.1.4-.1.1 0 .3 0 .4.1.1 0 .2.1.3.2l4.6 4.6c.2.2.3.4.3.7s-.1.5-.3.7c-.2.2-.4.3-.7.3s-.5-.1-.7-.3L12 10.8l-3.9 3.9c-.2.2-.4.3-.7.3s-.5-.1-.7-.3z\" fill=\"currentColor\" \/><\/svg><\/span>\n\t\t\t\t<\/button>\n\t\t\t<\/h2>\n\t\t\t<div class=\"t2-accordion-item__inner-container is-layout-flow\" id=\"accordion-panel-3\" aria-labelledby=\"lavterskel-samtaletilbud\" role=\"region\" hidden>\n\t\t\t\t\n\n<p>Vi har et lavterskel samtaletilbud for alle som \u00f8nsker. <a href=\"https:\/\/kirkensbymisjon.no\/tilbud-kafe-kirkenes\/finn-oss\">Ta kontakt<\/a> med oss for mer informasjon. Du kan ogs\u00e5 sende en e-post til <a href=\"mailto:post@bymisjonfinnmark.no\">post@bymisjonfinnmark.no<\/a>. <\/p>\n\n\n\n<p>V\u00e5re veiledere har oppl\u00e6ring i styrkende samtaler.<\/p>\n\n\n\t\t\t<\/div>\n\t\t<\/div>\n\n<div class=\"t2-accordion-item wp-block-t2-accordion-item\" role=\"listitem\">\n\t\t\t<h2 class=\"t2-accordion-title\">\n\t\t\t\t<button type=\"button\" class=\"t2-accordion-trigger\" id=\"samtaletilbud-i-fengsel\" aria-controls=\"accordion-panel-4\" aria-expanded=\"false\">\n\t\t\t\t\tSamtaletilbud i fengsel\n\t\t\t\t\t<span class=\"t2-accordion-icon is-closed-icon\"><svg xmlns=\"http:\/\/www.w3.org\/2000\/svg\" viewBox=\"0 0 24 24\" height=\"24\" width=\"24\" class=\"t2-icon t2-icon-plus\" aria-hidden=\"true\" focusable=\"false\"><path d=\"M11.8 5.037a1.088 1.088 0 0 0-.722.566c-.075.148-.078.25-.078 2.772v2.619l-2.61.016c-1.867.012-2.652.03-2.756.064-.168.055-.438.301-.54.494-.049.092-.07.223-.07.432 0 .34.054.476.282.704.289.289.14.275 3.064.288l2.63.012v2.619c0 2.544.002 2.625.08 2.778.191.372.516.577.92.577s.729-.205.92-.577c.078-.153.08-.234.08-2.778v-2.619l2.63-.012c2.924-.013 2.775.001 3.064-.288.228-.228.282-.364.282-.704 0-.209-.021-.34-.07-.432-.102-.193-.372-.439-.54-.494-.104-.034-.889-.052-2.756-.064L13 10.994V8.375c0-2.522-.003-2.624-.078-2.772-.214-.418-.685-.656-1.122-.566\"\/><\/svg><\/span>\n\t\t\t\t\t<span class=\"t2-accordion-icon is-open-icon\"><svg xmlns=\"http:\/\/www.w3.org\/2000\/svg\" viewBox=\"0 0 24 24\" height=\"24\" width=\"24\" class=\"t2-icon t2-icon-chevronup\" aria-hidden=\"true\" focusable=\"false\"><path d=\"M6.7 14.7c-.2-.2-.3-.4-.3-.7s.1-.5.3-.7l4.6-4.6c.1-.1.2-.2.3-.2.1 0 .2-.1.4-.1.1 0 .3 0 .4.1.1 0 .2.1.3.2l4.6 4.6c.2.2.3.4.3.7s-.1.5-.3.7c-.2.2-.4.3-.7.3s-.5-.1-.7-.3L12 10.8l-3.9 3.9c-.2.2-.4.3-.7.3s-.5-.1-.7-.3z\" fill=\"currentColor\" \/><\/svg><\/span>\n\t\t\t\t<\/button>\n\t\t\t<\/h2>\n\t\t\t<div class=\"t2-accordion-item__inner-container is-layout-flow\" id=\"accordion-panel-4\" aria-labelledby=\"samtaletilbud-i-fengsel\" role=\"region\" hidden>\n\t\t\t\t\n\n<p>Vi tilbyr&nbsp;samtaler i Vads\u00f8 fengsel, og for p\u00e5r\u00f8rende av dem som soner i Vads\u00f8 fengsel, ogs\u00e5 for barn og unge. <a href=\"https:\/\/kirkensbymisjon.no\/tilbud-kafe-kirkenes\/finn-oss\">Ta kontakt<\/a> for mer informasjon. Du kan ogs\u00e5 sende en e-post til <a href=\"mailto:post@bymisjonfinnmark.no\">post@bymisjonfinnmark.no<\/a>. <\/p>\n\n\n\n<p>V\u00e5re veiledere har oppl\u00e6ring i styrkende samtaler.<\/p>\n\n\n\t\t\t<\/div>\n\t\t<\/div>\n\n<div class=\"t2-accordion-item wp-block-t2-accordion-item\" role=\"listitem\">\n\t\t\t<h2 class=\"t2-accordion-title\">\n\t\t\t\t<button type=\"button\" class=\"t2-accordion-trigger\" id=\"utl\u00e5n-av-sport-og-fritidsutstyr\" aria-controls=\"accordion-panel-5\" aria-expanded=\"false\">\n\t\t\t\t\tUtl\u00e5n av sport- og fritidsutstyr\n\t\t\t\t\t<span class=\"t2-accordion-icon is-closed-icon\"><svg xmlns=\"http:\/\/www.w3.org\/2000\/svg\" viewBox=\"0 0 24 24\" height=\"24\" width=\"24\" class=\"t2-icon t2-icon-plus\" aria-hidden=\"true\" focusable=\"false\"><path d=\"M11.8 5.037a1.088 1.088 0 0 0-.722.566c-.075.148-.078.25-.078 2.772v2.619l-2.61.016c-1.867.012-2.652.03-2.756.064-.168.055-.438.301-.54.494-.049.092-.07.223-.07.432 0 .34.054.476.282.704.289.289.14.275 3.064.288l2.63.012v2.619c0 2.544.002 2.625.08 2.778.191.372.516.577.92.577s.729-.205.92-.577c.078-.153.08-.234.08-2.778v-2.619l2.63-.012c2.924-.013 2.775.001 3.064-.288.228-.228.282-.364.282-.704 0-.209-.021-.34-.07-.432-.102-.193-.372-.439-.54-.494-.104-.034-.889-.052-2.756-.064L13 10.994V8.375c0-2.522-.003-2.624-.078-2.772-.214-.418-.685-.656-1.122-.566\"\/><\/svg><\/span>\n\t\t\t\t\t<span class=\"t2-accordion-icon is-open-icon\"><svg xmlns=\"http:\/\/www.w3.org\/2000\/svg\" viewBox=\"0 0 24 24\" height=\"24\" width=\"24\" class=\"t2-icon t2-icon-chevronup\" aria-hidden=\"true\" focusable=\"false\"><path d=\"M6.7 14.7c-.2-.2-.3-.4-.3-.7s.1-.5.3-.7l4.6-4.6c.1-.1.2-.2.3-.2.1 0 .2-.1.4-.1.1 0 .3 0 .4.1.1 0 .2.1.3.2l4.6 4.6c.2.2.3.4.3.7s-.1.5-.3.7c-.2.2-.4.3-.7.3s-.5-.1-.7-.3L12 10.8l-3.9 3.9c-.2.2-.4.3-.7.3s-.5-.1-.7-.3z\" fill=\"currentColor\" \/><\/svg><\/span>\n\t\t\t\t<\/button>\n\t\t\t<\/h2>\n\t\t\t<div class=\"t2-accordion-item__inner-container is-layout-flow\" id=\"accordion-panel-5\" aria-labelledby=\"utl\u00e5n-av-sport-og-fritidsutstyr\" role=\"region\" hidden>\n\t\t\t\t\n\n<p><strong>Vi l\u00e5ner ut gratis sports- og fritidsutstyr til alle som trenger det! <\/strong><\/p>\n\n\n\n<p>Ved v\u00e5rt tilbud kan <strong>alle aldersgrupper<\/strong> l\u00e5ne gratis sport- og fritidsutstyr! Vi har utstyr som passer for alle \u00e5rstider. Her kan du l\u00e5ne alt fra snowboard, sk\u00f8yter og slal\u00e5m-utstyr til volleyball, telt og fiskestenger!<\/p>\n\n\n\n<p>Du finner oss p\u00e5 Samfundshuset i Kirkenes og p\u00e5 Sandnes i alpinBua, l\u00e5neordningen vi bruker finner du p\u00e5 <a href=\"https:\/\/www.bua.no\/\">BUA.no<\/a>.<\/p>\n\n\n\n<p><a href=\"https:\/\/kirkensbymisjon.no\/tilbud-frivilligsentralen-sor-varanger\/#BUA\">Les mer om v\u00e5rt utl\u00e5nstilbud i Kirkenes<\/a>.<\/p>\n\n\n\t\t\t<\/div>\n\t\t<\/div>\n\n<div class=\"t2-accordion-item wp-block-t2-accordion-item\" role=\"listitem\">\n\t\t\t<h2 class=\"t2-accordion-title\">\n\t\t\t\t<button type=\"button\" class=\"t2-accordion-trigger\" id=\"tur-og-kultur\" aria-controls=\"accordion-panel-6\" aria-expanded=\"false\">\n\t\t\t\t\tTur og kultur\n\t\t\t\t\t<span class=\"t2-accordion-icon is-closed-icon\"><svg xmlns=\"http:\/\/www.w3.org\/2000\/svg\" viewBox=\"0 0 24 24\" height=\"24\" width=\"24\" class=\"t2-icon t2-icon-plus\" aria-hidden=\"true\" focusable=\"false\"><path d=\"M11.8 5.037a1.088 1.088 0 0 0-.722.566c-.075.148-.078.25-.078 2.772v2.619l-2.61.016c-1.867.012-2.652.03-2.756.064-.168.055-.438.301-.54.494-.049.092-.07.223-.07.432 0 .34.054.476.282.704.289.289.14.275 3.064.288l2.63.012v2.619c0 2.544.002 2.625.08 2.778.191.372.516.577.92.577s.729-.205.92-.577c.078-.153.08-.234.08-2.778v-2.619l2.63-.012c2.924-.013 2.775.001 3.064-.288.228-.228.282-.364.282-.704 0-.209-.021-.34-.07-.432-.102-.193-.372-.439-.54-.494-.104-.034-.889-.052-2.756-.064L13 10.994V8.375c0-2.522-.003-2.624-.078-2.772-.214-.418-.685-.656-1.122-.566\"\/><\/svg><\/span>\n\t\t\t\t\t<span class=\"t2-accordion-icon is-open-icon\"><svg xmlns=\"http:\/\/www.w3.org\/2000\/svg\" viewBox=\"0 0 24 24\" height=\"24\" width=\"24\" class=\"t2-icon t2-icon-chevronup\" aria-hidden=\"true\" focusable=\"false\"><path d=\"M6.7 14.7c-.2-.2-.3-.4-.3-.7s.1-.5.3-.7l4.6-4.6c.1-.1.2-.2.3-.2.1 0 .2-.1.4-.1.1 0 .3 0 .4.1.1 0 .2.1.3.2l4.6 4.6c.2.2.3.4.3.7s-.1.5-.3.7c-.2.2-.4.3-.7.3s-.5-.1-.7-.3L12 10.8l-3.9 3.9c-.2.2-.4.3-.7.3s-.5-.1-.7-.3z\" fill=\"currentColor\" \/><\/svg><\/span>\n\t\t\t\t<\/button>\n\t\t\t<\/h2>\n\t\t\t<div class=\"t2-accordion-item__inner-container is-layout-flow\" id=\"accordion-panel-6\" aria-labelledby=\"tur-og-kultur\" role=\"region\" hidden>\n\t\t\t\t\n\n<p><a href=\"https:\/\/www.facebook.com\/kirkensbymisjonsorvaranger\">F\u00f8lg oss p\u00e5 sosiale medier<\/a> eller stikk innom oss for \u00e5 f\u00e5 informasjon om tur og kulturarrangementer i v\u00e5r regi.<\/p>\n\n\n\t\t\t<\/div>\n\t\t<\/div>\n\n<div class=\"t2-accordion-item wp-block-t2-accordion-item\" role=\"listitem\">\n\t\t\t<h2 class=\"t2-accordion-title\">\n\t\t\t\t<button type=\"button\" class=\"t2-accordion-trigger\" id=\"lavterskel-m\u00f8teplass-og-kaf\u00e9\" aria-controls=\"accordion-panel-7\" aria-expanded=\"false\">\n\t\t\t\t\tLavterskel m\u00f8teplass og kaf\u00e9\n\t\t\t\t\t<span class=\"t2-accordion-icon is-closed-icon\"><svg xmlns=\"http:\/\/www.w3.org\/2000\/svg\" viewBox=\"0 0 24 24\" height=\"24\" width=\"24\" class=\"t2-icon t2-icon-plus\" aria-hidden=\"true\" focusable=\"false\"><path d=\"M11.8 5.037a1.088 1.088 0 0 0-.722.566c-.075.148-.078.25-.078 2.772v2.619l-2.61.016c-1.867.012-2.652.03-2.756.064-.168.055-.438.301-.54.494-.049.092-.07.223-.07.432 0 .34.054.476.282.704.289.289.14.275 3.064.288l2.63.012v2.619c0 2.544.002 2.625.08 2.778.191.372.516.577.92.577s.729-.205.92-.577c.078-.153.08-.234.08-2.778v-2.619l2.63-.012c2.924-.013 2.775.001 3.064-.288.228-.228.282-.364.282-.704 0-.209-.021-.34-.07-.432-.102-.193-.372-.439-.54-.494-.104-.034-.889-.052-2.756-.064L13 10.994V8.375c0-2.522-.003-2.624-.078-2.772-.214-.418-.685-.656-1.122-.566\"\/><\/svg><\/span>\n\t\t\t\t\t<span class=\"t2-accordion-icon is-open-icon\"><svg xmlns=\"http:\/\/www.w3.org\/2000\/svg\" viewBox=\"0 0 24 24\" height=\"24\" width=\"24\" class=\"t2-icon t2-icon-chevronup\" aria-hidden=\"true\" focusable=\"false\"><path d=\"M6.7 14.7c-.2-.2-.3-.4-.3-.7s.1-.5.3-.7l4.6-4.6c.1-.1.2-.2.3-.2.1 0 .2-.1.4-.1.1 0 .3 0 .4.1.1 0 .2.1.3.2l4.6 4.6c.2.2.3.4.3.7s-.1.5-.3.7c-.2.2-.4.3-.7.3s-.5-.1-.7-.3L12 10.8l-3.9 3.9c-.2.2-.4.3-.7.3s-.5-.1-.7-.3z\" fill=\"currentColor\" \/><\/svg><\/span>\n\t\t\t\t<\/button>\n\t\t\t<\/h2>\n\t\t\t<div class=\"t2-accordion-item__inner-container is-layout-flow\" id=\"accordion-panel-7\" aria-labelledby=\"lavterskel-m\u00f8teplass-og-kaf\u00e9\" role=\"region\" hidden>\n\t\t\t\t\n\n<p>Kom innom v\u00e5re \u00e5pne m\u00f8teplasser p\u00e5 kaffe og noe \u00e5 bite i. Hos oss er det rom for alle, god stemning og hyggelige omgivelser.<\/p>\n\n\n\n<p>Les mer om v\u00e5re m\u00f8teplasser i <a href=\"https:\/\/kirkensbymisjon.no\/tilbud-frivilligsentralen-pasvik\/#h-vare-aktiviteter\">Pasvik <\/a>og <a href=\"https:\/\/kirkensbymisjon.no\/tilbud-frivilligsentralen-sor-varanger\/#h-vare-aktiviteter\">S\u00f8r-Varanger<\/a>.<\/p>\n\n\n\n<p><a href=\"https:\/\/kirkensbymisjon.no\/tilbud-kafe-kirkenes\/finn-oss\">Ta kontakt<\/a> dersom du lurer p\u00e5 noe, eller dersom du \u00f8nsker mer informasjon om hva som skjer n\u00e6r deg!<\/p>\n\n\n\n<p><strong>Verdier<\/strong><br>Hos oss gjelder \u00ab<strong>Rom for alle<\/strong>\u00bb. Vi samles om det vi har felles, og diskriminering aksepteres ikke.<\/p>\n\n\n\t\t\t<\/div>\n\t\t<\/div>\n<\/div>\n\n\n<div class=\"wp-block-media-text alignwide is-stacked-on-mobile is-style-filled\"><figure class=\"wp-block-media-text__media\"><img loading=\"lazy\" decoding=\"async\" width=\"768\" height=\"1024\" src=\"https:\/\/kirkensbymisjon.no\/content\/uploads\/sites\/170\/2026\/03\/Tilbud_Kirkenes_06-768x1024.jpg\" alt=\"\" class=\"wp-image-61 size-full\" srcset=\"https:\/\/kirkensbymisjon.no\/content\/uploads\/sites\/170\/2026\/03\/Tilbud_Kirkenes_06-768x1024.jpg 768w, https:\/\/kirkensbymisjon.no\/content\/uploads\/sites\/170\/2026\/03\/Tilbud_Kirkenes_06-225x300.jpg 225w, https:\/\/kirkensbymisjon.no\/content\/uploads\/sites\/170\/2026\/03\/Tilbud_Kirkenes_06-1152x1536.jpg 1152w, https:\/\/kirkensbymisjon.no\/content\/uploads\/sites\/170\/2026\/03\/Tilbud_Kirkenes_06.jpg 1200w\" sizes=\"auto, (max-width: 768px) 100vw, 768px\" \/><\/figure><div class=\"wp-block-media-text__content\">\n<h2 class=\"wp-block-heading\" id=\"h-velkommen-innom\">Velkommen innom!<\/h2>\n\n\n\n<p>Kirkens Bymisjon driver tilbudet <a href=\"https:\/\/kirkensbymisjon.no\/tilbud-skattkammeret\/\">Skattkammeret <\/a>over hele landet. I Kirkenes kan <strong>alle aldersgrupper<\/strong> l\u00e5ne gratis sport- og fritidsutstyr! Vi har utstyr som passer for alle \u00e5rstider. Her kan du l\u00e5ne alt fra snowboard, sk\u00f8yter og slal\u00e5m-utstyr til volleyball, telt og fiskestenger.<\/p>\n\n\n\n<p>Registrer deg p\u00e5<strong> <a href=\"https:\/\/www.bua.no\/utlansordninger\/skattkammeret-kirkenes\">BUA<\/a> <\/strong>for \u00e5 l\u00e5ne utstyr. <\/p>\n\n\n\n<p><a href=\"https:\/\/kirkensbymisjon.no\/tilbud-kafe-kirkenes\/#utl%C3%A5n-av-sport-og-fritidsutstyr\"><a href=\"https:\/\/kirkensbymisjon.no\/tilbud-frivilligsentralen-sor-varanger\/#BUA\">Les mer om v\u00e5rt utl\u00e5nstilbud i Kirkenes<\/a>.<\/a><\/p>\n<\/div><\/div>\n","protected":false},"excerpt":{"rendered":"<p>Vi tilbyr mange ulike faste aktiviteter og arrangementer p\u00e5 tvers av kommuner i \u00d8st-Finnmark. Du&hellip;<\/p>\n","protected":false},"author":4,"featured_media":56,"parent":0,"menu_order":0,"comment_status":"closed","ping_status":"closed","template":"","meta":{"_relevanssi_hide_post":"","_relevanssi_hide_content":"","_relevanssi_pin_for_all":"","_relevanssi_pin_keywords":"","_relevanssi_unpin_keywords":"","_relevanssi_related_keywords":"","_relevanssi_related_include_ids":"","_relevanssi_related_exclude_ids":"","_relevanssi_related_no_append":"","_relevanssi_related_not_related":"","_relevanssi_related_posts":"1","_relevanssi_noindex_reason":"","editor_notices":[],"footnotes":""},"class_list":["post-3","page","type-page","status-publish","has-post-thumbnail","hentry"],"yoast_head":"<!-- This site is optimized with the Yoast SEO Premium plugin v27.2 (Yoast SEO v27.4) - https:\/\/yoast.com\/product\/yoast-seo-premium-wordpress\/ -->\n<title>Kirkens Bymisjon - Aktivitetstilbud, \u00d8st-Finnmark<\/title>\n<meta name=\"description\" content=\"Vi er et \u00e5pent og inkluderende fellesskap med rom for alle. Hos oss kan du komme for \u00e5 f\u00e5 en kopp kaffe, eller delta i ulike aktiviteter.\" \/>\n<meta name=\"robots\" content=\"index, follow, max-snippet:-1, max-image-preview:large, max-video-preview:-1\" \/>\n<link rel=\"canonical\" href=\"https:\/\/kirkensbymisjon.no\/tilbud-kafe-kirkenes\/\" \/>\n<meta property=\"og:locale\" content=\"en_US\" \/>\n<meta property=\"og:type\" content=\"article\" \/>\n<meta property=\"og:title\" content=\"Kirkens Bymisjon - Aktivitetstilbud, \u00d8st-Finnmark\" \/>\n<meta property=\"og:description\" content=\"Vi er et \u00e5pent og inkluderende fellesskap med rom for alle. Hos oss kan du komme for \u00e5 f\u00e5 en kopp kaffe, eller delta i ulike aktiviteter.\" \/>\n<meta property=\"og:url\" content=\"https:\/\/kirkensbymisjon.no\/tilbud-kafe-kirkenes\/\" \/>\n<meta property=\"og:site_name\" content=\"Aktivitetstilbud, \u00d8st-Finnmark\" \/>\n<meta property=\"article:modified_time\" content=\"2026-03-27T13:56:48+00:00\" \/>\n<meta property=\"og:image\" content=\"https:\/\/kirkensbymisjon.no\/content\/uploads\/sites\/170\/2026\/03\/Tilbud_Kirkenes_02-scaled.jpg\" \/>\n\t<meta property=\"og:image:width\" content=\"2560\" \/>\n\t<meta property=\"og:image:height\" content=\"1707\" \/>\n\t<meta property=\"og:image:type\" content=\"image\/jpeg\" \/>\n<meta name=\"twitter:card\" content=\"summary_large_image\" \/>\n<meta name=\"twitter:title\" content=\"Forside\" \/>\n<meta name=\"twitter:label1\" content=\"Est. reading time\" \/>\n\t<meta name=\"twitter:data1\" content=\"3 minutes\" \/>\n<script type=\"application\/ld+json\" class=\"yoast-schema-graph\">{\"@context\":\"https:\\\/\\\/schema.org\",\"@graph\":[{\"@type\":\"WebPage\",\"@id\":\"https:\\\/\\\/kirkensbymisjon.no\\\/tilbud-kafe-kirkenes\\\/\",\"url\":\"https:\\\/\\\/kirkensbymisjon.no\\\/tilbud-kafe-kirkenes\\\/\",\"name\":\"Kirkens Bymisjon - Aktivitetstilbud, \u00d8st-Finnmark\",\"isPartOf\":{\"@id\":\"https:\\\/\\\/kirkensbymisjon.no\\\/tilbud-kafe-kirkenes\\\/#website\"},\"primaryImageOfPage\":{\"@id\":\"https:\\\/\\\/kirkensbymisjon.no\\\/tilbud-kafe-kirkenes\\\/#primaryimage\"},\"image\":{\"@id\":\"https:\\\/\\\/kirkensbymisjon.no\\\/tilbud-kafe-kirkenes\\\/#primaryimage\"},\"thumbnailUrl\":\"https:\\\/\\\/kirkensbymisjon.no\\\/content\\\/uploads\\\/sites\\\/170\\\/2026\\\/03\\\/Tilbud_Kirkenes_02-scaled.jpg\",\"datePublished\":\"2025-01-14T09:44:37+00:00\",\"dateModified\":\"2026-03-27T13:56:48+00:00\",\"description\":\"Vi er et \u00e5pent og inkluderende fellesskap med rom for alle. Hos oss kan du komme for \u00e5 f\u00e5 en kopp kaffe, eller delta i ulike aktiviteter.\",\"breadcrumb\":{\"@id\":\"https:\\\/\\\/kirkensbymisjon.no\\\/tilbud-kafe-kirkenes\\\/#breadcrumb\"},\"inLanguage\":\"en-US\",\"potentialAction\":[{\"@type\":\"ReadAction\",\"target\":[\"https:\\\/\\\/kirkensbymisjon.no\\\/tilbud-kafe-kirkenes\\\/\"]}]},{\"@type\":\"ImageObject\",\"inLanguage\":\"en-US\",\"@id\":\"https:\\\/\\\/kirkensbymisjon.no\\\/tilbud-kafe-kirkenes\\\/#primaryimage\",\"url\":\"https:\\\/\\\/kirkensbymisjon.no\\\/content\\\/uploads\\\/sites\\\/170\\\/2026\\\/03\\\/Tilbud_Kirkenes_02-scaled.jpg\",\"contentUrl\":\"https:\\\/\\\/kirkensbymisjon.no\\\/content\\\/uploads\\\/sites\\\/170\\\/2026\\\/03\\\/Tilbud_Kirkenes_02-scaled.jpg\",\"width\":2560,\"height\":1707},{\"@type\":\"BreadcrumbList\",\"@id\":\"https:\\\/\\\/kirkensbymisjon.no\\\/tilbud-kafe-kirkenes\\\/#breadcrumb\",\"itemListElement\":[{\"@type\":\"ListItem\",\"position\":1,\"name\":\"Hjem\",\"item\":\"https:\\\/\\\/kirkensbymisjon.no\\\/tilbud-kafe-kirkenes\\\/\"},{\"@type\":\"ListItem\",\"position\":2,\"name\":\"Forside\"}]},{\"@type\":\"WebSite\",\"@id\":\"https:\\\/\\\/kirkensbymisjon.no\\\/tilbud-kafe-kirkenes\\\/#website\",\"url\":\"https:\\\/\\\/kirkensbymisjon.no\\\/tilbud-kafe-kirkenes\\\/\",\"name\":\"Aktivitetstilbud, \u00d8st-Finnmark\",\"description\":\"\",\"potentialAction\":[{\"@type\":\"SearchAction\",\"target\":{\"@type\":\"EntryPoint\",\"urlTemplate\":\"https:\\\/\\\/kirkensbymisjon.no\\\/tilbud-kafe-kirkenes\\\/?s={search_term_string}\"},\"query-input\":{\"@type\":\"PropertyValueSpecification\",\"valueRequired\":true,\"valueName\":\"search_term_string\"}}],\"inLanguage\":\"en-US\"}]}<\/script>\n<!-- \/ Yoast SEO Premium plugin. -->","yoast_head_json":{"title":"Kirkens Bymisjon - Aktivitetstilbud, \u00d8st-Finnmark","description":"Vi er et \u00e5pent og inkluderende fellesskap med rom for alle. Hos oss kan du komme for \u00e5 f\u00e5 en kopp kaffe, eller delta i ulike aktiviteter.","robots":{"index":"index","follow":"follow","max-snippet":"max-snippet:-1","max-image-preview":"max-image-preview:large","max-video-preview":"max-video-preview:-1"},"canonical":"https:\/\/kirkensbymisjon.no\/tilbud-kafe-kirkenes\/","og_locale":"en_US","og_type":"article","og_title":"Kirkens Bymisjon - Aktivitetstilbud, \u00d8st-Finnmark","og_description":"Vi er et \u00e5pent og inkluderende fellesskap med rom for alle. Hos oss kan du komme for \u00e5 f\u00e5 en kopp kaffe, eller delta i ulike aktiviteter.","og_url":"https:\/\/kirkensbymisjon.no\/tilbud-kafe-kirkenes\/","og_site_name":"Aktivitetstilbud, \u00d8st-Finnmark","article_modified_time":"2026-03-27T13:56:48+00:00","og_image":[{"width":2560,"height":1707,"url":"https:\/\/kirkensbymisjon.no\/content\/uploads\/sites\/170\/2026\/03\/Tilbud_Kirkenes_02-scaled.jpg","type":"image\/jpeg"}],"twitter_card":"summary_large_image","twitter_title":"Forside","twitter_misc":{"Est. reading time":"3 minutes"},"schema":{"@context":"https:\/\/schema.org","@graph":[{"@type":"WebPage","@id":"https:\/\/kirkensbymisjon.no\/tilbud-kafe-kirkenes\/","url":"https:\/\/kirkensbymisjon.no\/tilbud-kafe-kirkenes\/","name":"Kirkens Bymisjon - Aktivitetstilbud, \u00d8st-Finnmark","isPartOf":{"@id":"https:\/\/kirkensbymisjon.no\/tilbud-kafe-kirkenes\/#website"},"primaryImageOfPage":{"@id":"https:\/\/kirkensbymisjon.no\/tilbud-kafe-kirkenes\/#primaryimage"},"image":{"@id":"https:\/\/kirkensbymisjon.no\/tilbud-kafe-kirkenes\/#primaryimage"},"thumbnailUrl":"https:\/\/kirkensbymisjon.no\/content\/uploads\/sites\/170\/2026\/03\/Tilbud_Kirkenes_02-scaled.jpg","datePublished":"2025-01-14T09:44:37+00:00","dateModified":"2026-03-27T13:56:48+00:00","description":"Vi er et \u00e5pent og inkluderende fellesskap med rom for alle. Hos oss kan du komme for \u00e5 f\u00e5 en kopp kaffe, eller delta i ulike aktiviteter.","breadcrumb":{"@id":"https:\/\/kirkensbymisjon.no\/tilbud-kafe-kirkenes\/#breadcrumb"},"inLanguage":"en-US","potentialAction":[{"@type":"ReadAction","target":["https:\/\/kirkensbymisjon.no\/tilbud-kafe-kirkenes\/"]}]},{"@type":"ImageObject","inLanguage":"en-US","@id":"https:\/\/kirkensbymisjon.no\/tilbud-kafe-kirkenes\/#primaryimage","url":"https:\/\/kirkensbymisjon.no\/content\/uploads\/sites\/170\/2026\/03\/Tilbud_Kirkenes_02-scaled.jpg","contentUrl":"https:\/\/kirkensbymisjon.no\/content\/uploads\/sites\/170\/2026\/03\/Tilbud_Kirkenes_02-scaled.jpg","width":2560,"height":1707},{"@type":"BreadcrumbList","@id":"https:\/\/kirkensbymisjon.no\/tilbud-kafe-kirkenes\/#breadcrumb","itemListElement":[{"@type":"ListItem","position":1,"name":"Hjem","item":"https:\/\/kirkensbymisjon.no\/tilbud-kafe-kirkenes\/"},{"@type":"ListItem","position":2,"name":"Forside"}]},{"@type":"WebSite","@id":"https:\/\/kirkensbymisjon.no\/tilbud-kafe-kirkenes\/#website","url":"https:\/\/kirkensbymisjon.no\/tilbud-kafe-kirkenes\/","name":"Aktivitetstilbud, \u00d8st-Finnmark","description":"","potentialAction":[{"@type":"SearchAction","target":{"@type":"EntryPoint","urlTemplate":"https:\/\/kirkensbymisjon.no\/tilbud-kafe-kirkenes\/?s={search_term_string}"},"query-input":{"@type":"PropertyValueSpecification","valueRequired":true,"valueName":"search_term_string"}}],"inLanguage":"en-US"}]}},"_links":{"self":[{"href":"https:\/\/kirkensbymisjon.no\/tilbud-kafe-kirkenes\/wp-json\/wp\/v2\/pages\/3","targetHints":{"allow":["GET"]}}],"collection":[{"href":"https:\/\/kirkensbymisjon.no\/tilbud-kafe-kirkenes\/wp-json\/wp\/v2\/pages"}],"about":[{"href":"https:\/\/kirkensbymisjon.no\/tilbud-kafe-kirkenes\/wp-json\/wp\/v2\/types\/page"}],"author":[{"embeddable":true,"href":"https:\/\/kirkensbymisjon.no\/tilbud-kafe-kirkenes\/wp-json\/wp\/v2\/users\/4"}],"replies":[{"embeddable":true,"href":"https:\/\/kirkensbymisjon.no\/tilbud-kafe-kirkenes\/wp-json\/wp\/v2\/comments?post=3"}],"version-history":[{"count":4,"href":"https:\/\/kirkensbymisjon.no\/tilbud-kafe-kirkenes\/wp-json\/wp\/v2\/pages\/3\/revisions"}],"predecessor-version":[{"id":93,"href":"https:\/\/kirkensbymisjon.no\/tilbud-kafe-kirkenes\/wp-json\/wp\/v2\/pages\/3\/revisions\/93"}],"wp:featuredmedia":[{"embeddable":true,"href":"https:\/\/kirkensbymisjon.no\/tilbud-kafe-kirkenes\/wp-json\/wp\/v2\/media\/56"}],"wp:attachment":[{"href":"https:\/\/kirkensbymisjon.no\/tilbud-kafe-kirkenes\/wp-json\/wp\/v2\/media?parent=3"}],"curies":[{"name":"wp","href":"https:\/\/api.w.org\/{rel}","templated":true}]}}