{"id":14,"date":"2024-07-24T12:08:50","date_gmt":"2024-07-24T10:08:50","guid":{"rendered":"https:\/\/kirkensbymisjon.no\/tilbud-kafe-saba\/?page_id=14"},"modified":"2025-02-17T12:01:53","modified_gmt":"2025-02-17T11:01:53","slug":"utleie","status":"publish","type":"page","link":"https:\/\/kirkensbymisjon.no\/tilbud-kafe-saba\/utleie\/","title":{"rendered":"Utleie"},"content":{"rendered":"\n<h2 class=\"wp-block-heading\" id=\"h-utleie-av-kafeen-og-motelokaler\">Utleie av kaf\u00e9en og m\u00f8telokaler<\/h2>\n\n\n\n<figure class=\"wp-block-image size-full\"><img loading=\"lazy\" decoding=\"async\" width=\"1000\" height=\"500\" src=\"https:\/\/kirkensbymisjon.no\/content\/uploads\/sites\/31\/2024\/08\/Tilbud_Kafe-Saba_15.jpg\" alt=\"Lokalet til Kaf\u00e9 Saba innvendig, m\u00f8terom\" class=\"wp-image-31\" srcset=\"https:\/\/kirkensbymisjon.no\/content\/uploads\/sites\/31\/2024\/08\/Tilbud_Kafe-Saba_15.jpg 1000w, https:\/\/kirkensbymisjon.no\/content\/uploads\/sites\/31\/2024\/08\/Tilbud_Kafe-Saba_15-300x150.jpg 300w, https:\/\/kirkensbymisjon.no\/content\/uploads\/sites\/31\/2024\/08\/Tilbud_Kafe-Saba_15-768x384.jpg 768w\" sizes=\"auto, (max-width: 1000px) 100vw, 1000px\" \/><\/figure>\n\n\n\n<h3 class=\"wp-block-heading\" id=\"h-sentrale-motelokaler\">Sentrale m\u00f8telokaler<\/h3>\n\n\n\n<p>Med beliggenhet p\u00e5 Gr\u00f8nland, rett i n\u00e6rheten av t-bane og gr\u00f8nne parker, er vi et ypperlig alternativ for deg som trenger \u00e5 leie et sentralt lokale. Vi leier ut m\u00f8telokaler p\u00e5 kaf\u00e9en som passer for m\u00f8ter, kurs, seminarer og andre arrangementer. Vi anbefaler maks 14 deltakere. <\/p>\n\n\n\n<h3 class=\"wp-block-heading\" id=\"h-private-arrangementer\">Private arrangementer<\/h3>\n\n\n\n<p>Vi leier ogs\u00e5 ut lokaler til private alkoholfrie arrangementer. Du f\u00e5r tilgang p\u00e5 b\u00e5de kafeen og m\u00f8terommet, med god plass til b\u00e5de lek og langbord. Bruk av selve kj\u00f8kkenet og storkj\u00f8kken-utstyr m\u00e5 avtales p\u00e5 forh\u00e5nd og krever egen avtale. Som regel er det mulig \u00e5 komme dagen f\u00f8r for \u00e5 pynte og forberede. Lokalet m\u00e5 ryddes og vaskes etter bruk.<\/p>\n\n\n\n<h3 class=\"wp-block-heading\" id=\"h-fasiliteter\">Fasiliteter<\/h3>\n\n\n\n<p>Det er mulig \u00e5 leie lokalene b\u00e5de p\u00e5 dag og kveldstid. Lokalene er lyse, luftige og ligger adskilt fra kafeen med en lydisolert skyved\u00f8r. Man kan ogs\u00e5 leie hele kafeen og m\u00f8terommet ved st\u00f8rre arrangementer. Det er store vinduer med utsikt mot parken som kan skjermes med persienner. Vi har tr\u00e5dl\u00f8st nettverk og lokalene er utstyrt med prosjektor og lerret. Kaf\u00e9en har rampe og toalett for rullestolbrukere.<\/p>\n\n\n\n<p>Du kan bestille mat og servering fra oss n\u00e5r vi har kapasitet, eller ta med egen mat. Tallerkener, bestikk, glass og kopper er tilgjengelig, samt vannkoker og kaffetrakter.<\/p>\n\n\n\n<p>Hvis ikke noe annet er avtalt, er kaf\u00e9en ubetjent i helgene, men det finnes personal p\u00e5 huset som kan kontaktes deler av dagen. Lokalleie m\u00e5 betales p\u00e5 forh\u00e5nd. Det er mulig \u00e5 betale med kort eller Vipps i kafeens \u00e5pningstid. <\/p>\n\n\n\n<h3 class=\"wp-block-heading\" id=\"h-prisliste-for-leie-av-kafe-saba\">Prisliste for leie av Kaf\u00e9 Saba<\/h3>\n\n\n<div class=\"t2-accordion wp-block-t2-accordion\" data-allow-multiple=\"1\" role=\"list\">\n<div class=\"t2-accordion-item wp-block-t2-accordion-item\" role=\"listitem\">\n\t\t\t<h2 class=\"t2-accordion-title\">\n\t\t\t\t<button type=\"button\" class=\"t2-accordion-trigger\" id=\"priser-for-leie-av-m\u00f8telokale-(m\u00f8ter,-kurs,-seminarer)\" aria-controls=\"accordion-panel\" aria-expanded=\"false\">\n\t\t\t\t\tPriser for leie av m\u00f8telokale (m\u00f8ter, kurs, seminarer)\n\t\t\t\t\t<span class=\"t2-accordion-icon is-closed-icon\"><svg xmlns=\"http:\/\/www.w3.org\/2000\/svg\" viewBox=\"0 0 24 24\" height=\"24\" width=\"24\" class=\"t2-icon t2-icon-plus\" aria-hidden=\"true\" focusable=\"false\"><path d=\"M11.8 5.037a1.088 1.088 0 0 0-.722.566c-.075.148-.078.25-.078 2.772v2.619l-2.61.016c-1.867.012-2.652.03-2.756.064-.168.055-.438.301-.54.494-.049.092-.07.223-.07.432 0 .34.054.476.282.704.289.289.14.275 3.064.288l2.63.012v2.619c0 2.544.002 2.625.08 2.778.191.372.516.577.92.577s.729-.205.92-.577c.078-.153.08-.234.08-2.778v-2.619l2.63-.012c2.924-.013 2.775.001 3.064-.288.228-.228.282-.364.282-.704 0-.209-.021-.34-.07-.432-.102-.193-.372-.439-.54-.494-.104-.034-.889-.052-2.756-.064L13 10.994V8.375c0-2.522-.003-2.624-.078-2.772-.214-.418-.685-.656-1.122-.566\"\/><\/svg><\/span>\n\t\t\t\t\t<span class=\"t2-accordion-icon is-open-icon\"><svg xmlns=\"http:\/\/www.w3.org\/2000\/svg\" viewBox=\"0 0 24 24\" height=\"24\" width=\"24\" class=\"t2-icon t2-icon-chevronup\" aria-hidden=\"true\" focusable=\"false\"><path d=\"M6.7 14.7c-.2-.2-.3-.4-.3-.7s.1-.5.3-.7l4.6-4.6c.1-.1.2-.2.3-.2.1 0 .2-.1.4-.1.1 0 .3 0 .4.1.1 0 .2.1.3.2l4.6 4.6c.2.2.3.4.3.7s-.1.5-.3.7c-.2.2-.4.3-.7.3s-.5-.1-.7-.3L12 10.8l-3.9 3.9c-.2.2-.4.3-.7.3s-.5-.1-.7-.3z\" fill=\"currentColor\" \/><\/svg><\/span>\n\t\t\t\t<\/button>\n\t\t\t<\/h2>\n\t\t\t<div class=\"t2-accordion-item__inner-container is-layout-flow\" id=\"accordion-panel\" aria-labelledby=\"priser-for-leie-av-m\u00f8telokale-(m\u00f8ter,-kurs,-seminarer)\" role=\"region\" hidden>\n\t\t\t\t\n\n<p><em>Alle priser er inkl. mva.<\/em><\/p>\n\n\n\n<p>Hel dag, kl. 09.00\u201317.00 <em><strong>\/\/  3500,-<\/strong><\/em><br>Halv dag, kl. 08.00\u201312.00 <em><strong>\/\/  2500,-<\/strong><\/em><br>Kveld, kl. 17.00\u201321.00 <em><strong>\/\/  2000,-<\/strong><\/em><\/p>\n\n\n\n<p>Lunsj kan bestilles og serveres i m\u00f8terommet eller i kaf\u00e9en. <\/p>\n\n\n\n<p><\/p>\n\n\n\t\t\t<\/div>\n\t\t<\/div>\n\n<div class=\"t2-accordion-item wp-block-t2-accordion-item\" role=\"listitem\">\n\t\t\t<h2 class=\"t2-accordion-title\">\n\t\t\t\t<button type=\"button\" class=\"t2-accordion-trigger\" id=\"priser-leie-av-lokalet-til-private-arrangementer\" aria-controls=\"accordion-panel-1\" aria-expanded=\"false\">\n\t\t\t\t\tPriser leie av lokalet til private arrangementer\n\t\t\t\t\t<span class=\"t2-accordion-icon is-closed-icon\"><svg xmlns=\"http:\/\/www.w3.org\/2000\/svg\" viewBox=\"0 0 24 24\" height=\"24\" width=\"24\" class=\"t2-icon t2-icon-plus\" aria-hidden=\"true\" focusable=\"false\"><path d=\"M11.8 5.037a1.088 1.088 0 0 0-.722.566c-.075.148-.078.25-.078 2.772v2.619l-2.61.016c-1.867.012-2.652.03-2.756.064-.168.055-.438.301-.54.494-.049.092-.07.223-.07.432 0 .34.054.476.282.704.289.289.14.275 3.064.288l2.63.012v2.619c0 2.544.002 2.625.08 2.778.191.372.516.577.92.577s.729-.205.92-.577c.078-.153.08-.234.08-2.778v-2.619l2.63-.012c2.924-.013 2.775.001 3.064-.288.228-.228.282-.364.282-.704 0-.209-.021-.34-.07-.432-.102-.193-.372-.439-.54-.494-.104-.034-.889-.052-2.756-.064L13 10.994V8.375c0-2.522-.003-2.624-.078-2.772-.214-.418-.685-.656-1.122-.566\"\/><\/svg><\/span>\n\t\t\t\t\t<span class=\"t2-accordion-icon is-open-icon\"><svg xmlns=\"http:\/\/www.w3.org\/2000\/svg\" viewBox=\"0 0 24 24\" height=\"24\" width=\"24\" class=\"t2-icon t2-icon-chevronup\" aria-hidden=\"true\" focusable=\"false\"><path d=\"M6.7 14.7c-.2-.2-.3-.4-.3-.7s.1-.5.3-.7l4.6-4.6c.1-.1.2-.2.3-.2.1 0 .2-.1.4-.1.1 0 .3 0 .4.1.1 0 .2.1.3.2l4.6 4.6c.2.2.3.4.3.7s-.1.5-.3.7c-.2.2-.4.3-.7.3s-.5-.1-.7-.3L12 10.8l-3.9 3.9c-.2.2-.4.3-.7.3s-.5-.1-.7-.3z\" fill=\"currentColor\" \/><\/svg><\/span>\n\t\t\t\t<\/button>\n\t\t\t<\/h2>\n\t\t\t<div class=\"t2-accordion-item__inner-container is-layout-flow\" id=\"accordion-panel-1\" aria-labelledby=\"priser-leie-av-lokalet-til-private-arrangementer\" role=\"region\" hidden>\n\t\t\t\t\n\n<p>M\u00f8terom og kaf\u00e9 <em><strong>\/\/  4000,-<\/strong><\/em><br><br>Lokalet m\u00e5 ryddes og vaskes etter bruk.<br>Det er mulig \u00e5 bruke kj\u00f8kkenet til \u00e5 varme opp mat og bruke kaffetrakter.<br><br><strong><br>Barnebursdag p\u00e5 fredager?<\/strong><br>Fredager mellom kl. 16.00\u201320.00 <em><strong>\/\/  1000,-<\/strong><\/em><\/p>\n\n\n\t\t\t<\/div>\n\t\t<\/div>\n<\/div>\n\n\n<figure class=\"wp-block-image size-full\"><img loading=\"lazy\" decoding=\"async\" width=\"1440\" height=\"2160\" src=\"https:\/\/kirkensbymisjon.no\/content\/uploads\/sites\/31\/2024\/08\/Tilbud_Kafe-Saba_09.jpg\" alt=\"P\u00e5smurt hos Kaf\u00e9 Saba\" class=\"wp-image-25\" srcset=\"https:\/\/kirkensbymisjon.no\/content\/uploads\/sites\/31\/2024\/08\/Tilbud_Kafe-Saba_09.jpg 1440w, https:\/\/kirkensbymisjon.no\/content\/uploads\/sites\/31\/2024\/08\/Tilbud_Kafe-Saba_09-200x300.jpg 200w, https:\/\/kirkensbymisjon.no\/content\/uploads\/sites\/31\/2024\/08\/Tilbud_Kafe-Saba_09-683x1024.jpg 683w, https:\/\/kirkensbymisjon.no\/content\/uploads\/sites\/31\/2024\/08\/Tilbud_Kafe-Saba_09-768x1152.jpg 768w, https:\/\/kirkensbymisjon.no\/content\/uploads\/sites\/31\/2024\/08\/Tilbud_Kafe-Saba_09-1024x1536.jpg 1024w, https:\/\/kirkensbymisjon.no\/content\/uploads\/sites\/31\/2024\/08\/Tilbud_Kafe-Saba_09-1365x2048.jpg 1365w\" sizes=\"auto, (max-width: 1440px) 100vw, 1440px\" \/><\/figure>\n","protected":false},"excerpt":{"rendered":"<p>Utleie av kaf\u00e9en og m\u00f8telokaler Sentrale m\u00f8telokaler Med beliggenhet p\u00e5 Gr\u00f8nland, rett i n\u00e6rheten av&hellip;<\/p>\n","protected":false},"author":6,"featured_media":0,"parent":0,"menu_order":0,"comment_status":"closed","ping_status":"closed","template":"","meta":{"_relevanssi_hide_post":"","_relevanssi_hide_content":"","_relevanssi_pin_for_all":"","_relevanssi_pin_keywords":"","_relevanssi_unpin_keywords":"","_relevanssi_related_keywords":"","_relevanssi_related_include_ids":"","_relevanssi_related_exclude_ids":"","_relevanssi_related_no_append":"","_relevanssi_related_not_related":"","_relevanssi_related_posts":"1","_relevanssi_noindex_reason":"","editor_notices":[],"footnotes":""},"class_list":["post-14","page","type-page","status-publish","hentry"],"yoast_head":"<!-- This site is optimized with the Yoast SEO Premium plugin v27.2 (Yoast SEO v27.4) - https:\/\/yoast.com\/product\/yoast-seo-premium-wordpress\/ -->\n<title>Utleie - Kaf\u00e9 Saba<\/title>\n<meta name=\"robots\" content=\"index, follow, max-snippet:-1, max-image-preview:large, max-video-preview:-1\" \/>\n<link rel=\"canonical\" href=\"https:\/\/kirkensbymisjon.no\/tilbud-kafe-saba\/utleie\/\" \/>\n<meta property=\"og:locale\" content=\"nb_NO\" \/>\n<meta property=\"og:type\" content=\"article\" \/>\n<meta property=\"og:title\" content=\"Utleie\" \/>\n<meta property=\"og:description\" content=\"Utleie av kaf\u00e9en og m\u00f8telokaler Sentrale m\u00f8telokaler Med beliggenhet p\u00e5 Gr\u00f8nland, rett i n\u00e6rheten av&hellip;\" \/>\n<meta property=\"og:url\" content=\"https:\/\/kirkensbymisjon.no\/tilbud-kafe-saba\/utleie\/\" \/>\n<meta property=\"og:site_name\" content=\"Kaf\u00e9 Saba\" \/>\n<meta property=\"article:modified_time\" content=\"2025-02-17T11:01:53+00:00\" \/>\n<meta property=\"og:image\" content=\"https:\/\/kirkensbymisjon.no\/content\/uploads\/sites\/31\/2024\/08\/Tilbud_Kafe-Saba_15.jpg\" \/>\n\t<meta property=\"og:image:width\" content=\"1000\" \/>\n\t<meta property=\"og:image:height\" content=\"500\" \/>\n\t<meta property=\"og:image:type\" content=\"image\/jpeg\" \/>\n<meta name=\"twitter:card\" content=\"summary_large_image\" \/>\n<meta name=\"twitter:label1\" content=\"Ansl. lesetid\" \/>\n\t<meta name=\"twitter:data1\" content=\"3 minutter\" \/>\n<script type=\"application\/ld+json\" class=\"yoast-schema-graph\">{\"@context\":\"https:\\\/\\\/schema.org\",\"@graph\":[{\"@type\":\"WebPage\",\"@id\":\"https:\\\/\\\/kirkensbymisjon.no\\\/tilbud-kafe-saba\\\/utleie\\\/\",\"url\":\"https:\\\/\\\/kirkensbymisjon.no\\\/tilbud-kafe-saba\\\/utleie\\\/\",\"name\":\"Utleie - Kaf\u00e9 Saba\",\"isPartOf\":{\"@id\":\"https:\\\/\\\/kirkensbymisjon.no\\\/tilbud-kafe-saba\\\/#website\"},\"primaryImageOfPage\":{\"@id\":\"https:\\\/\\\/kirkensbymisjon.no\\\/tilbud-kafe-saba\\\/utleie\\\/#primaryimage\"},\"image\":{\"@id\":\"https:\\\/\\\/kirkensbymisjon.no\\\/tilbud-kafe-saba\\\/utleie\\\/#primaryimage\"},\"thumbnailUrl\":\"https:\\\/\\\/kirkensbymisjon.no\\\/content\\\/uploads\\\/sites\\\/31\\\/2024\\\/08\\\/Tilbud_Kafe-Saba_15.jpg\",\"datePublished\":\"2024-07-24T10:08:50+00:00\",\"dateModified\":\"2025-02-17T11:01:53+00:00\",\"breadcrumb\":{\"@id\":\"https:\\\/\\\/kirkensbymisjon.no\\\/tilbud-kafe-saba\\\/utleie\\\/#breadcrumb\"},\"inLanguage\":\"nb-NO\",\"potentialAction\":[{\"@type\":\"ReadAction\",\"target\":[\"https:\\\/\\\/kirkensbymisjon.no\\\/tilbud-kafe-saba\\\/utleie\\\/\"]}]},{\"@type\":\"ImageObject\",\"inLanguage\":\"nb-NO\",\"@id\":\"https:\\\/\\\/kirkensbymisjon.no\\\/tilbud-kafe-saba\\\/utleie\\\/#primaryimage\",\"url\":\"https:\\\/\\\/kirkensbymisjon.no\\\/content\\\/uploads\\\/sites\\\/31\\\/2024\\\/08\\\/Tilbud_Kafe-Saba_15.jpg\",\"contentUrl\":\"https:\\\/\\\/kirkensbymisjon.no\\\/content\\\/uploads\\\/sites\\\/31\\\/2024\\\/08\\\/Tilbud_Kafe-Saba_15.jpg\"},{\"@type\":\"BreadcrumbList\",\"@id\":\"https:\\\/\\\/kirkensbymisjon.no\\\/tilbud-kafe-saba\\\/utleie\\\/#breadcrumb\",\"itemListElement\":[{\"@type\":\"ListItem\",\"position\":1,\"name\":\"Hjem\",\"item\":\"https:\\\/\\\/kirkensbymisjon.no\\\/tilbud-kafe-saba\\\/\"},{\"@type\":\"ListItem\",\"position\":2,\"name\":\"Utleie\"}]},{\"@type\":\"WebSite\",\"@id\":\"https:\\\/\\\/kirkensbymisjon.no\\\/tilbud-kafe-saba\\\/#website\",\"url\":\"https:\\\/\\\/kirkensbymisjon.no\\\/tilbud-kafe-saba\\\/\",\"name\":\"Kaf\u00e9 Saba\",\"description\":\"\",\"potentialAction\":[{\"@type\":\"SearchAction\",\"target\":{\"@type\":\"EntryPoint\",\"urlTemplate\":\"https:\\\/\\\/kirkensbymisjon.no\\\/tilbud-kafe-saba\\\/?s={search_term_string}\"},\"query-input\":{\"@type\":\"PropertyValueSpecification\",\"valueRequired\":true,\"valueName\":\"search_term_string\"}}],\"inLanguage\":\"nb-NO\"}]}<\/script>\n<!-- \/ Yoast SEO Premium plugin. -->","yoast_head_json":{"title":"Utleie - Kaf\u00e9 Saba","robots":{"index":"index","follow":"follow","max-snippet":"max-snippet:-1","max-image-preview":"max-image-preview:large","max-video-preview":"max-video-preview:-1"},"canonical":"https:\/\/kirkensbymisjon.no\/tilbud-kafe-saba\/utleie\/","og_locale":"nb_NO","og_type":"article","og_title":"Utleie","og_description":"Utleie av kaf\u00e9en og m\u00f8telokaler Sentrale m\u00f8telokaler Med beliggenhet p\u00e5 Gr\u00f8nland, rett i n\u00e6rheten av&hellip;","og_url":"https:\/\/kirkensbymisjon.no\/tilbud-kafe-saba\/utleie\/","og_site_name":"Kaf\u00e9 Saba","article_modified_time":"2025-02-17T11:01:53+00:00","og_image":[{"width":1000,"height":500,"url":"https:\/\/kirkensbymisjon.no\/content\/uploads\/sites\/31\/2024\/08\/Tilbud_Kafe-Saba_15.jpg","type":"image\/jpeg"}],"twitter_card":"summary_large_image","twitter_misc":{"Ansl. lesetid":"3 minutter"},"schema":{"@context":"https:\/\/schema.org","@graph":[{"@type":"WebPage","@id":"https:\/\/kirkensbymisjon.no\/tilbud-kafe-saba\/utleie\/","url":"https:\/\/kirkensbymisjon.no\/tilbud-kafe-saba\/utleie\/","name":"Utleie - Kaf\u00e9 Saba","isPartOf":{"@id":"https:\/\/kirkensbymisjon.no\/tilbud-kafe-saba\/#website"},"primaryImageOfPage":{"@id":"https:\/\/kirkensbymisjon.no\/tilbud-kafe-saba\/utleie\/#primaryimage"},"image":{"@id":"https:\/\/kirkensbymisjon.no\/tilbud-kafe-saba\/utleie\/#primaryimage"},"thumbnailUrl":"https:\/\/kirkensbymisjon.no\/content\/uploads\/sites\/31\/2024\/08\/Tilbud_Kafe-Saba_15.jpg","datePublished":"2024-07-24T10:08:50+00:00","dateModified":"2025-02-17T11:01:53+00:00","breadcrumb":{"@id":"https:\/\/kirkensbymisjon.no\/tilbud-kafe-saba\/utleie\/#breadcrumb"},"inLanguage":"nb-NO","potentialAction":[{"@type":"ReadAction","target":["https:\/\/kirkensbymisjon.no\/tilbud-kafe-saba\/utleie\/"]}]},{"@type":"ImageObject","inLanguage":"nb-NO","@id":"https:\/\/kirkensbymisjon.no\/tilbud-kafe-saba\/utleie\/#primaryimage","url":"https:\/\/kirkensbymisjon.no\/content\/uploads\/sites\/31\/2024\/08\/Tilbud_Kafe-Saba_15.jpg","contentUrl":"https:\/\/kirkensbymisjon.no\/content\/uploads\/sites\/31\/2024\/08\/Tilbud_Kafe-Saba_15.jpg"},{"@type":"BreadcrumbList","@id":"https:\/\/kirkensbymisjon.no\/tilbud-kafe-saba\/utleie\/#breadcrumb","itemListElement":[{"@type":"ListItem","position":1,"name":"Hjem","item":"https:\/\/kirkensbymisjon.no\/tilbud-kafe-saba\/"},{"@type":"ListItem","position":2,"name":"Utleie"}]},{"@type":"WebSite","@id":"https:\/\/kirkensbymisjon.no\/tilbud-kafe-saba\/#website","url":"https:\/\/kirkensbymisjon.no\/tilbud-kafe-saba\/","name":"Kaf\u00e9 Saba","description":"","potentialAction":[{"@type":"SearchAction","target":{"@type":"EntryPoint","urlTemplate":"https:\/\/kirkensbymisjon.no\/tilbud-kafe-saba\/?s={search_term_string}"},"query-input":{"@type":"PropertyValueSpecification","valueRequired":true,"valueName":"search_term_string"}}],"inLanguage":"nb-NO"}]}},"_links":{"self":[{"href":"https:\/\/kirkensbymisjon.no\/tilbud-kafe-saba\/wp-json\/wp\/v2\/pages\/14","targetHints":{"allow":["GET"]}}],"collection":[{"href":"https:\/\/kirkensbymisjon.no\/tilbud-kafe-saba\/wp-json\/wp\/v2\/pages"}],"about":[{"href":"https:\/\/kirkensbymisjon.no\/tilbud-kafe-saba\/wp-json\/wp\/v2\/types\/page"}],"author":[{"embeddable":true,"href":"https:\/\/kirkensbymisjon.no\/tilbud-kafe-saba\/wp-json\/wp\/v2\/users\/6"}],"replies":[{"embeddable":true,"href":"https:\/\/kirkensbymisjon.no\/tilbud-kafe-saba\/wp-json\/wp\/v2\/comments?post=14"}],"version-history":[{"count":4,"href":"https:\/\/kirkensbymisjon.no\/tilbud-kafe-saba\/wp-json\/wp\/v2\/pages\/14\/revisions"}],"predecessor-version":[{"id":147,"href":"https:\/\/kirkensbymisjon.no\/tilbud-kafe-saba\/wp-json\/wp\/v2\/pages\/14\/revisions\/147"}],"wp:attachment":[{"href":"https:\/\/kirkensbymisjon.no\/tilbud-kafe-saba\/wp-json\/wp\/v2\/media?parent=14"}],"curies":[{"name":"wp","href":"https:\/\/api.w.org\/{rel}","templated":true}]}}